{"id":2209,"date":"2016-07-11T13:08:40","date_gmt":"2016-07-11T12:08:40","guid":{"rendered":"https:\/\/mkpfeffersberg.it\/banda-giovanile-piezn\/"},"modified":"2025-03-14T18:18:17","modified_gmt":"2025-03-14T17:18:17","slug":"banda-giovanile-piezn","status":"publish","type":"page","link":"https:\/\/mkpfeffersberg.it\/it\/banda-giovanile-piezn\/","title":{"rendered":"Banda giovanile &#8220;Piezn&#8221;"},"content":{"rendered":"<p><div class=\"fusion-fullwidth fullwidth-box fusion-builder-row-1 fusion-flex-container nonhundred-percent-fullwidth non-hundred-percent-height-scrolling\" style=\"--awb-background-position:left top;--awb-border-sizes-top:0px;--awb-border-sizes-bottom:0px;--awb-border-sizes-left:0px;--awb-border-sizes-right:0px;--awb-border-radius-top-left:0px;--awb-border-radius-top-right:0px;--awb-border-radius-bottom-right:0px;--awb-border-radius-bottom-left:0px;--awb-padding-top:60px;--awb-padding-right:80px;--awb-padding-bottom:60px;--awb-padding-left:80px;--awb-padding-bottom-medium:26px;--awb-padding-top-small:25px;--awb-padding-right-small:0px;--awb-padding-bottom-small:15px;--awb-padding-left-small:0px;--awb-background-color:var(--awb-color2);--awb-flex-wrap:wrap;\" ><div class=\"fusion-builder-row fusion-row fusion-flex-align-items-stretch fusion-flex-content-wrap\" style=\"max-width:93.6%;margin-left: calc(-4% \/ 2 );margin-right: calc(-4% \/ 2 );\"><div class=\"fusion-layout-column fusion_builder_column fusion-builder-column-0 fusion_builder_column_2_3 2_3 fusion-flex-column\" style=\"--awb-padding-top:0px;--awb-bg-blend:overlay;--awb-bg-size:cover;--awb-width-large:66.6666666667%;--awb-margin-top-large:0px;--awb-spacing-right-large:4.32%;--awb-margin-bottom-large:0px;--awb-spacing-left-large:2.88%;--awb-width-medium:100%;--awb-spacing-right-medium:1.92%;--awb-spacing-left-medium:1.92%;--awb-width-small:100%;--awb-spacing-right-small:1.92%;--awb-spacing-left-small:1.92%;\"><div class=\"fusion-column-wrapper fusion-flex-justify-content-flex-start fusion-content-layout-column\"><div class=\"fusion-title title fusion-title-1 fusion-sep-none fusion-title-text fusion-title-size-one\" style=\"--awb-font-size:var(--awb-typography1-font-size);\"><h1 class=\"fusion-title-heading title-heading-left fusion-responsive-typography-calculated\" style=\"font-family:var(--awb-typography1-font-family);font-weight:var(--awb-typography1-font-weight);font-style:var(--awb-typography1-font-style);margin:0;letter-spacing:var(--awb-typography1-letter-spacing);text-transform:var(--awb-typography1-text-transform);font-size:1em;--fontSize:80;line-height:var(--awb-typography1-line-height);\">Banda giovanile &#8220;Piezn&#8221;<\/h1><\/div><div class=\"fusion-text fusion-text-1\" style=\"--awb-text-color:var(--awb-color6);\"><p><em>&#8220;La cosa migliore della musica \u00e8 che unisce le persone&#8221;.<\/em><\/p>\n<\/div><div class=\"fusion-text fusion-text-2\" style=\"--awb-font-size:var(--awb-typography5-font-size);--awb-line-height:var(--awb-typography5-line-height);--awb-letter-spacing:2px;--awb-text-transform:none;--awb-text-color:var(--awb-color8);--awb-text-font-family:var(--awb-typography5-font-family);--awb-text-font-weight:var(--awb-typography5-font-weight);--awb-text-font-style:var(--awb-typography5-font-style);\"><p>Leonard Bernstein &#8211; compositore, direttore d&#8217;orchestra, pianista e insegnante di musica<\/p>\n<\/div><\/div><\/div><div class=\"fusion-layout-column fusion_builder_column fusion-builder-column-1 fusion_builder_column_1_3 1_3 fusion-flex-column\" style=\"--awb-bg-blend:overlay;--awb-bg-size:cover;--awb-width-large:33.3333333333%;--awb-margin-top-large:0px;--awb-spacing-right-large:5.76%;--awb-margin-bottom-large:0px;--awb-spacing-left-large:2.88%;--awb-width-medium:100%;--awb-spacing-right-medium:1.92%;--awb-spacing-left-medium:1.92%;--awb-width-small:100%;--awb-spacing-right-small:1.92%;--awb-spacing-left-small:1.92%;\"><div class=\"fusion-column-wrapper fusion-flex-justify-content-center fusion-content-layout-column\"><div class=\"fusion-image-element \" style=\"text-align:right;--awb-caption-title-font-family:var(--h2_typography-font-family);--awb-caption-title-font-weight:var(--h2_typography-font-weight);--awb-caption-title-font-style:var(--h2_typography-font-style);--awb-caption-title-size:var(--h2_typography-font-size);--awb-caption-title-transform:var(--h2_typography-text-transform);--awb-caption-title-line-height:var(--h2_typography-line-height);--awb-caption-title-letter-spacing:var(--h2_typography-letter-spacing);\"><span class=\" fusion-imageframe imageframe-none imageframe-1 hover-type-none fusion-animated\" data-animationType=\"fadeInUp\" data-animationDuration=\"1.8\" data-animationOffset=\"top-into-view\"><img decoding=\"async\" width=\"450\" height=\"104\" title=\"Musik verbindet mittel\" src=\"https:\/\/mkpfeffersberg.it\/wp-content\/uploads\/2024\/11\/Musik-verbindet-mittel.png\" data-orig-src=\"http:\/\/mkpfeffersberg.it\/wp-content\/uploads\/2024\/11\/Musik-verbindet-mittel.png\" alt class=\"lazyload img-responsive wp-image-1988\" srcset=\"data:image\/svg+xml,%3Csvg%20xmlns%3D%27http%3A%2F%2Fwww.w3.org%2F2000%2Fsvg%27%20width%3D%27450%27%20height%3D%27104%27%20viewBox%3D%270%200%20450%20104%27%3E%3Crect%20width%3D%27450%27%20height%3D%27104%27%20fill-opacity%3D%220%22%2F%3E%3C%2Fsvg%3E\" data-srcset=\"https:\/\/mkpfeffersberg.it\/wp-content\/uploads\/2024\/11\/Musik-verbindet-mittel-200x46.png 200w, https:\/\/mkpfeffersberg.it\/wp-content\/uploads\/2024\/11\/Musik-verbindet-mittel-400x92.png 400w, https:\/\/mkpfeffersberg.it\/wp-content\/uploads\/2024\/11\/Musik-verbindet-mittel.png 450w\" data-sizes=\"auto\" data-orig-sizes=\"(max-width: 1024px) 100vw, (max-width: 640px) 100vw, 450px\" \/><\/span><\/div><\/div><\/div><\/div><\/div><div class=\"fusion-fullwidth fullwidth-box fusion-builder-row-2 fusion-flex-container has-pattern-background has-mask-background hundred-percent-fullwidth non-hundred-percent-height-scrolling\" style=\"--awb-background-position:left top;--awb-border-sizes-top:0px;--awb-border-sizes-bottom:0px;--awb-border-sizes-left:0px;--awb-border-sizes-right:0px;--awb-border-radius-top-left:0px;--awb-border-radius-top-right:0px;--awb-border-radius-bottom-right:0px;--awb-border-radius-bottom-left:0px;--awb-padding-top:0px;--awb-padding-right:0px;--awb-padding-bottom:0px;--awb-padding-left:0px;--awb-margin-bottom:0px;--awb-flex-wrap:wrap;\" ><div class=\"fusion-builder-row fusion-row fusion-flex-align-items-flex-start fusion-flex-content-wrap\" style=\"width:104% !important;max-width:104% !important;margin-left: calc(-4% \/ 2 );margin-right: calc(-4% \/ 2 );\"><div class=\"fusion-layout-column fusion_builder_column fusion-builder-column-2 fusion_builder_column_1_2 1_2 fusion-flex-column\" style=\"--awb-bg-blend:overlay;--awb-bg-size:cover;--awb-width-large:50%;--awb-margin-top-large:0px;--awb-spacing-right-large:3.84%;--awb-margin-bottom-large:0px;--awb-spacing-left-large:3.84%;--awb-width-medium:100%;--awb-order-medium:0;--awb-spacing-right-medium:1.92%;--awb-spacing-left-medium:1.92%;--awb-width-small:100%;--awb-order-small:0;--awb-spacing-right-small:1.92%;--awb-spacing-left-small:1.92%;\" data-scroll-devices=\"small-visibility,medium-visibility,large-visibility\"><div class=\"fusion-column-wrapper fusion-column-has-shadow fusion-flex-justify-content-flex-start fusion-content-layout-column\"><div class=\"fusion-image-element \" style=\"--awb-caption-title-font-family:var(--h2_typography-font-family);--awb-caption-title-font-weight:var(--h2_typography-font-weight);--awb-caption-title-font-style:var(--h2_typography-font-style);--awb-caption-title-size:var(--h2_typography-font-size);--awb-caption-title-transform:var(--h2_typography-text-transform);--awb-caption-title-line-height:var(--h2_typography-line-height);--awb-caption-title-letter-spacing:var(--h2_typography-letter-spacing);\"><span class=\" fusion-imageframe imageframe-none imageframe-2 hover-type-none\"><img decoding=\"async\" width=\"1000\" height=\"663\" title=\"Musikkapelle Pfeffersberg &#8211; Die Piezn Einmarsch\" src=\"https:\/\/mkpfeffersberg.it\/wp-content\/uploads\/2024\/11\/Musikkapelle-Pfeffersberg-Die-Piezn-Einmarsch.jpg\" data-orig-src=\"http:\/\/mkpfeffersberg.it\/wp-content\/uploads\/2024\/11\/Musikkapelle-Pfeffersberg-Die-Piezn-Einmarsch.jpg\" alt class=\"lazyload img-responsive wp-image-1992\" srcset=\"data:image\/svg+xml,%3Csvg%20xmlns%3D%27http%3A%2F%2Fwww.w3.org%2F2000%2Fsvg%27%20width%3D%271000%27%20height%3D%27663%27%20viewBox%3D%270%200%201000%20663%27%3E%3Crect%20width%3D%271000%27%20height%3D%27663%27%20fill-opacity%3D%220%22%2F%3E%3C%2Fsvg%3E\" data-srcset=\"https:\/\/mkpfeffersberg.it\/wp-content\/uploads\/2024\/11\/Musikkapelle-Pfeffersberg-Die-Piezn-Einmarsch-200x133.jpg 200w, https:\/\/mkpfeffersberg.it\/wp-content\/uploads\/2024\/11\/Musikkapelle-Pfeffersberg-Die-Piezn-Einmarsch-400x265.jpg 400w, https:\/\/mkpfeffersberg.it\/wp-content\/uploads\/2024\/11\/Musikkapelle-Pfeffersberg-Die-Piezn-Einmarsch-600x398.jpg 600w, https:\/\/mkpfeffersberg.it\/wp-content\/uploads\/2024\/11\/Musikkapelle-Pfeffersberg-Die-Piezn-Einmarsch-800x530.jpg 800w, https:\/\/mkpfeffersberg.it\/wp-content\/uploads\/2024\/11\/Musikkapelle-Pfeffersberg-Die-Piezn-Einmarsch.jpg 1000w\" data-sizes=\"auto\" data-orig-sizes=\"(max-width: 1024px) 100vw, (max-width: 640px) 100vw, 1000px\" \/><\/span><\/div><\/div><\/div><div class=\"fusion-layout-column fusion_builder_column fusion-builder-column-3 fusion_builder_column_1_2 1_2 fusion-flex-column\" style=\"--awb-padding-right:150px;--awb-padding-right-medium:40px;--awb-padding-left-medium:40px;--awb-padding-right-small:20px;--awb-padding-left-small:25px;--awb-bg-blend:overlay;--awb-bg-size:cover;--awb-width-large:50%;--awb-margin-top-large:20px;--awb-spacing-right-large:4.224%;--awb-margin-bottom-large:0px;--awb-spacing-left-large:3.84%;--awb-width-medium:100%;--awb-order-medium:0;--awb-spacing-right-medium:1.92%;--awb-spacing-left-medium:1.92%;--awb-width-small:100%;--awb-order-small:0;--awb-margin-top-small:0px;--awb-spacing-right-small:1.92%;--awb-spacing-left-small:0%;\" data-scroll-devices=\"small-visibility,medium-visibility,large-visibility\"><div class=\"fusion-column-wrapper fusion-column-has-shadow fusion-flex-justify-content-flex-start fusion-content-layout-column\"><div class=\"fusion-text fusion-text-3\" style=\"--awb-text-color:var(--awb-color1);\"><h2 style=\"font-size: 1px; line-height: 1px; color: #ffffff;\">Banda giovanile<\/h2>\n<\/div><div class=\"fusion-text fusion-text-4\" style=\"--awb-content-alignment:left;\"><p>La nostra banda giovanile, i &#8220;Piezn&#8221;, esiste dal 2002 e attualmente conta circa 30 membri.<\/p>\n<\/div><div class=\"fusion-text fusion-text-5\" style=\"--awb-content-alignment:left;\"><p>Il nome Piezn deriva dal fatto che i giovani musicisti, noti anche come mini-musicisti, imparano a suonare gli strumenti fin da piccoli. I bambini e i giovani possono entrare a far parte dei Piezn dopo un anno di lezioni di musica.<\/p>\n<\/div><div class=\"fusion-text fusion-text-6\" style=\"--awb-content-alignment:left;\"><p>Dopo aver imparato gli strumenti presso le scuole di musica, aver passato l&#8217;esame e ottenuto il distintivo di bronzo, i giovani musicisti vengono accolti nella banda &#8211; il prerequisito per l&#8217;accettazione nella banda \u00e8 il distintivo di bronzo per giovani musicisti.<\/p>\n<\/div><div class=\"fusion-text fusion-text-7\" style=\"--awb-content-alignment:left;\"><p>La banda giovanile partecipa a diversi concerti ogni anno. <\/p>\n<p>Il momento clou \u00e8 il campo estivo annuale in baita, dove i bambini e i ragazzi trascorrono giornate musicali e soprattutto avventurose in una baita alpina. Alla fine del campo in baita, tutti i giovani musicisti presentano un grande concerto dopo una marcia creativa.<\/p>\n<\/div><\/div><\/div><\/div><\/div><div class=\"fusion-fullwidth fullwidth-box fusion-builder-row-3 fusion-flex-container has-pattern-background has-mask-background hundred-percent-fullwidth non-hundred-percent-height-scrolling\" style=\"--awb-background-position:left top;--awb-border-sizes-top:0px;--awb-border-sizes-bottom:0px;--awb-border-sizes-left:0px;--awb-border-sizes-right:0px;--awb-border-radius-top-left:0px;--awb-border-radius-top-right:0px;--awb-border-radius-bottom-right:0px;--awb-border-radius-bottom-left:0px;--awb-padding-top:0px;--awb-padding-right:0px;--awb-padding-bottom:0px;--awb-padding-left:0px;--awb-margin-bottom-small:0px;--awb-background-color:var(--awb-color1);--awb-flex-wrap:wrap;\" ><div class=\"fusion-builder-row fusion-row fusion-flex-align-items-stretch fusion-flex-content-wrap\" style=\"width:104% !important;max-width:104% !important;margin-left: calc(-4% \/ 2 );margin-right: calc(-4% \/ 2 );\"><div class=\"fusion-layout-column fusion_builder_column fusion-builder-column-4 fusion_builder_column_1_1 1_1 fusion-flex-column\" style=\"--awb-padding-bottom-small:0px;--awb-bg-size:cover;--awb-width-large:100%;--awb-margin-top-large:0px;--awb-spacing-right-large:1.92%;--awb-margin-bottom-large:0px;--awb-spacing-left-large:1.92%;--awb-width-medium:100%;--awb-order-medium:0;--awb-spacing-right-medium:1.92%;--awb-spacing-left-medium:1.92%;--awb-width-small:100%;--awb-order-small:0;--awb-spacing-right-small:1.92%;--awb-margin-bottom-small:0px;--awb-spacing-left-small:1.92%;\"><div class=\"fusion-column-wrapper fusion-column-has-shadow fusion-flex-justify-content-flex-start fusion-content-layout-column\"><div class=\"fusion-section-separator section-separator waves-opacity fusion-section-separator-1\" style=\"--awb-spacer-padding-top:inherit;--awb-svg-margin-left:1.92%;--awb-svg-margin-right:1.92%;--awb-svg-margin-left-medium:1.92%;--awb-svg-margin-right-medium:1.92%;--awb-svg-margin-left-small:1.92%;--awb-svg-margin-right-small:1.92%;--awb-divider-height:150px;--awb-spacer-height:150px;--awb-sep-font-size:0;--awb-sep-line-height:0;--awb-margin-top:0px;--awb-margin-bottom:0px;\"><div class=\"fusion-section-separator-svg\"><svg class=\"fusion-waves-opacity-candy\" xmlns=\"http:\/\/www.w3.org\/2000\/svg\" version=\"1.1\" width=\"100%\" viewBox=\"0 0 1024 216\" preserveAspectRatio=\"none\" fill=\"rgba(197,145,62,1)\"><path class=\"st0\" d=\"M1024.1 1.068c-19.4-.5-38.7-1.6-57.7-.3-206.6 15-248.5 126.6-455 143.8-184.8 15.5-285.7-60.9-464.3-41.3-16.9 1.8-32.5 4.4-47.1 7.6l.1 105.2h1024v-215z\"\/>\n\t\t\t\t\t\t\t\t\t\t<path class=\"st1\" d=\"M1024.1 20.068c-30.2-1.6-59.6-1.6-86.8.4-206.6 15.1-197.3 122.6-403.9 139.8-184.9 15.5-278.5-58.2-457.1-38.4-28.3 3.2-53.5 8.2-76.2 14.6v79.744h1024V20.068z\"\/>\n\t\t\t\t\t\t\t\t\t\t<path class=\"st2\" d=\"M1024.1 46.668c-22.2-.3-43.8.2-64.2 1.7-206.6 15-197.8 112.5-404.4 129.7-184.8 15.5-226.8-51.1-405.4-31.3-54.8 6-104.9 18.3-150 33.7v35.744h1024V46.668z\"\/>\n\t\t\t\t\t\t\t\t\t\t<path class=\"st3\" d=\"M1024.1 54.368c-4 .2-8 .4-11.9.7-206.5 15.1-227.9 124.4-434.5 141.6-184.9 15.5-226.3-41.1-404.9-21.3-64 7.2-121.9 20.8-172.7 37.9v3.044h1024V54.368z\"\/>\n\t\t\t\t\t\t\t\t\t<\/svg><\/div><div class=\"fusion-section-separator-spacer\"><div class=\"fusion-section-separator-spacer-height\"><\/div><\/div><\/div><\/div><\/div><\/div><\/div><div class=\"fusion-fullwidth fullwidth-box fusion-builder-row-4 fusion-flex-container has-pattern-background has-mask-background hundred-percent-fullwidth non-hundred-percent-height-scrolling\" style=\"--awb-background-position:left top;--awb-border-sizes-top:0px;--awb-border-sizes-bottom:0px;--awb-border-sizes-left:0px;--awb-border-sizes-right:0px;--awb-border-radius-top-left:0px;--awb-border-radius-top-right:0px;--awb-border-radius-bottom-right:0px;--awb-border-radius-bottom-left:0px;--awb-padding-top:40px;--awb-padding-right:0px;--awb-padding-bottom:0px;--awb-padding-left:0px;--awb-margin-top:0px;--awb-margin-top-small:0px;--awb-background-color:var(--awb-color6);--awb-flex-wrap:wrap;\" ><div class=\"fusion-builder-row fusion-row fusion-flex-align-items-stretch fusion-flex-content-wrap\" style=\"width:104% !important;max-width:104% !important;margin-left: calc(-4% \/ 2 );margin-right: calc(-4% \/ 2 );\"><div class=\"fusion-layout-column fusion_builder_column fusion-builder-column-5 fusion_builder_column_1_1 1_1 fusion-flex-column\" style=\"--awb-padding-bottom:0px;--awb-padding-right-medium:40px;--awb-padding-left-medium:40px;--awb-padding-right-small:20px;--awb-padding-left-small:20px;--awb-bg-size:cover;--awb-width-large:100%;--awb-margin-top-large:0px;--awb-spacing-right-large:1.92%;--awb-margin-bottom-large:0px;--awb-spacing-left-large:1.92%;--awb-width-medium:100%;--awb-order-medium:0;--awb-spacing-right-medium:1.92%;--awb-spacing-left-medium:1.92%;--awb-width-small:100%;--awb-order-small:0;--awb-spacing-right-small:1.92%;--awb-spacing-left-small:1.92%;\" data-scroll-devices=\"small-visibility,medium-visibility,large-visibility\"><div class=\"fusion-column-wrapper fusion-column-has-shadow fusion-flex-justify-content-flex-start fusion-content-layout-column\"><div class=\"fusion-text fusion-text-8 fusion-animated fusion-no-small-visibility fusion-no-medium-visibility\" style=\"--awb-font-size:var(--awb-typography1-font-size);--awb-line-height:var(--awb-typography1-line-height);--awb-letter-spacing:var(--awb-typography1-letter-spacing);--awb-text-transform:none;--awb-text-color:var(--awb-color4);--awb-margin-right:200px;--awb-margin-left:200px;--awb-text-font-family:var(--awb-typography1-font-family);--awb-text-font-weight:var(--awb-typography1-font-weight);--awb-text-font-style:var(--awb-typography1-font-style);\" data-animationType=\"fadeInDown\" data-animationDuration=\"0.8\" data-animationOffset=\"top-into-view\"><p>Crescere, rafforzarsi, modellarsi insieme<\/p>\n<\/div><div class=\"fusion-text fusion-text-9 fusion-animated fusion-no-small-visibility fusion-no-medium-visibility\" style=\"--awb-content-alignment:right;--awb-font-size:80px;--awb-line-height:0.8;--awb-letter-spacing:var(--awb-typography1-letter-spacing);--awb-text-transform:none;--awb-text-color:var(--awb-color4);--awb-margin-right:125px;--awb-text-font-family:var(--awb-typography1-font-family);--awb-text-font-weight:var(--awb-typography1-font-weight);--awb-text-font-style:var(--awb-typography1-font-style);\" data-animationType=\"fadeInUp\" data-animationDuration=\"1.2\" data-animationOffset=\"top-into-view\"><p>Lavoro con i giovani per un futuro vivace!<\/p>\n<\/div><div class=\"fusion-text fusion-text-10 sm-text-align-left fusion-animated fusion-no-large-visibility\" style=\"--awb-font-size:40px;--awb-line-height:0.8;--awb-letter-spacing:var(--awb-typography1-letter-spacing);--awb-text-transform:none;--awb-text-color:var(--awb-color4);--awb-text-font-family:var(--awb-typography1-font-family);--awb-text-font-weight:var(--awb-typography1-font-weight);--awb-text-font-style:var(--awb-typography1-font-style);\" data-animationType=\"fadeInDown\" data-animationDuration=\"0.8\" data-animationOffset=\"top-into-view\"><p>Crescere, rafforzarsi, modellarsi insieme<\/p>\n<\/div><div class=\"fusion-text fusion-text-11 fusion-animated fusion-no-large-visibility\" style=\"--awb-content-alignment:right;--awb-font-size:40px;--awb-line-height:0.8;--awb-letter-spacing:var(--awb-typography1-letter-spacing);--awb-text-transform:none;--awb-text-color:var(--awb-color4);--awb-text-font-family:var(--awb-typography1-font-family);--awb-text-font-weight:var(--awb-typography1-font-weight);--awb-text-font-style:var(--awb-typography1-font-style);\" data-animationType=\"fadeInUp\" data-animationDuration=\"1.2\" data-animationOffset=\"top-into-view\"><p>Lavoro con i giovani per un futuro vivace!<\/p>\n<\/div><\/div><\/div><div class=\"fusion-layout-column fusion_builder_column fusion-builder-column-6 fusion_builder_column_1_1 1_1 fusion-flex-column\" style=\"--awb-bg-size:cover;--awb-width-large:100%;--awb-margin-top-large:0px;--awb-spacing-right-large:1.92%;--awb-margin-bottom-large:0px;--awb-spacing-left-large:1.92%;--awb-width-medium:100%;--awb-order-medium:0;--awb-spacing-right-medium:1.92%;--awb-spacing-left-medium:1.92%;--awb-width-small:100%;--awb-order-small:0;--awb-spacing-right-small:1.92%;--awb-spacing-left-small:1.92%;\"><div class=\"fusion-column-wrapper fusion-column-has-shadow fusion-flex-justify-content-flex-start fusion-content-layout-column\"><div class=\"fusion-section-separator section-separator waves-opacity fusion-section-separator-2\" style=\"--awb-spacer-padding-top:inherit;--awb-svg-margin-left:1.92%;--awb-svg-margin-right:1.92%;--awb-svg-margin-left-medium:1.92%;--awb-svg-margin-right-medium:1.92%;--awb-svg-margin-left-small:1.92%;--awb-svg-margin-right-small:1.92%;--awb-divider-height:150px;--awb-spacer-height:150px;--awb-sep-font-size:0;--awb-sep-line-height:0;\"><div class=\"fusion-section-separator-svg\"><svg class=\"fusion-waves-opacity-candy\" xmlns=\"http:\/\/www.w3.org\/2000\/svg\" version=\"1.1\" width=\"100%\" viewBox=\"0 0 1024 216\" preserveAspectRatio=\"none\" fill=\"rgba(255,255,255,1)\"><path class=\"st0\" d=\"M0 216.068h1024l.1-105.2c-14.6-3.2-30.2-5.8-47.1-7.6-178.6-19.6-279.5 56.8-464.3 41.3-206.5-17.2-248.4-128.8-455-143.8-19-1.3-38.3-.2-57.7.3v215z\"\/>\n\t\t\t\t\t\t\t\t\t\t<path class=\"st1\" d=\"M0 20.068v196.144h1024v-79.744c-22.7-6.4-47.9-11.4-76.2-14.6-178.6-19.8-272.2 53.9-457.1 38.4-206.6-17.2-197.3-124.7-403.9-139.8-27.2-2-56.6-2-86.8-.4z\"\/>\n\t\t\t\t\t\t\t\t\t\t<path class=\"st2\" d=\"M0 216.212h1024v-35.744c-45.1-15.4-95.2-27.7-150-33.7-178.6-19.8-220.6 46.8-405.4 31.3-206.6-17.2-197.8-114.7-404.4-129.7-20.4-1.5-42-2-64.2-1.7v169.544z\"\/>\n\t\t\t\t\t\t\t\t\t\t<path class=\"st3\" d=\"M0 216.312h1024v-3.044c-50.8-17.1-108.7-30.7-172.7-37.9-178.6-19.8-220 36.8-404.9 21.3-206.6-17.2-228-126.5-434.5-141.6-3.9-.3-7.9-.5-11.9-.7v161.944z\"\/>\n\t\t\t\t\t\t\t\t\t<\/svg><\/div><div class=\"fusion-section-separator-spacer\"><div class=\"fusion-section-separator-spacer-height\"><\/div><\/div><\/div><\/div><\/div><\/div><\/div><div class=\"fusion-fullwidth fullwidth-box fusion-builder-row-5 fusion-flex-container has-pattern-background has-mask-background hundred-percent-fullwidth non-hundred-percent-height-scrolling\" style=\"--awb-background-position:left top;--awb-border-sizes-top:0px;--awb-border-sizes-bottom:0px;--awb-border-sizes-left:0px;--awb-border-sizes-right:0px;--awb-border-radius-top-left:0px;--awb-border-radius-top-right:0px;--awb-border-radius-bottom-right:0px;--awb-border-radius-bottom-left:0px;--awb-padding-top:120px;--awb-padding-right:0px;--awb-padding-bottom:30px;--awb-padding-left:0px;--awb-padding-bottom-medium:0px;--awb-padding-top-small:108px;--awb-margin-bottom:0px;--awb-margin-bottom-medium:0px;--awb-background-image:linear-gradient(180deg, var(--awb-color1) 0%,var(--awb-color4) 100%);--awb-flex-wrap:wrap;\" ><div class=\"fusion-builder-row fusion-row fusion-flex-align-items-flex-start fusion-flex-content-wrap\" style=\"width:104% !important;max-width:104% !important;margin-left: calc(-4% \/ 2 );margin-right: calc(-4% \/ 2 );\"><div class=\"fusion-layout-column fusion_builder_column fusion-builder-column-7 fusion_builder_column_1_2 1_2 fusion-flex-column\" style=\"--awb-padding-right:20px;--awb-padding-bottom:30px;--awb-padding-left:125px;--awb-padding-right-medium:40px;--awb-padding-left-medium:40px;--awb-padding-right-small:20px;--awb-padding-bottom-small:30px;--awb-padding-left-small:25px;--awb-bg-blend:overlay;--awb-bg-size:cover;--awb-width-large:50%;--awb-margin-top-large:-100px;--awb-spacing-right-large:3.84%;--awb-margin-bottom-large:0px;--awb-spacing-left-large:3.84%;--awb-width-medium:100%;--awb-order-medium:0;--awb-spacing-right-medium:1.92%;--awb-spacing-left-medium:1.92%;--awb-width-small:100%;--awb-order-small:0;--awb-spacing-right-small:1.92%;--awb-spacing-left-small:0px;\" data-scroll-devices=\"small-visibility,medium-visibility,large-visibility\"><div class=\"fusion-column-wrapper fusion-column-has-shadow fusion-flex-justify-content-flex-start fusion-content-layout-column\"><div class=\"fusion-text fusion-text-12\" style=\"--awb-font-size:1px;--awb-text-color:var(--awb-color1);\"><h2>Classe di vento Pfeffersberg<\/h2>\n<\/div><div class=\"fusion-text fusion-text-13\" style=\"--awb-content-alignment:left;\"><p>La classe di fiati di Pfeffersberg \u00e8 stata lanciata nell&#8217;autunno del 2021 dalla banda musicale di Pfeffersberg e ha iniziato a collaborare con le scuole elementari di Tils e Tsch\u00f6tsch come parte della sezione elettiva obbligatoria. Nella materia elettiva obbligatoria, gli alunni della scuola primaria ricevono lezioni di strumento da strumentisti professionisti.<\/p>\n<\/div><div class=\"fusion-text fusion-text-14\" style=\"--awb-content-alignment:left;\"><p>L&#8217;obiettivo del progetto &#8220;Classe di fiati di Pfeffersberg&#8221; \u00e8 quello di risvegliare negli alunni la gioia e il piacere della musica e di incoraggiare il loro interesse attraverso lezioni strumentali individuali e, soprattutto, facendo musica insieme.<\/p>\n<\/div><div class=\"fusion-text fusion-text-15\" style=\"--awb-content-alignment:left;\"><p>Lo sviluppo di diverse abilit\u00e0, come la capacit\u00e0 di lavorare in gruppo, la capacit\u00e0 di cooperare e la fiducia in se stessi e nel futuro, vengono rafforzate. Con questo progetto vorremmo rendere possibile tutto ci\u00f2 ai giovani musicisti, poich\u00e9 l&#8217;entusiasmo per lo sviluppo musicale e qualitativo \u00e8 di grande importanza per la sopravvivenza della band.<\/p>\n<\/div><div class=\"fusion-text fusion-text-16\" style=\"--awb-content-alignment:left;\"><p><strong>La Banda Musicale Peter Mayr Pfeffersberg desidera ringraziare la Fondazione S\u00fcdtiroler Sparkasse per il suo sostegno nella realizzazione dei progetti della classe del vento.<\/strong><\/p>\n<\/div><div class=\"fusion-image-element \" style=\"text-align:right;--awb-margin-top:-70px;--awb-caption-title-font-family:var(--h2_typography-font-family);--awb-caption-title-font-weight:var(--h2_typography-font-weight);--awb-caption-title-font-style:var(--h2_typography-font-style);--awb-caption-title-size:var(--h2_typography-font-size);--awb-caption-title-transform:var(--h2_typography-text-transform);--awb-caption-title-line-height:var(--h2_typography-line-height);--awb-caption-title-letter-spacing:var(--h2_typography-letter-spacing);\"><span class=\" fusion-imageframe imageframe-none imageframe-3 hover-type-none\"><img decoding=\"async\" width=\"300\" height=\"104\" title=\"stiftung-suedtiroler-sparkasse\" src=\"https:\/\/mkpfeffersberg.it\/wp-content\/uploads\/2024\/12\/stiftung-suedtiroler-sparkasse.png\" data-orig-src=\"http:\/\/mkpfeffersberg.it\/wp-content\/uploads\/2024\/12\/stiftung-suedtiroler-sparkasse-300x104.png\" alt class=\"lazyload img-responsive wp-image-2128\" srcset=\"data:image\/svg+xml,%3Csvg%20xmlns%3D%27http%3A%2F%2Fwww.w3.org%2F2000%2Fsvg%27%20width%3D%27640%27%20height%3D%27222%27%20viewBox%3D%270%200%20640%20222%27%3E%3Crect%20width%3D%27640%27%20height%3D%27222%27%20fill-opacity%3D%220%22%2F%3E%3C%2Fsvg%3E\" data-srcset=\"https:\/\/mkpfeffersberg.it\/wp-content\/uploads\/2024\/12\/stiftung-suedtiroler-sparkasse-200x69.png 200w, https:\/\/mkpfeffersberg.it\/wp-content\/uploads\/2024\/12\/stiftung-suedtiroler-sparkasse-400x139.png 400w, https:\/\/mkpfeffersberg.it\/wp-content\/uploads\/2024\/12\/stiftung-suedtiroler-sparkasse-600x208.png 600w, https:\/\/mkpfeffersberg.it\/wp-content\/uploads\/2024\/12\/stiftung-suedtiroler-sparkasse.png 640w\" data-sizes=\"auto\" data-orig-sizes=\"(max-width: 1024px) 100vw, (max-width: 640px) 100vw, 300px\" \/><\/span><\/div><\/div><\/div><div class=\"fusion-layout-column fusion_builder_column fusion-builder-column-8 fusion_builder_column_1_2 1_2 fusion-flex-column\" style=\"--awb-bg-blend:overlay;--awb-bg-size:cover;--awb-width-large:50%;--awb-margin-top-large:0px;--awb-spacing-right-large:3.84%;--awb-margin-bottom-large:0px;--awb-spacing-left-large:3.84%;--awb-width-medium:100%;--awb-spacing-right-medium:1.92%;--awb-spacing-left-medium:1.92%;--awb-width-small:100%;--awb-spacing-right-small:1.92%;--awb-spacing-left-small:1.92%;\"><div class=\"fusion-column-wrapper fusion-flex-justify-content-flex-start fusion-content-layout-column\"><div class=\"fusion-image-element \" style=\"--awb-caption-title-font-family:var(--h2_typography-font-family);--awb-caption-title-font-weight:var(--h2_typography-font-weight);--awb-caption-title-font-style:var(--h2_typography-font-style);--awb-caption-title-size:var(--h2_typography-font-size);--awb-caption-title-transform:var(--h2_typography-text-transform);--awb-caption-title-line-height:var(--h2_typography-line-height);--awb-caption-title-letter-spacing:var(--h2_typography-letter-spacing);\"><span class=\" fusion-imageframe imageframe-none imageframe-4 hover-type-none\"><img decoding=\"async\" width=\"1920\" height=\"1077\" title=\"Musikkapelle Pfeffersberg &#8211; Die Piezn\" src=\"https:\/\/mkpfeffersberg.it\/wp-content\/uploads\/2024\/11\/Musikkapelle-Pfeffersberg-Die-Piezn.jpg\" data-orig-src=\"http:\/\/mkpfeffersberg.it\/wp-content\/uploads\/2024\/11\/Musikkapelle-Pfeffersberg-Die-Piezn.jpg\" alt class=\"lazyload img-responsive wp-image-1990\" srcset=\"data:image\/svg+xml,%3Csvg%20xmlns%3D%27http%3A%2F%2Fwww.w3.org%2F2000%2Fsvg%27%20width%3D%271920%27%20height%3D%271077%27%20viewBox%3D%270%200%201920%201077%27%3E%3Crect%20width%3D%271920%27%20height%3D%271077%27%20fill-opacity%3D%220%22%2F%3E%3C%2Fsvg%3E\" data-srcset=\"https:\/\/mkpfeffersberg.it\/wp-content\/uploads\/2024\/11\/Musikkapelle-Pfeffersberg-Die-Piezn-200x112.jpg 200w, https:\/\/mkpfeffersberg.it\/wp-content\/uploads\/2024\/11\/Musikkapelle-Pfeffersberg-Die-Piezn-400x224.jpg 400w, https:\/\/mkpfeffersberg.it\/wp-content\/uploads\/2024\/11\/Musikkapelle-Pfeffersberg-Die-Piezn-600x337.jpg 600w, https:\/\/mkpfeffersberg.it\/wp-content\/uploads\/2024\/11\/Musikkapelle-Pfeffersberg-Die-Piezn-800x449.jpg 800w, https:\/\/mkpfeffersberg.it\/wp-content\/uploads\/2024\/11\/Musikkapelle-Pfeffersberg-Die-Piezn-1200x673.jpg 1200w, https:\/\/mkpfeffersberg.it\/wp-content\/uploads\/2024\/11\/Musikkapelle-Pfeffersberg-Die-Piezn.jpg 1920w\" data-sizes=\"auto\" data-orig-sizes=\"(max-width: 1024px) 100vw, (max-width: 640px) 100vw, 1200px\" \/><\/span><\/div><\/div><\/div><div class=\"fusion-layout-column fusion_builder_column fusion-builder-column-9 fusion_builder_column_1_1 1_1 fusion-flex-column\" style=\"--awb-bg-size:cover;--awb-width-large:100%;--awb-margin-top-large:0px;--awb-spacing-right-large:1.92%;--awb-margin-bottom-large:0px;--awb-spacing-left-large:1.92%;--awb-width-medium:100%;--awb-order-medium:0;--awb-spacing-right-medium:1.92%;--awb-spacing-left-medium:1.92%;--awb-width-small:100%;--awb-order-small:0;--awb-spacing-right-small:1.92%;--awb-spacing-left-small:1.92%;\"><div class=\"fusion-column-wrapper fusion-column-has-shadow fusion-flex-justify-content-flex-start fusion-content-layout-column\"><\/div><\/div><\/div><\/div><\/p>\n","protected":false},"excerpt":{"rendered":"","protected":false},"author":1,"featured_media":0,"parent":0,"menu_order":0,"comment_status":"closed","ping_status":"closed","template":"100-width.php","meta":{"iawp_total_views":27,"footnotes":""},"class_list":["post-2209","page","type-page","status-publish","hentry"],"yoast_head":"<!-- This site is optimized with the Yoast SEO plugin v26.9 - https:\/\/yoast.com\/product\/yoast-seo-wordpress\/ -->\n<title>Banda giovanile &quot;Piezn&quot; \u266b Musikkapelle Peter Mayr Pfeffersberg<\/title>\n<meta name=\"description\" content=\"La nostra banda giovanile, la &quot;Piezn&quot;, esiste dal 2002 e attualmente conta circa 30 membri. Leggi tutto...\" \/>\n<meta name=\"robots\" content=\"index, follow, max-snippet:-1, max-image-preview:large, max-video-preview:-1\" \/>\n<link rel=\"canonical\" href=\"https:\/\/mkpfeffersberg.it\/it\/banda-giovanile-piezn\/\" \/>\n<meta property=\"og:locale\" content=\"it_IT\" \/>\n<meta property=\"og:type\" content=\"article\" \/>\n<meta property=\"og:title\" content=\"Banda giovanile &quot;Piezn&quot; \u266b Musikkapelle Peter Mayr Pfeffersberg\" \/>\n<meta property=\"og:description\" content=\"La nostra banda giovanile, la &quot;Piezn&quot;, esiste dal 2002 e attualmente conta circa 30 membri. Leggi tutto...\" \/>\n<meta property=\"og:url\" content=\"https:\/\/mkpfeffersberg.it\/it\/banda-giovanile-piezn\/\" \/>\n<meta property=\"og:site_name\" content=\"Musikkapelle Peter Mayr Pfeffersberg\" \/>\n<meta property=\"article:publisher\" content=\"https:\/\/www.facebook.com\/MusikkapellePeterMayrPfeffersberg\/\" \/>\n<meta property=\"article:modified_time\" content=\"2025-03-14T17:18:17+00:00\" \/>\n<meta name=\"twitter:card\" content=\"summary_large_image\" \/>\n<meta name=\"twitter:label1\" content=\"Tempo di lettura stimato\" \/>\n\t<meta name=\"twitter:data1\" content=\"29 minuti\" \/>\n<script type=\"application\/ld+json\" class=\"yoast-schema-graph\">{\"@context\":\"https:\/\/schema.org\",\"@graph\":[{\"@type\":\"WebPage\",\"@id\":\"https:\/\/mkpfeffersberg.it\/it\/banda-giovanile-piezn\/\",\"url\":\"https:\/\/mkpfeffersberg.it\/it\/banda-giovanile-piezn\/\",\"name\":\"Banda giovanile \\\"Piezn\\\" \u266b Musikkapelle Peter Mayr Pfeffersberg\",\"isPartOf\":{\"@id\":\"https:\/\/mkpfeffersberg.it\/it\/#website\"},\"datePublished\":\"2016-07-11T12:08:40+00:00\",\"dateModified\":\"2025-03-14T17:18:17+00:00\",\"description\":\"La nostra banda giovanile, la \\\"Piezn\\\", esiste dal 2002 e attualmente conta circa 30 membri. Leggi tutto...\",\"breadcrumb\":{\"@id\":\"https:\/\/mkpfeffersberg.it\/it\/banda-giovanile-piezn\/#breadcrumb\"},\"inLanguage\":\"it-IT\",\"potentialAction\":[{\"@type\":\"ReadAction\",\"target\":[\"https:\/\/mkpfeffersberg.it\/it\/banda-giovanile-piezn\/\"]}]},{\"@type\":\"BreadcrumbList\",\"@id\":\"https:\/\/mkpfeffersberg.it\/it\/banda-giovanile-piezn\/#breadcrumb\",\"itemListElement\":[{\"@type\":\"ListItem\",\"position\":1,\"name\":\"Startseite\",\"item\":\"https:\/\/mkpfeffersberg.it\/it\/banda-musicale-peter-mayr-pfeffersberg\/\"},{\"@type\":\"ListItem\",\"position\":2,\"name\":\"Banda giovanile &#8220;Piezn&#8221;\"}]},{\"@type\":\"WebSite\",\"@id\":\"https:\/\/mkpfeffersberg.it\/it\/#website\",\"url\":\"https:\/\/mkpfeffersberg.it\/it\/\",\"name\":\"Musikkapelle Peter Mayr Pfeffersberg\",\"description\":\"\",\"publisher\":{\"@id\":\"https:\/\/mkpfeffersberg.it\/it\/#organization\"},\"potentialAction\":[{\"@type\":\"SearchAction\",\"target\":{\"@type\":\"EntryPoint\",\"urlTemplate\":\"https:\/\/mkpfeffersberg.it\/it\/?s={search_term_string}\"},\"query-input\":{\"@type\":\"PropertyValueSpecification\",\"valueRequired\":true,\"valueName\":\"search_term_string\"}}],\"inLanguage\":\"it-IT\"},{\"@type\":\"Organization\",\"@id\":\"https:\/\/mkpfeffersberg.it\/it\/#organization\",\"name\":\"Musikkapelle Peter Mayr Pfeffersberg\",\"url\":\"https:\/\/mkpfeffersberg.it\/it\/\",\"logo\":{\"@type\":\"ImageObject\",\"inLanguage\":\"it-IT\",\"@id\":\"https:\/\/mkpfeffersberg.it\/it\/#\/schema\/logo\/image\/\",\"url\":\"https:\/\/mkpfeffersberg.it\/wp-content\/uploads\/2024\/10\/Logo-MK-Pfeffersberg-small.png\",\"contentUrl\":\"https:\/\/mkpfeffersberg.it\/wp-content\/uploads\/2024\/10\/Logo-MK-Pfeffersberg-small.png\",\"width\":400,\"height\":296,\"caption\":\"Musikkapelle Peter Mayr Pfeffersberg\"},\"image\":{\"@id\":\"https:\/\/mkpfeffersberg.it\/it\/#\/schema\/logo\/image\/\"},\"sameAs\":[\"https:\/\/www.facebook.com\/MusikkapellePeterMayrPfeffersberg\/\",\"https:\/\/www.youtube.com\/playlist?list=PLPSQzZKdN2pOJah6TlRlTmyuWMPToh-Hs\",\"https:\/\/www.instagram.com\/mkpfeffersberg\/\"]}]}<\/script>\n<!-- \/ Yoast SEO plugin. -->","yoast_head_json":{"title":"Banda giovanile \"Piezn\" \u266b Musikkapelle Peter Mayr Pfeffersberg","description":"La nostra banda giovanile, la \"Piezn\", esiste dal 2002 e attualmente conta circa 30 membri. Leggi tutto...","robots":{"index":"index","follow":"follow","max-snippet":"max-snippet:-1","max-image-preview":"max-image-preview:large","max-video-preview":"max-video-preview:-1"},"canonical":"https:\/\/mkpfeffersberg.it\/it\/banda-giovanile-piezn\/","og_locale":"it_IT","og_type":"article","og_title":"Banda giovanile \"Piezn\" \u266b Musikkapelle Peter Mayr Pfeffersberg","og_description":"La nostra banda giovanile, la \"Piezn\", esiste dal 2002 e attualmente conta circa 30 membri. Leggi tutto...","og_url":"https:\/\/mkpfeffersberg.it\/it\/banda-giovanile-piezn\/","og_site_name":"Musikkapelle Peter Mayr Pfeffersberg","article_publisher":"https:\/\/www.facebook.com\/MusikkapellePeterMayrPfeffersberg\/","article_modified_time":"2025-03-14T17:18:17+00:00","twitter_card":"summary_large_image","twitter_misc":{"Tempo di lettura stimato":"29 minuti"},"schema":{"@context":"https:\/\/schema.org","@graph":[{"@type":"WebPage","@id":"https:\/\/mkpfeffersberg.it\/it\/banda-giovanile-piezn\/","url":"https:\/\/mkpfeffersberg.it\/it\/banda-giovanile-piezn\/","name":"Banda giovanile \"Piezn\" \u266b Musikkapelle Peter Mayr Pfeffersberg","isPartOf":{"@id":"https:\/\/mkpfeffersberg.it\/it\/#website"},"datePublished":"2016-07-11T12:08:40+00:00","dateModified":"2025-03-14T17:18:17+00:00","description":"La nostra banda giovanile, la \"Piezn\", esiste dal 2002 e attualmente conta circa 30 membri. Leggi tutto...","breadcrumb":{"@id":"https:\/\/mkpfeffersberg.it\/it\/banda-giovanile-piezn\/#breadcrumb"},"inLanguage":"it-IT","potentialAction":[{"@type":"ReadAction","target":["https:\/\/mkpfeffersberg.it\/it\/banda-giovanile-piezn\/"]}]},{"@type":"BreadcrumbList","@id":"https:\/\/mkpfeffersberg.it\/it\/banda-giovanile-piezn\/#breadcrumb","itemListElement":[{"@type":"ListItem","position":1,"name":"Startseite","item":"https:\/\/mkpfeffersberg.it\/it\/banda-musicale-peter-mayr-pfeffersberg\/"},{"@type":"ListItem","position":2,"name":"Banda giovanile &#8220;Piezn&#8221;"}]},{"@type":"WebSite","@id":"https:\/\/mkpfeffersberg.it\/it\/#website","url":"https:\/\/mkpfeffersberg.it\/it\/","name":"Musikkapelle Peter Mayr Pfeffersberg","description":"","publisher":{"@id":"https:\/\/mkpfeffersberg.it\/it\/#organization"},"potentialAction":[{"@type":"SearchAction","target":{"@type":"EntryPoint","urlTemplate":"https:\/\/mkpfeffersberg.it\/it\/?s={search_term_string}"},"query-input":{"@type":"PropertyValueSpecification","valueRequired":true,"valueName":"search_term_string"}}],"inLanguage":"it-IT"},{"@type":"Organization","@id":"https:\/\/mkpfeffersberg.it\/it\/#organization","name":"Musikkapelle Peter Mayr Pfeffersberg","url":"https:\/\/mkpfeffersberg.it\/it\/","logo":{"@type":"ImageObject","inLanguage":"it-IT","@id":"https:\/\/mkpfeffersberg.it\/it\/#\/schema\/logo\/image\/","url":"https:\/\/mkpfeffersberg.it\/wp-content\/uploads\/2024\/10\/Logo-MK-Pfeffersberg-small.png","contentUrl":"https:\/\/mkpfeffersberg.it\/wp-content\/uploads\/2024\/10\/Logo-MK-Pfeffersberg-small.png","width":400,"height":296,"caption":"Musikkapelle Peter Mayr Pfeffersberg"},"image":{"@id":"https:\/\/mkpfeffersberg.it\/it\/#\/schema\/logo\/image\/"},"sameAs":["https:\/\/www.facebook.com\/MusikkapellePeterMayrPfeffersberg\/","https:\/\/www.youtube.com\/playlist?list=PLPSQzZKdN2pOJah6TlRlTmyuWMPToh-Hs","https:\/\/www.instagram.com\/mkpfeffersberg\/"]}]}},"_links":{"self":[{"href":"https:\/\/mkpfeffersberg.it\/it\/wp-json\/wp\/v2\/pages\/2209","targetHints":{"allow":["GET"]}}],"collection":[{"href":"https:\/\/mkpfeffersberg.it\/it\/wp-json\/wp\/v2\/pages"}],"about":[{"href":"https:\/\/mkpfeffersberg.it\/it\/wp-json\/wp\/v2\/types\/page"}],"author":[{"embeddable":true,"href":"https:\/\/mkpfeffersberg.it\/it\/wp-json\/wp\/v2\/users\/1"}],"replies":[{"embeddable":true,"href":"https:\/\/mkpfeffersberg.it\/it\/wp-json\/wp\/v2\/comments?post=2209"}],"version-history":[{"count":3,"href":"https:\/\/mkpfeffersberg.it\/it\/wp-json\/wp\/v2\/pages\/2209\/revisions"}],"predecessor-version":[{"id":2456,"href":"https:\/\/mkpfeffersberg.it\/it\/wp-json\/wp\/v2\/pages\/2209\/revisions\/2456"}],"wp:attachment":[{"href":"https:\/\/mkpfeffersberg.it\/it\/wp-json\/wp\/v2\/media?parent=2209"}],"curies":[{"name":"wp","href":"https:\/\/api.w.org\/{rel}","templated":true}]}}