{"id":2242,"date":"2024-12-16T15:54:29","date_gmt":"2024-12-16T14:54:29","guid":{"rendered":"https:\/\/mkpfeffersberg.it\/ultime-notizie\/"},"modified":"2025-02-12T11:08:05","modified_gmt":"2025-02-12T10:08:05","slug":"ultime-notizie","status":"publish","type":"page","link":"https:\/\/mkpfeffersberg.it\/it\/ultime-notizie\/","title":{"rendered":"Ultime notizie"},"content":{"rendered":"<p><div class=\"fusion-fullwidth fullwidth-box fusion-builder-row-1 fusion-flex-container nonhundred-percent-fullwidth non-hundred-percent-height-scrolling\" style=\"--awb-background-position:left top;--awb-border-sizes-top:0px;--awb-border-sizes-bottom:0px;--awb-border-sizes-left:0px;--awb-border-sizes-right:0px;--awb-border-radius-top-left:0px;--awb-border-radius-top-right:0px;--awb-border-radius-bottom-right:0px;--awb-border-radius-bottom-left:0px;--awb-padding-top:60px;--awb-padding-right:80px;--awb-padding-bottom:60px;--awb-padding-left:80px;--awb-padding-bottom-medium:26px;--awb-padding-top-small:25px;--awb-padding-right-small:0px;--awb-padding-bottom-small:15px;--awb-padding-left-small:0px;--awb-background-color:var(--awb-color2);--awb-flex-wrap:wrap;\" ><div class=\"fusion-builder-row fusion-row fusion-flex-align-items-stretch fusion-flex-content-wrap\" style=\"max-width:93.6%;margin-left: calc(-4% \/ 2 );margin-right: calc(-4% \/ 2 );\"><div class=\"fusion-layout-column fusion_builder_column fusion-builder-column-0 fusion_builder_column_2_3 2_3 fusion-flex-column\" style=\"--awb-padding-top:0px;--awb-bg-blend:overlay;--awb-bg-size:cover;--awb-width-large:66.6666666667%;--awb-margin-top-large:0px;--awb-spacing-right-large:4.32%;--awb-margin-bottom-large:0px;--awb-spacing-left-large:2.88%;--awb-width-medium:100%;--awb-spacing-right-medium:1.92%;--awb-spacing-left-medium:1.92%;--awb-width-small:100%;--awb-spacing-right-small:1.92%;--awb-spacing-left-small:1.92%;\"><div class=\"fusion-column-wrapper fusion-flex-justify-content-flex-start fusion-content-layout-column\"><div class=\"fusion-title title fusion-title-1 fusion-sep-none fusion-title-text fusion-title-size-one\" style=\"--awb-font-size:var(--awb-typography1-font-size);\"><h1 class=\"fusion-title-heading title-heading-left fusion-responsive-typography-calculated\" style=\"font-family:var(--awb-typography1-font-family);font-weight:var(--awb-typography1-font-weight);font-style:var(--awb-typography1-font-style);margin:0;letter-spacing:var(--awb-typography1-letter-spacing);text-transform:var(--awb-typography1-text-transform);font-size:1em;--fontSize:80;line-height:var(--awb-typography1-line-height);\">Ultime notizie<\/h1><\/div><div class=\"fusion-text fusion-text-1\" style=\"--awb-text-color:var(--awb-color6);\"><p><em>&#8220;Senza la musica, tutto sarebbe niente&#8221;.<\/em><\/p>\n<\/div><div class=\"fusion-text fusion-text-2\" style=\"--awb-font-size:var(--awb-typography5-font-size);--awb-line-height:var(--awb-typography5-line-height);--awb-letter-spacing:2px;--awb-text-transform:none;--awb-text-color:var(--awb-color8);--awb-text-font-family:var(--awb-typography5-font-family);--awb-text-font-weight:var(--awb-typography5-font-weight);--awb-text-font-style:var(--awb-typography5-font-style);\"><p>Johann Sebastian Bach &#8211; compositore, organista e violinista<\/p>\n<\/div><\/div><\/div><div class=\"fusion-layout-column fusion_builder_column fusion-builder-column-1 fusion_builder_column_1_3 1_3 fusion-flex-column\" style=\"--awb-bg-blend:overlay;--awb-bg-size:cover;--awb-width-large:33.3333333333%;--awb-margin-top-large:0px;--awb-spacing-right-large:5.76%;--awb-margin-bottom-large:0px;--awb-spacing-left-large:2.88%;--awb-width-medium:100%;--awb-spacing-right-medium:1.92%;--awb-spacing-left-medium:1.92%;--awb-width-small:100%;--awb-spacing-right-small:1.92%;--awb-spacing-left-small:1.92%;\"><div class=\"fusion-column-wrapper fusion-flex-justify-content-center fusion-content-layout-column\"><div class=\"fusion-image-element \" style=\"text-align:right;--awb-caption-title-font-family:var(--h2_typography-font-family);--awb-caption-title-font-weight:var(--h2_typography-font-weight);--awb-caption-title-font-style:var(--h2_typography-font-style);--awb-caption-title-size:var(--h2_typography-font-size);--awb-caption-title-transform:var(--h2_typography-text-transform);--awb-caption-title-line-height:var(--h2_typography-line-height);--awb-caption-title-letter-spacing:var(--h2_typography-letter-spacing);\"><span class=\" fusion-imageframe imageframe-none imageframe-1 hover-type-none fusion-animated\" data-animationType=\"fadeInUp\" data-animationDuration=\"1.8\" data-animationOffset=\"top-into-view\"><img decoding=\"async\" width=\"150\" height=\"150\" title=\"Lyra gold rechts\" src=\"https:\/\/mkpfeffersberg.it\/wp-content\/uploads\/2024\/11\/Lyra-gold-rechts.png\" data-orig-src=\"http:\/\/mkpfeffersberg.it\/wp-content\/uploads\/2024\/11\/Lyra-gold-rechts-150x150.png\" alt class=\"lazyload img-responsive wp-image-1982\" srcset=\"data:image\/svg+xml,%3Csvg%20xmlns%3D%27http%3A%2F%2Fwww.w3.org%2F2000%2Fsvg%27%20width%3D%271000%27%20height%3D%271000%27%20viewBox%3D%270%200%201000%201000%27%3E%3Crect%20width%3D%271000%27%20height%3D%271000%27%20fill-opacity%3D%220%22%2F%3E%3C%2Fsvg%3E\" data-srcset=\"https:\/\/mkpfeffersberg.it\/wp-content\/uploads\/2024\/11\/Lyra-gold-rechts-200x200.png 200w, https:\/\/mkpfeffersberg.it\/wp-content\/uploads\/2024\/11\/Lyra-gold-rechts-400x400.png 400w, https:\/\/mkpfeffersberg.it\/wp-content\/uploads\/2024\/11\/Lyra-gold-rechts-600x600.png 600w, https:\/\/mkpfeffersberg.it\/wp-content\/uploads\/2024\/11\/Lyra-gold-rechts-800x800.png 800w, https:\/\/mkpfeffersberg.it\/wp-content\/uploads\/2024\/11\/Lyra-gold-rechts.png 1000w\" data-sizes=\"auto\" data-orig-sizes=\"(max-width: 1024px) 100vw, (max-width: 640px) 100vw, 600px\" \/><\/span><\/div><\/div><\/div><\/div><\/div><div class=\"fusion-fullwidth fullwidth-box fusion-builder-row-2 fusion-flex-container has-pattern-background has-mask-background nonhundred-percent-fullwidth non-hundred-percent-height-scrolling\" style=\"--awb-background-position:left top;--awb-border-sizes-top:0px;--awb-border-sizes-bottom:0px;--awb-border-sizes-left:0px;--awb-border-sizes-right:0px;--awb-border-radius-top-left:0px;--awb-border-radius-top-right:0px;--awb-border-radius-bottom-right:0px;--awb-border-radius-bottom-left:0px;--awb-padding-top:0px;--awb-padding-right:80px;--awb-padding-bottom:0px;--awb-padding-left:80px;--awb-padding-right-medium:0px;--awb-padding-left-medium:0px;--awb-padding-right-small:0px;--awb-padding-left-small:0px;--awb-margin-bottom:0px;--awb-flex-wrap:wrap;\" ><div class=\"fusion-builder-row fusion-row fusion-flex-align-items-flex-start fusion-flex-content-wrap\" style=\"max-width:93.6%;margin-left: calc(-4% \/ 2 );margin-right: calc(-4% \/ 2 );\"><div class=\"fusion-layout-column fusion_builder_column fusion-builder-column-2 fusion_builder_column_1_1 1_1 fusion-flex-column\" style=\"--awb-padding-right-medium:40px;--awb-padding-left-medium:40px;--awb-padding-right-small:20px;--awb-padding-left-small:25px;--awb-bg-blend:overlay;--awb-bg-size:cover;--awb-width-large:100%;--awb-margin-top-large:0px;--awb-spacing-right-large:1.92%;--awb-margin-bottom-large:0px;--awb-spacing-left-large:1.92%;--awb-width-medium:100%;--awb-order-medium:0;--awb-spacing-right-medium:1.92%;--awb-spacing-left-medium:1.92%;--awb-width-small:100%;--awb-order-small:0;--awb-margin-top-small:0px;--awb-spacing-right-small:1.92%;--awb-spacing-left-small:0%;\" data-scroll-devices=\"small-visibility,medium-visibility,large-visibility\"><div class=\"fusion-column-wrapper fusion-column-has-shadow fusion-flex-justify-content-flex-start fusion-content-layout-column\"><div class=\"fusion-text fusion-text-3 ueberschrift_register\" style=\"--awb-font-size:102px;--awb-text-color:var(--awb-color4);--awb-margin-top:50px;--awb-text-font-family:&quot;Raleway&quot;;--awb-text-font-style:normal;--awb-text-font-weight:900;\"><p>Notizie e informazioni<\/p>\n<\/div><div class=\"fusion-text fusion-text-4\" style=\"--awb-margin-left:-15px;\"><div class=\"cff-wrapper\"><div class=\"cff-wrapper-ctn \" ><div id=\"cff\"  class=\"cff cff-list-container cff-masonry masonry-4-desktop masonry-4-desktop masonry-2-tablet cff-masonry-js cff-default-styles  cff-mob-cols-1 cff-palette-1 \"   style=\"width:100%;\"   data-char=\"400\" ><div class=\"cff-posts-wrap\"><div id=\"cff_205531219466641_1242574857862049\" class=\"cff-item cff-status-post cff-album cff-box author-musikkapelle-peter-mayr-pfeffersberg\"  style=\"border-radius:5px;\" >\n\t<div class=\"cff-author\">\n\t<div class=\"cff-author-text\">\n\t\t\t\t\t<div class=\"cff-page-name cff-author-date\" >\n\t\t\t\t<a href=\"https:\/\/facebook.com\/205531219466641\" target=\"_blank\" rel=\"nofollow noopener\" >Musikkapelle Peter Mayr Pfeffersberg<\/a>\n\t\t\t\t<span class=\"cff-story\">  is at Forum Brixen Bressanone.<\/span>\n\t\t\t<\/div>\n\t\t\t\n<p class=\"cff-date\" > 1 week ago <\/p>\n\t\t\t<\/div>\n\t<div class=\"cff-author-img \" data-avatar=\"https:\/\/scontent-zrh1-1.xx.fbcdn.net\/v\/t39.30808-1\/277800339_325514729568071_2056318910839395881_n.jpg?stp=c341.0.1365.1365a_cp0_dst-jpg_s50x50_tt6&#038;_nc_cat=109&#038;ccb=1-7&#038;_nc_sid=f907e8&#038;_nc_ohc=po-lfdlOqXUQ7kNvwFRjtvo&#038;_nc_oc=Adr5Yxb2FIE24gglJVwKblRTEbzRUHQHZyoEkt733Pu9PokdEhMg4jiBUx88P7cdHzI&#038;_nc_zt=24&#038;_nc_ht=scontent-zrh1-1.xx&#038;edm=AKIiGfEEAAAA&#038;_nc_gid=Svytxv1HoKQSNI4dEpgQJQ&#038;_nc_tpa=Q5bMBQHONO9PllM0rH_kPQPijY_s8UReCBzINVQ4QMkNMSGskfF8RKuLLI-1KCfvO1BohPM-ems6ZVP4Kw&#038;oh=00_Af0NopK3zFInooHzq6446R7vcGaIMwInzegvT2b4lYYS0A&#038;oe=69EE94B6\">\n\t\t<a href=\"https:\/\/facebook.com\/205531219466641\" target=\"_blank\" rel=\"nofollow noopener\" ><img class=\"lazyload\" decoding=\"async\" src=\"data:image\/gif;base64,R0lGODlhAQABAAAAACH5BAEKAAEALAAAAAABAAEAAAICTAEAOw==\" data-orig-src=\"https:\/\/scontent-zrh1-1.xx.fbcdn.net\/v\/t39.30808-1\/277800339_325514729568071_2056318910839395881_n.jpg?stp=c341.0.1365.1365a_cp0_dst-jpg_s50x50_tt6&#038;_nc_cat=109&#038;ccb=1-7&#038;_nc_sid=f907e8&#038;_nc_ohc=po-lfdlOqXUQ7kNvwFRjtvo&#038;_nc_oc=Adr5Yxb2FIE24gglJVwKblRTEbzRUHQHZyoEkt733Pu9PokdEhMg4jiBUx88P7cdHzI&#038;_nc_zt=24&#038;_nc_ht=scontent-zrh1-1.xx&#038;edm=AKIiGfEEAAAA&#038;_nc_gid=Svytxv1HoKQSNI4dEpgQJQ&#038;_nc_tpa=Q5bMBQHONO9PllM0rH_kPQPijY_s8UReCBzINVQ4QMkNMSGskfF8RKuLLI-1KCfvO1BohPM-ems6ZVP4Kw&#038;oh=00_Af0NopK3zFInooHzq6446R7vcGaIMwInzegvT2b4lYYS0A&#038;oe=69EE94B6\" title=\"Musikkapelle Peter Mayr Pfeffersberg\" alt=\"Musikkapelle Peter Mayr Pfeffersberg\" width=40 height=40 onerror=\"this.style.display='none'\"><\/a>\n\t<\/div>\n<\/div>\n\n<div class=\"cff-post-text\" >\n\t<span class=\"cff-text\" data-color=\"\">\n\t\tIt was a blast! \ud83c\udfb6\u2728<img class=\"cff-linebreak\" \/><img class=\"cff-linebreak\" \/>Unser Fr\u00fchjahrskonzert liegt hinter uns \u2013 was f\u00fcr ein gro\u00dfartiger Abend! \ud83d\ude4c <img class=\"cff-linebreak\" \/>Danke, dass ihr diesen besonderen musikalischen Moment mit uns geteilt habt! \u2764\ufe0f<img class=\"cff-linebreak\" \/><img class=\"cff-linebreak\" \/>Wie hei\u00dft es so sch\u00f6n: <img class=\"cff-linebreak\" \/>Nach dem Konzert ist vor dem (Wertungs-)Konzert! \ud83c\udfba\ud83d\udd25 <img class=\"cff-linebreak\" \/>Schon am Samstag, den 25. April um 13:00 Uhr, treten wir im Grandhotel Toblach in der Stufe D beim Wertungsspiel an.<img class=\"cff-linebreak\" \/><img class=\"cff-linebreak\" \/>Wir freuen uns \u00fcber jede Unterst\u00fctzung und darauf, euch auch dort zu sehen! \ud83c\udfbc<img class=\"cff-linebreak\" \/><img class=\"cff-linebreak\" \/>Eure MK Pfeffersberg\ud83c\udfb6<img class=\"cff-linebreak\" \/><img class=\"cff-linebreak\" \/><a href=\"https:\/\/facebook.com\/1067601019999787\">#mkpfeffersberg<\/a> <a href=\"https:\/\/facebook.com\/192708047545964\">#musikverbindet<\/a> <a href=\"https:\/\/facebook.com\/180344105451412\">#blasmusik<\/a> <a href=\"https:\/\/facebook.com\/290242497772727\">#southtyrol<\/a> music\t\t\t<\/span>\n\t<span class=\"cff-expand\">... <a href=\"#\" style=\"color: #\"><span class=\"cff-more\">Vedi altro<\/span><span class=\"cff-less\">Vedi meno<\/span><\/a><\/span>\n\n<\/div>\n\n<p class=\"cff-media-link\">\n\t<a href=\"https:\/\/www.facebook.com\/890624763057062\/posts\/1242574857862049\" target=\"_blank\" style=\"color: #\">\n\t\t<span style=\"padding-right: 5px;\" class=\"fa fas fa-picture-o fa-image\"><\/span>Foto\t<\/a>\n<\/p>\n\t<div class=\"cff-post-links\">\n\t\t\t\t\t<a class=\"cff-viewpost-facebook\" href=\"https:\/\/www.facebook.com\/890624763057062\/posts\/1242574857862049\" title=\"Auf Facebook anzeigen\" target=\"_blank\" rel=\"nofollow noopener\" >Auf Facebook anzeigen<\/a>\n\t\t\t\t\t\t\t<div class=\"cff-share-container\">\n\t\t\t\t\t\t\t\t\t<span class=\"cff-dot\" >&middot;<\/span>\n\t\t\t\t\t\t\t\t<a class=\"cff-share-link\" href=\"https:\/\/www.facebook.com\/sharer\/sharer.php?u=https%3A%2F%2Fwww.facebook.com%2F890624763057062%2Fposts%2F1242574857862049\" title=\"Teilen\" >Teilen<\/a>\n\t\t\t\t<p class=\"cff-share-tooltip\">\n\t\t\t\t\t\t\t\t\t\t\t<a href=\"https:\/\/www.facebook.com\/sharer\/sharer.php?u=https%3A%2F%2Fwww.facebook.com%2F890624763057062%2Fposts%2F1242574857862049\" target=\"_blank\" rel=\"noopener noreferrer\" class=\"cff-facebook-icon\">\n\t\t\t\t\t\t\t<span class=\"fa fab fa-facebook-square\" aria-hidden=\"true\"><\/span>\n\t\t\t\t\t\t\t<span class=\"cff-screenreader\">Condividi su Facebook<\/span>\n\t\t\t\t\t\t<\/a>\n\t\t\t\t\t\t\t\t\t\t\t<a href=\"https:\/\/twitter.com\/intent\/tweet?text=https%3A%2F%2Fwww.facebook.com%2F890624763057062%2Fposts%2F1242574857862049\" target=\"_blank\" rel=\"noopener noreferrer\" class=\"cff-twitter-icon\">\n\t\t\t\t\t\t\t<span class=\"fa fab fa-twitter\" aria-hidden=\"true\"><\/span>\n\t\t\t\t\t\t\t<span class=\"cff-screenreader\">Condividi su Twitter<\/span>\n\t\t\t\t\t\t<\/a>\n\t\t\t\t\t\t\t\t\t\t\t<a href=\"https:\/\/www.linkedin.com\/shareArticle?mini=true&#038;url=https%3A%2F%2Fwww.facebook.com%2F890624763057062%2Fposts%2F1242574857862049&#038;title=%09%09%09It%20was%20a%20blast%21%20%F0%9F%8E%B6%E2%9C%A8Unser%20Fr%C3%BChjahrskonzert%20liegt%20hinter%20uns%20%E2%80%93%20was%20f%C3%BCr%20ein%20gro%C3%9Fartiger%20Abend%21%20%F0%9F%99%8C%20Danke%2C%20dass%20ihr%20diesen%20besonderen%20musikalischen%20Moment%20mit%20uns%20geteilt%20habt%21%20%E2%9D%A4%EF%B8%8FWie%20hei%C3%9Ft%20es%20so%20sch%C3%B6n%3A%20Nach%20dem%20Konzert%20ist%20vor%20dem%20%28Wertungs-%29Konzert%21%20%F0%9F%8E%BA%F0%9F%94%A5%20Schon%20am%20Samstag%2C%20den%2025.%20April%20um%2013%3A00%20Uhr%2C%20treten%20wir%20im%20Grandhotel%20Toblach%20in%20der%20Stufe%20D%20beim%20Wertungsspiel%20an.Wir%20freuen%20uns%20%C3%BCber%20jede%20Unterst%C3%BCtzung%20und%20darauf%2C%20euch%20auch%20dort%20zu%20sehen%21%20%F0%9F%8E%BCEure%20MK%20Pfeffersberg%F0%9F%8E%B6%23mkpfeffersberg%20%23musikverbindet%20%23blasmusik%20%23southtyrol%20music%09%09%09%09\" target=\"_blank\" rel=\"noopener noreferrer\" class=\"cff-linkedin-icon\">\n\t\t\t\t\t\t\t<span class=\"fa fab fa-linkedin\" aria-hidden=\"true\"><\/span>\n\t\t\t\t\t\t\t<span class=\"cff-screenreader\">Condividi su LinkedIn<\/span>\n\t\t\t\t\t\t<\/a>\n\t\t\t\t\t\t\t\t\t\t\t<a href=\"mailto:?subject=Facebook&#038;body=https%3A%2F%2Fwww.facebook.com%2F890624763057062%2Fposts%2F1242574857862049%20-%20%0A%0A%09%0A%09%09It%20was%20a%20blast%21%20%F0%9F%8E%B6%E2%9C%A8Unser%20Fr%C3%BChjahrskonzert%20liegt%20hinter%20uns%20%E2%80%93%20was%20f%C3%BCr%20ein%20gro%C3%9Fartiger%20Abend%21%20%F0%9F%99%8C%20Danke%2C%20dass%20ihr%20diesen%20besonderen%20musikalischen%20Moment%20mit%20uns%20geteilt%20habt%21%20%E2%9D%A4%EF%B8%8FWie%20hei%C3%9Ft%20es%20so%20sch%C3%B6n%3A%20Nach%20dem%20Konzert%20ist%20vor%20dem%20%28Wertungs-%29Konzert%21%20%F0%9F%8E%BA%F0%9F%94%A5%20Schon%20am%20Samstag%2C%20den%2025.%20April%20um%2013%3A00%20Uhr%2C%20treten%20wir%20im%20Grandhotel%20Toblach%20in%20der%20Stufe%20D%20beim%20Wertungsspiel%20an.Wir%20freuen%20uns%20%C3%BCber%20jede%20Unterst%C3%BCtzung%20und%20darauf%2C%20euch%20auch%20dort%20zu%20sehen%21%20%F0%9F%8E%BCEure%20MK%20Pfeffersberg%F0%9F%8E%B6%23mkpfeffersberg%20%23musikverbindet%20%23blasmusik%20%23southtyrol%20music%09%09%09%0A%09\" target=\"_blank\" rel=\"noopener noreferrer\" class=\"cff-email-icon\">\n\t\t\t\t\t\t\t<span class=\"fa fab fa-envelope\" aria-hidden=\"true\"><\/span>\n\t\t\t\t\t\t\t<span class=\"cff-screenreader\">Condividi via email<\/span>\n\t\t\t\t\t\t<\/a>\n\t\t\t\t\t\t\t\t\t<\/p>\n\t\t\t<\/div>\n\t\t\t<\/div>\n\t<\/div>\n\n\n\n<div id=\"cff_205531219466641_1228661892586679\" class=\"cff-item cff-video-post cff-box author-musikkapelle-peter-mayr-pfeffersberg\"  style=\"border-radius:5px;\" >\n\t<div class=\"cff-author\">\n\t<div class=\"cff-author-text\">\n\t\t\t\t\t<div class=\"cff-page-name cff-author-date\" >\n\t\t\t\t<a href=\"https:\/\/facebook.com\/205531219466641\" target=\"_blank\" rel=\"nofollow noopener\" >Musikkapelle Peter Mayr Pfeffersberg<\/a>\n\t\t\t\t<span class=\"cff-story\"> <\/span>\n\t\t\t<\/div>\n\t\t\t\n<p class=\"cff-date\" > 4 weeks ago <\/p>\n\t\t\t<\/div>\n\t<div class=\"cff-author-img \" data-avatar=\"https:\/\/scontent-zrh1-1.xx.fbcdn.net\/v\/t39.30808-1\/277800339_325514729568071_2056318910839395881_n.jpg?stp=c341.0.1365.1365a_cp0_dst-jpg_s50x50_tt6&#038;_nc_cat=109&#038;ccb=1-7&#038;_nc_sid=f907e8&#038;_nc_ohc=po-lfdlOqXUQ7kNvwFRjtvo&#038;_nc_oc=Adr5Yxb2FIE24gglJVwKblRTEbzRUHQHZyoEkt733Pu9PokdEhMg4jiBUx88P7cdHzI&#038;_nc_zt=24&#038;_nc_ht=scontent-zrh1-1.xx&#038;edm=AKIiGfEEAAAA&#038;_nc_gid=Svytxv1HoKQSNI4dEpgQJQ&#038;_nc_tpa=Q5bMBQHONO9PllM0rH_kPQPijY_s8UReCBzINVQ4QMkNMSGskfF8RKuLLI-1KCfvO1BohPM-ems6ZVP4Kw&#038;oh=00_Af0NopK3zFInooHzq6446R7vcGaIMwInzegvT2b4lYYS0A&#038;oe=69EE94B6\">\n\t\t<a href=\"https:\/\/facebook.com\/205531219466641\" target=\"_blank\" rel=\"nofollow noopener\" ><img class=\"lazyload\" decoding=\"async\" src=\"data:image\/gif;base64,R0lGODlhAQABAAAAACH5BAEKAAEALAAAAAABAAEAAAICTAEAOw==\" data-orig-src=\"https:\/\/scontent-zrh1-1.xx.fbcdn.net\/v\/t39.30808-1\/277800339_325514729568071_2056318910839395881_n.jpg?stp=c341.0.1365.1365a_cp0_dst-jpg_s50x50_tt6&#038;_nc_cat=109&#038;ccb=1-7&#038;_nc_sid=f907e8&#038;_nc_ohc=po-lfdlOqXUQ7kNvwFRjtvo&#038;_nc_oc=Adr5Yxb2FIE24gglJVwKblRTEbzRUHQHZyoEkt733Pu9PokdEhMg4jiBUx88P7cdHzI&#038;_nc_zt=24&#038;_nc_ht=scontent-zrh1-1.xx&#038;edm=AKIiGfEEAAAA&#038;_nc_gid=Svytxv1HoKQSNI4dEpgQJQ&#038;_nc_tpa=Q5bMBQHONO9PllM0rH_kPQPijY_s8UReCBzINVQ4QMkNMSGskfF8RKuLLI-1KCfvO1BohPM-ems6ZVP4Kw&#038;oh=00_Af0NopK3zFInooHzq6446R7vcGaIMwInzegvT2b4lYYS0A&#038;oe=69EE94B6\" title=\"Musikkapelle Peter Mayr Pfeffersberg\" alt=\"Musikkapelle Peter Mayr Pfeffersberg\" width=40 height=40 onerror=\"this.style.display='none'\"><\/a>\n\t<\/div>\n<\/div>\n\n<div class=\"cff-post-text\" >\n\t<span class=\"cff-text\" data-color=\"\">\n\t\tTermin vormerken, Platz reservieren, Programm studieren\ud83c\udfba\ud83c\udfbc<img class=\"cff-linebreak\" \/><img class=\"cff-linebreak\" \/>\ud83d\udcc6 18. April 2026<img class=\"cff-linebreak\" \/>\u23f0 20.00 Uhr<img class=\"cff-linebreak\" \/>\ud83d\udccd Forum Brixen<img class=\"cff-linebreak\" \/><img class=\"cff-linebreak\" \/>Platzreservierungen ab Dienstag, 7. April unter <a href=\"https:\/\/www.mkpfeffersberg.it\/events\" rel='nofollow noopener noreferrer'>www.mkpfeffersberg.it\/events<\/a><img class=\"cff-linebreak\" \/><img class=\"cff-linebreak\" \/>Wir freuen uns!\ud83c\udfb6<img class=\"cff-linebreak\" \/><img class=\"cff-linebreak\" \/><a href=\"https:\/\/facebook.com\/1067601019999787\">#mkpfeffersberg<\/a> <a href=\"https:\/\/facebook.com\/173289829492265\">#fr\u00fchjahrskonzert<\/a> <a href=\"https:\/\/facebook.com\/192708047545964\">#musikverbindet<\/a> <a href=\"https:\/\/facebook.com\/180344105451412\">#blasmusik<\/a> <a href=\"https:\/\/facebook.com\/290242497772727\">#southtyrol<\/a>\t\t\t<\/span>\n\t<span class=\"cff-expand\">... <a href=\"#\" style=\"color: #\"><span class=\"cff-more\">Vedi altro<\/span><span class=\"cff-less\">Vedi meno<\/span><\/a><\/span>\n\n<\/div>\n\n<p class=\"cff-media-link\">\n\t<a href=\"https:\/\/www.facebook.com\/205531219466641\/posts\/1228661892586679\" target=\"_blank\" style=\"color: #\">\n\t\t<span style=\"padding-right: 5px;\" class=\"fa fas fa-video-camera fa-video\"><\/span>Video\t<\/a>\n<\/p>\n\t<div class=\"cff-post-links\">\n\t\t\t\t\t<a class=\"cff-viewpost-facebook\" href=\"https:\/\/www.facebook.com\/205531219466641\/posts\/1228661892586679\" title=\"Auf Facebook anzeigen\" target=\"_blank\" rel=\"nofollow noopener\" >Auf Facebook anzeigen<\/a>\n\t\t\t\t\t\t\t<div class=\"cff-share-container\">\n\t\t\t\t\t\t\t\t\t<span class=\"cff-dot\" >&middot;<\/span>\n\t\t\t\t\t\t\t\t<a class=\"cff-share-link\" href=\"https:\/\/www.facebook.com\/sharer\/sharer.php?u=https%3A%2F%2Fwww.facebook.com%2F205531219466641%2Fposts%2F1228661892586679\" title=\"Teilen\" >Teilen<\/a>\n\t\t\t\t<p class=\"cff-share-tooltip\">\n\t\t\t\t\t\t\t\t\t\t\t<a href=\"https:\/\/www.facebook.com\/sharer\/sharer.php?u=https%3A%2F%2Fwww.facebook.com%2F205531219466641%2Fposts%2F1228661892586679\" target=\"_blank\" rel=\"noopener noreferrer\" class=\"cff-facebook-icon\">\n\t\t\t\t\t\t\t<span class=\"fa fab fa-facebook-square\" aria-hidden=\"true\"><\/span>\n\t\t\t\t\t\t\t<span class=\"cff-screenreader\">Condividi su Facebook<\/span>\n\t\t\t\t\t\t<\/a>\n\t\t\t\t\t\t\t\t\t\t\t<a href=\"https:\/\/twitter.com\/intent\/tweet?text=https%3A%2F%2Fwww.facebook.com%2F205531219466641%2Fposts%2F1228661892586679\" target=\"_blank\" rel=\"noopener noreferrer\" class=\"cff-twitter-icon\">\n\t\t\t\t\t\t\t<span class=\"fa fab fa-twitter\" aria-hidden=\"true\"><\/span>\n\t\t\t\t\t\t\t<span class=\"cff-screenreader\">Condividi su Twitter<\/span>\n\t\t\t\t\t\t<\/a>\n\t\t\t\t\t\t\t\t\t\t\t<a href=\"https:\/\/www.linkedin.com\/shareArticle?mini=true&#038;url=https%3A%2F%2Fwww.facebook.com%2F205531219466641%2Fposts%2F1228661892586679&#038;title=%09%09%09Termin%20vormerken%2C%20Platz%20reservieren%2C%20Programm%20studieren%F0%9F%8E%BA%F0%9F%8E%BC%F0%9F%93%86%2018.%20April%202026%E2%8F%B0%2020.00%20Uhr%F0%9F%93%8D%20Forum%20BrixenPlatzreservierungen%20ab%20Dienstag%2C%207.%20April%20unter%20www.mkpfeffersberg.it%2FeventsWir%20freuen%20uns%21%F0%9F%8E%B6%23mkpfeffersberg%20%23fr%C3%BChjahrskonzert%20%23musikverbindet%20%23blasmusik%20%23southtyrol%09%09%09%09\" target=\"_blank\" rel=\"noopener noreferrer\" class=\"cff-linkedin-icon\">\n\t\t\t\t\t\t\t<span class=\"fa fab fa-linkedin\" aria-hidden=\"true\"><\/span>\n\t\t\t\t\t\t\t<span class=\"cff-screenreader\">Condividi su LinkedIn<\/span>\n\t\t\t\t\t\t<\/a>\n\t\t\t\t\t\t\t\t\t\t\t<a href=\"mailto:?subject=Facebook&#038;body=https%3A%2F%2Fwww.facebook.com%2F205531219466641%2Fposts%2F1228661892586679%20-%20%0A%0A%09%0A%09%09Termin%20vormerken%2C%20Platz%20reservieren%2C%20Programm%20studieren%F0%9F%8E%BA%F0%9F%8E%BC%F0%9F%93%86%2018.%20April%202026%E2%8F%B0%2020.00%20Uhr%F0%9F%93%8D%20Forum%20BrixenPlatzreservierungen%20ab%20Dienstag%2C%207.%20April%20unter%20www.mkpfeffersberg.it%2FeventsWir%20freuen%20uns%21%F0%9F%8E%B6%23mkpfeffersberg%20%23fr%C3%BChjahrskonzert%20%23musikverbindet%20%23blasmusik%20%23southtyrol%09%09%09%0A%09\" target=\"_blank\" rel=\"noopener noreferrer\" class=\"cff-email-icon\">\n\t\t\t\t\t\t\t<span class=\"fa fab fa-envelope\" aria-hidden=\"true\"><\/span>\n\t\t\t\t\t\t\t<span class=\"cff-screenreader\">Condividi via email<\/span>\n\t\t\t\t\t\t<\/a>\n\t\t\t\t\t\t\t\t\t<\/p>\n\t\t\t<\/div>\n\t\t\t<\/div>\n\t<\/div>\n\n\n\n<div id=\"cff_205531219466641_1226487332804135\" class=\"cff-item cff-status-post cff-album cff-box author-musikkapelle-peter-mayr-pfeffersberg\"  style=\"border-radius:5px;\" >\n\t<div class=\"cff-author\">\n\t<div class=\"cff-author-text\">\n\t\t\t\t\t<div class=\"cff-page-name cff-author-date\" >\n\t\t\t\t<a href=\"https:\/\/facebook.com\/205531219466641\" target=\"_blank\" rel=\"nofollow noopener\" >Musikkapelle Peter Mayr Pfeffersberg<\/a>\n\t\t\t\t<span class=\"cff-story\"> <\/span>\n\t\t\t<\/div>\n\t\t\t\n<p class=\"cff-date\" > 1 month ago <\/p>\n\t\t\t<\/div>\n\t<div class=\"cff-author-img \" data-avatar=\"https:\/\/scontent-zrh1-1.xx.fbcdn.net\/v\/t39.30808-1\/277800339_325514729568071_2056318910839395881_n.jpg?stp=c341.0.1365.1365a_cp0_dst-jpg_s50x50_tt6&#038;_nc_cat=109&#038;ccb=1-7&#038;_nc_sid=f907e8&#038;_nc_ohc=po-lfdlOqXUQ7kNvwFRjtvo&#038;_nc_oc=Adr5Yxb2FIE24gglJVwKblRTEbzRUHQHZyoEkt733Pu9PokdEhMg4jiBUx88P7cdHzI&#038;_nc_zt=24&#038;_nc_ht=scontent-zrh1-1.xx&#038;edm=AKIiGfEEAAAA&#038;_nc_gid=Svytxv1HoKQSNI4dEpgQJQ&#038;_nc_tpa=Q5bMBQHONO9PllM0rH_kPQPijY_s8UReCBzINVQ4QMkNMSGskfF8RKuLLI-1KCfvO1BohPM-ems6ZVP4Kw&#038;oh=00_Af0NopK3zFInooHzq6446R7vcGaIMwInzegvT2b4lYYS0A&#038;oe=69EE94B6\">\n\t\t<a href=\"https:\/\/facebook.com\/205531219466641\" target=\"_blank\" rel=\"nofollow noopener\" ><img class=\"lazyload\" decoding=\"async\" src=\"data:image\/gif;base64,R0lGODlhAQABAAAAACH5BAEKAAEALAAAAAABAAEAAAICTAEAOw==\" data-orig-src=\"https:\/\/scontent-zrh1-1.xx.fbcdn.net\/v\/t39.30808-1\/277800339_325514729568071_2056318910839395881_n.jpg?stp=c341.0.1365.1365a_cp0_dst-jpg_s50x50_tt6&#038;_nc_cat=109&#038;ccb=1-7&#038;_nc_sid=f907e8&#038;_nc_ohc=po-lfdlOqXUQ7kNvwFRjtvo&#038;_nc_oc=Adr5Yxb2FIE24gglJVwKblRTEbzRUHQHZyoEkt733Pu9PokdEhMg4jiBUx88P7cdHzI&#038;_nc_zt=24&#038;_nc_ht=scontent-zrh1-1.xx&#038;edm=AKIiGfEEAAAA&#038;_nc_gid=Svytxv1HoKQSNI4dEpgQJQ&#038;_nc_tpa=Q5bMBQHONO9PllM0rH_kPQPijY_s8UReCBzINVQ4QMkNMSGskfF8RKuLLI-1KCfvO1BohPM-ems6ZVP4Kw&#038;oh=00_Af0NopK3zFInooHzq6446R7vcGaIMwInzegvT2b4lYYS0A&#038;oe=69EE94B6\" title=\"Musikkapelle Peter Mayr Pfeffersberg\" alt=\"Musikkapelle Peter Mayr Pfeffersberg\" width=40 height=40 onerror=\"this.style.display='none'\"><\/a>\n\t<\/div>\n<\/div>\n\n<div class=\"cff-post-text\" >\n\t<span class=\"cff-text\" data-color=\"\">\n\t\tUnser Kapellmeister \u2013 das Gehirn und Herz der Kapelle! \ud83c\udfb6\ud83e\udde0\ud83d\udc9b<img class=\"cff-linebreak\" \/><img class=\"cff-linebreak\" \/>Er plant, leitet, motiviert und h\u00e4lt alles zusammen \u2013 (wenig oft) streng, witzig und immer mit Leidenschaft. \ud83d\ude0e\u2028Ohne ihn w\u00fcrden Proben, Auftritte und unser Sound nicht ann\u00e4hernd so gut funktionieren!<img class=\"cff-linebreak\" \/><img class=\"cff-linebreak\" \/>Bernhard Reifer<img class=\"cff-linebreak\" \/><img class=\"cff-linebreak\" \/><a href=\"https:\/\/facebook.com\/498428906882207\">#musikkapelle<\/a> <a href=\"https:\/\/facebook.com\/1067601019999787\">#mkpfeffersberg<\/a> <a href=\"https:\/\/facebook.com\/192708047545964\">#musikverbindet<\/a> <a href=\"https:\/\/facebook.com\/585301321482410\">#dreamteam<\/a> <a href=\"https:\/\/facebook.com\/864442503618645\">#holzbl\u00e4ser<\/a> <a href=\"https:\/\/facebook.com\/510816688993039\">#blechbl\u00e4ser<\/a> <a href=\"https:\/\/facebook.com\/952356481515312\">#registerpower<\/a> <a href=\"https:\/\/facebook.com\/25465486346450423\">#kapelleimeinsatz<\/a> <a href=\"https:\/\/facebook.com\/146689445497061\">#VSM<\/a> <a href=\"https:\/\/facebook.com\/290242497772727\">#southtyrol<\/a> <a href=\"https:\/\/facebook.com\/25463518626579695\">#probenundspass<\/a> <a href=\"https:\/\/facebook.com\/274608679346270\">#musikfreunde<\/a> <a href=\"https:\/\/facebook.com\/632235386794652\">#MusikMitHerz<\/a> <a href=\"https:\/\/facebook.com\/34347733878159004\">#kapellenalltag<\/a>\t\t\t<\/span>\n\t<span class=\"cff-expand\">... <a href=\"#\" style=\"color: #\"><span class=\"cff-more\">Vedi altro<\/span><span class=\"cff-less\">Vedi meno<\/span><\/a><\/span>\n\n<\/div>\n\n<p class=\"cff-media-link\">\n\t<a href=\"https:\/\/www.facebook.com\/890624763057062\/posts\/1226487332804135\" target=\"_blank\" style=\"color: #\">\n\t\t<span style=\"padding-right: 5px;\" class=\"fa fas fa-picture-o fa-image\"><\/span>Foto\t<\/a>\n<\/p>\n\t<div class=\"cff-post-links\">\n\t\t\t\t\t<a class=\"cff-viewpost-facebook\" href=\"https:\/\/www.facebook.com\/890624763057062\/posts\/1226487332804135\" title=\"Auf Facebook anzeigen\" target=\"_blank\" rel=\"nofollow noopener\" >Auf Facebook anzeigen<\/a>\n\t\t\t\t\t\t\t<div class=\"cff-share-container\">\n\t\t\t\t\t\t\t\t\t<span class=\"cff-dot\" >&middot;<\/span>\n\t\t\t\t\t\t\t\t<a class=\"cff-share-link\" href=\"https:\/\/www.facebook.com\/sharer\/sharer.php?u=https%3A%2F%2Fwww.facebook.com%2F890624763057062%2Fposts%2F1226487332804135\" title=\"Teilen\" >Teilen<\/a>\n\t\t\t\t<p class=\"cff-share-tooltip\">\n\t\t\t\t\t\t\t\t\t\t\t<a href=\"https:\/\/www.facebook.com\/sharer\/sharer.php?u=https%3A%2F%2Fwww.facebook.com%2F890624763057062%2Fposts%2F1226487332804135\" target=\"_blank\" rel=\"noopener noreferrer\" class=\"cff-facebook-icon\">\n\t\t\t\t\t\t\t<span class=\"fa fab fa-facebook-square\" aria-hidden=\"true\"><\/span>\n\t\t\t\t\t\t\t<span class=\"cff-screenreader\">Condividi su Facebook<\/span>\n\t\t\t\t\t\t<\/a>\n\t\t\t\t\t\t\t\t\t\t\t<a href=\"https:\/\/twitter.com\/intent\/tweet?text=https%3A%2F%2Fwww.facebook.com%2F890624763057062%2Fposts%2F1226487332804135\" target=\"_blank\" rel=\"noopener noreferrer\" class=\"cff-twitter-icon\">\n\t\t\t\t\t\t\t<span class=\"fa fab fa-twitter\" aria-hidden=\"true\"><\/span>\n\t\t\t\t\t\t\t<span class=\"cff-screenreader\">Condividi su Twitter<\/span>\n\t\t\t\t\t\t<\/a>\n\t\t\t\t\t\t\t\t\t\t\t<a href=\"https:\/\/www.linkedin.com\/shareArticle?mini=true&#038;url=https%3A%2F%2Fwww.facebook.com%2F890624763057062%2Fposts%2F1226487332804135&#038;title=%09%09%09Unser%20Kapellmeister%20%E2%80%93%20das%20Gehirn%20und%20Herz%20der%20Kapelle%21%20%F0%9F%8E%B6%F0%9F%A7%A0%F0%9F%92%9BEr%20plant%2C%20leitet%2C%20motiviert%20und%20h%C3%A4lt%20alles%20zusammen%20%E2%80%93%20%28wenig%20oft%29%20streng%2C%20witzig%20und%20immer%20mit%20Leidenschaft.%20%F0%9F%98%8E%E2%80%A8Ohne%20ihn%20w%C3%BCrden%20Proben%2C%20Auftritte%20und%20unser%20Sound%20nicht%20ann%C3%A4hernd%20so%20gut%20funktionieren%21Bernhard%20Reifer%23musikkapelle%20%23mkpfeffersberg%20%23musikverbindet%20%23dreamteam%20%23holzbl%C3%A4ser%20%23blechbl%C3%A4ser%20%23registerpower%20%23kapelleimeinsatz%20%23VSM%20%23southtyrol%20%23probenundspass%20%23musikfreunde%20%23MusikMitHerz%20%23kapellenalltag%09%09%09%09\" target=\"_blank\" rel=\"noopener noreferrer\" class=\"cff-linkedin-icon\">\n\t\t\t\t\t\t\t<span class=\"fa fab fa-linkedin\" aria-hidden=\"true\"><\/span>\n\t\t\t\t\t\t\t<span class=\"cff-screenreader\">Condividi su LinkedIn<\/span>\n\t\t\t\t\t\t<\/a>\n\t\t\t\t\t\t\t\t\t\t\t<a href=\"mailto:?subject=Facebook&#038;body=https%3A%2F%2Fwww.facebook.com%2F890624763057062%2Fposts%2F1226487332804135%20-%20%0A%0A%09%0A%09%09Unser%20Kapellmeister%20%E2%80%93%20das%20Gehirn%20und%20Herz%20der%20Kapelle%21%20%F0%9F%8E%B6%F0%9F%A7%A0%F0%9F%92%9BEr%20plant%2C%20leitet%2C%20motiviert%20und%20h%C3%A4lt%20alles%20zusammen%20%E2%80%93%20%28wenig%20oft%29%20streng%2C%20witzig%20und%20immer%20mit%20Leidenschaft.%20%F0%9F%98%8E%E2%80%A8Ohne%20ihn%20w%C3%BCrden%20Proben%2C%20Auftritte%20und%20unser%20Sound%20nicht%20ann%C3%A4hernd%20so%20gut%20funktionieren%21Bernhard%20Reifer%23musikkapelle%20%23mkpfeffersberg%20%23musikverbindet%20%23dreamteam%20%23holzbl%C3%A4ser%20%23blechbl%C3%A4ser%20%23registerpower%20%23kapelleimeinsatz%20%23VSM%20%23southtyrol%20%23probenundspass%20%23musikfreunde%20%23MusikMitHerz%20%23kapellenalltag%09%09%09%0A%09\" target=\"_blank\" rel=\"noopener noreferrer\" class=\"cff-email-icon\">\n\t\t\t\t\t\t\t<span class=\"fa fab fa-envelope\" aria-hidden=\"true\"><\/span>\n\t\t\t\t\t\t\t<span class=\"cff-screenreader\">Condividi via email<\/span>\n\t\t\t\t\t\t<\/a>\n\t\t\t\t\t\t\t\t\t<\/p>\n\t\t\t<\/div>\n\t\t\t<\/div>\n\t<\/div>\n\n\n\n<div id=\"cff_205531219466641_1221768513276017\" class=\"cff-item cff-status-post cff-album cff-box author-musikkapelle-peter-mayr-pfeffersberg\"  style=\"border-radius:5px;\" >\n\t<div class=\"cff-author\">\n\t<div class=\"cff-author-text\">\n\t\t\t\t\t<div class=\"cff-page-name cff-author-date\" >\n\t\t\t\t<a href=\"https:\/\/facebook.com\/205531219466641\" target=\"_blank\" rel=\"nofollow noopener\" >Musikkapelle Peter Mayr Pfeffersberg<\/a>\n\t\t\t\t<span class=\"cff-story\">  is at Forum Brixen Bressanone.<\/span>\n\t\t\t<\/div>\n\t\t\t\n<p class=\"cff-date\" > 1 month ago <\/p>\n\t\t\t<\/div>\n\t<div class=\"cff-author-img \" data-avatar=\"https:\/\/scontent-zrh1-1.xx.fbcdn.net\/v\/t39.30808-1\/277800339_325514729568071_2056318910839395881_n.jpg?stp=c341.0.1365.1365a_cp0_dst-jpg_s50x50_tt6&#038;_nc_cat=109&#038;ccb=1-7&#038;_nc_sid=f907e8&#038;_nc_ohc=po-lfdlOqXUQ7kNvwFRjtvo&#038;_nc_oc=Adr5Yxb2FIE24gglJVwKblRTEbzRUHQHZyoEkt733Pu9PokdEhMg4jiBUx88P7cdHzI&#038;_nc_zt=24&#038;_nc_ht=scontent-zrh1-1.xx&#038;edm=AKIiGfEEAAAA&#038;_nc_gid=Svytxv1HoKQSNI4dEpgQJQ&#038;_nc_tpa=Q5bMBQHONO9PllM0rH_kPQPijY_s8UReCBzINVQ4QMkNMSGskfF8RKuLLI-1KCfvO1BohPM-ems6ZVP4Kw&#038;oh=00_Af0NopK3zFInooHzq6446R7vcGaIMwInzegvT2b4lYYS0A&#038;oe=69EE94B6\">\n\t\t<a href=\"https:\/\/facebook.com\/205531219466641\" target=\"_blank\" rel=\"nofollow noopener\" ><img class=\"lazyload\" decoding=\"async\" src=\"data:image\/gif;base64,R0lGODlhAQABAAAAACH5BAEKAAEALAAAAAABAAEAAAICTAEAOw==\" data-orig-src=\"https:\/\/scontent-zrh1-1.xx.fbcdn.net\/v\/t39.30808-1\/277800339_325514729568071_2056318910839395881_n.jpg?stp=c341.0.1365.1365a_cp0_dst-jpg_s50x50_tt6&#038;_nc_cat=109&#038;ccb=1-7&#038;_nc_sid=f907e8&#038;_nc_ohc=po-lfdlOqXUQ7kNvwFRjtvo&#038;_nc_oc=Adr5Yxb2FIE24gglJVwKblRTEbzRUHQHZyoEkt733Pu9PokdEhMg4jiBUx88P7cdHzI&#038;_nc_zt=24&#038;_nc_ht=scontent-zrh1-1.xx&#038;edm=AKIiGfEEAAAA&#038;_nc_gid=Svytxv1HoKQSNI4dEpgQJQ&#038;_nc_tpa=Q5bMBQHONO9PllM0rH_kPQPijY_s8UReCBzINVQ4QMkNMSGskfF8RKuLLI-1KCfvO1BohPM-ems6ZVP4Kw&#038;oh=00_Af0NopK3zFInooHzq6446R7vcGaIMwInzegvT2b4lYYS0A&#038;oe=69EE94B6\" title=\"Musikkapelle Peter Mayr Pfeffersberg\" alt=\"Musikkapelle Peter Mayr Pfeffersberg\" width=40 height=40 onerror=\"this.style.display='none'\"><\/a>\n\t<\/div>\n<\/div>\n\n<div class=\"cff-post-text\" >\n\t<span class=\"cff-text\" data-color=\"\">\n\t\tEs ist wieder soweit:<img class=\"cff-linebreak\" \/><img class=\"cff-linebreak\" \/>\ud83c\udf38 \ud835\ude75\ud835\ude9b\u00fc\ud835\ude91\ud835\ude93\ud835\ude8a\ud835\ude91\ud835\ude9b\ud835\ude9c\ud835\ude94\ud835\ude98\ud835\ude97\ud835\udea3\ud835\ude8e\ud835\ude9b\ud835\ude9d \ud83c\udf38<img class=\"cff-linebreak\" \/><img class=\"cff-linebreak\" \/>Wir laden herzlich zu unserem Fr\u00fchjahrskonzert ein.<img class=\"cff-linebreak\" \/><img class=\"cff-linebreak\" \/>\ud83d\udcc6 18. April 2026<img class=\"cff-linebreak\" \/>\u23f0 20.00 Uhr<img class=\"cff-linebreak\" \/>\ud83d\udccd Forum Brixen<img class=\"cff-linebreak\" \/><img class=\"cff-linebreak\" \/>Wir freuen uns auf euch!<img class=\"cff-linebreak\" \/><img class=\"cff-linebreak\" \/>Eure MK Peter Mayr Pfeffersberg\ud83c\udfb6<img class=\"cff-linebreak\" \/><img class=\"cff-linebreak\" \/><a href=\"https:\/\/facebook.com\/1003982619690419\">#fruehjahrskonzert<\/a> <a href=\"https:\/\/facebook.com\/1067601019999787\">#mkpfeffersberg<\/a> <a href=\"https:\/\/facebook.com\/120824381435929\">#altoadige<\/a> <a href=\"https:\/\/facebook.com\/192708047545964\">#musikverbindet<\/a> <a href=\"https:\/\/facebook.com\/180344105451412\">#blasmusik<\/a> musikkapelle southtyrol brixen tracht valleisarco bandamusicale concertband\t\t\t<\/span>\n\t<span class=\"cff-expand\">... <a href=\"#\" style=\"color: #\"><span class=\"cff-more\">Vedi altro<\/span><span class=\"cff-less\">Vedi meno<\/span><\/a><\/span>\n\n<\/div>\n\n<p class=\"cff-media-link\">\n\t<a href=\"https:\/\/www.facebook.com\/890624763057062\/posts\/1221768513276017\" target=\"_blank\" style=\"color: #\">\n\t\t<span style=\"padding-right: 5px;\" class=\"fa fas fa-picture-o fa-image\"><\/span>Foto\t<\/a>\n<\/p>\n\t<div class=\"cff-post-links\">\n\t\t\t\t\t<a class=\"cff-viewpost-facebook\" href=\"https:\/\/www.facebook.com\/890624763057062\/posts\/1221768513276017\" title=\"Auf Facebook anzeigen\" target=\"_blank\" rel=\"nofollow noopener\" >Auf Facebook anzeigen<\/a>\n\t\t\t\t\t\t\t<div class=\"cff-share-container\">\n\t\t\t\t\t\t\t\t\t<span class=\"cff-dot\" >&middot;<\/span>\n\t\t\t\t\t\t\t\t<a class=\"cff-share-link\" href=\"https:\/\/www.facebook.com\/sharer\/sharer.php?u=https%3A%2F%2Fwww.facebook.com%2F890624763057062%2Fposts%2F1221768513276017\" title=\"Teilen\" >Teilen<\/a>\n\t\t\t\t<p class=\"cff-share-tooltip\">\n\t\t\t\t\t\t\t\t\t\t\t<a href=\"https:\/\/www.facebook.com\/sharer\/sharer.php?u=https%3A%2F%2Fwww.facebook.com%2F890624763057062%2Fposts%2F1221768513276017\" target=\"_blank\" rel=\"noopener noreferrer\" class=\"cff-facebook-icon\">\n\t\t\t\t\t\t\t<span class=\"fa fab fa-facebook-square\" aria-hidden=\"true\"><\/span>\n\t\t\t\t\t\t\t<span class=\"cff-screenreader\">Condividi su Facebook<\/span>\n\t\t\t\t\t\t<\/a>\n\t\t\t\t\t\t\t\t\t\t\t<a href=\"https:\/\/twitter.com\/intent\/tweet?text=https%3A%2F%2Fwww.facebook.com%2F890624763057062%2Fposts%2F1221768513276017\" target=\"_blank\" rel=\"noopener noreferrer\" class=\"cff-twitter-icon\">\n\t\t\t\t\t\t\t<span class=\"fa fab fa-twitter\" aria-hidden=\"true\"><\/span>\n\t\t\t\t\t\t\t<span class=\"cff-screenreader\">Condividi su Twitter<\/span>\n\t\t\t\t\t\t<\/a>\n\t\t\t\t\t\t\t\t\t\t\t<a href=\"https:\/\/www.linkedin.com\/shareArticle?mini=true&#038;url=https%3A%2F%2Fwww.facebook.com%2F890624763057062%2Fposts%2F1221768513276017&#038;title=%09%09%09Es%20ist%20wieder%20soweit%3A%F0%9F%8C%B8%20%F0%9D%99%B5%F0%9D%9A%9B%C3%BC%F0%9D%9A%91%F0%9D%9A%93%F0%9D%9A%8A%F0%9D%9A%91%F0%9D%9A%9B%F0%9D%9A%9C%F0%9D%9A%94%F0%9D%9A%98%F0%9D%9A%97%F0%9D%9A%A3%F0%9D%9A%8E%F0%9D%9A%9B%F0%9D%9A%9D%20%F0%9F%8C%B8Wir%20laden%20herzlich%20zu%20unserem%20Fr%C3%BChjahrskonzert%20ein.%F0%9F%93%86%2018.%20April%202026%E2%8F%B0%2020.00%20Uhr%F0%9F%93%8D%20Forum%20BrixenWir%20freuen%20uns%20auf%20euch%21Eure%20MK%20Peter%20Mayr%20Pfeffersberg%F0%9F%8E%B6%23fruehjahrskonzert%20%23mkpfeffersberg%20%23altoadige%20%23musikverbindet%20%23blasmusik%20musikkapelle%20southtyrol%20brixen%20tracht%20valleisarco%20bandamusicale%20concertband%09%09%09%09\" target=\"_blank\" rel=\"noopener noreferrer\" class=\"cff-linkedin-icon\">\n\t\t\t\t\t\t\t<span class=\"fa fab fa-linkedin\" aria-hidden=\"true\"><\/span>\n\t\t\t\t\t\t\t<span class=\"cff-screenreader\">Condividi su LinkedIn<\/span>\n\t\t\t\t\t\t<\/a>\n\t\t\t\t\t\t\t\t\t\t\t<a href=\"mailto:?subject=Facebook&#038;body=https%3A%2F%2Fwww.facebook.com%2F890624763057062%2Fposts%2F1221768513276017%20-%20%0A%0A%09%0A%09%09Es%20ist%20wieder%20soweit%3A%F0%9F%8C%B8%20%F0%9D%99%B5%F0%9D%9A%9B%C3%BC%F0%9D%9A%91%F0%9D%9A%93%F0%9D%9A%8A%F0%9D%9A%91%F0%9D%9A%9B%F0%9D%9A%9C%F0%9D%9A%94%F0%9D%9A%98%F0%9D%9A%97%F0%9D%9A%A3%F0%9D%9A%8E%F0%9D%9A%9B%F0%9D%9A%9D%20%F0%9F%8C%B8Wir%20laden%20herzlich%20zu%20unserem%20Fr%C3%BChjahrskonzert%20ein.%F0%9F%93%86%2018.%20April%202026%E2%8F%B0%2020.00%20Uhr%F0%9F%93%8D%20Forum%20BrixenWir%20freuen%20uns%20auf%20euch%21Eure%20MK%20Peter%20Mayr%20Pfeffersberg%F0%9F%8E%B6%23fruehjahrskonzert%20%23mkpfeffersberg%20%23altoadige%20%23musikverbindet%20%23blasmusik%20musikkapelle%20southtyrol%20brixen%20tracht%20valleisarco%20bandamusicale%20concertband%09%09%09%0A%09\" target=\"_blank\" rel=\"noopener noreferrer\" class=\"cff-email-icon\">\n\t\t\t\t\t\t\t<span class=\"fa fab fa-envelope\" aria-hidden=\"true\"><\/span>\n\t\t\t\t\t\t\t<span class=\"cff-screenreader\">Condividi via email<\/span>\n\t\t\t\t\t\t<\/a>\n\t\t\t\t\t\t\t\t\t<\/p>\n\t\t\t<\/div>\n\t\t\t<\/div>\n\t<\/div>\n\n\n\n<div id=\"cff_205531219466641_1220986750020860\" class=\"cff-item cff-status-post cff-album cff-box author-musikkapelle-peter-mayr-pfeffersberg\"  style=\"border-radius:5px;\" >\n\t<div class=\"cff-author\">\n\t<div class=\"cff-author-text\">\n\t\t\t\t\t<div class=\"cff-page-name cff-author-date\" >\n\t\t\t\t<a href=\"https:\/\/facebook.com\/205531219466641\" target=\"_blank\" rel=\"nofollow noopener\" >Musikkapelle Peter Mayr Pfeffersberg<\/a>\n\t\t\t\t<span class=\"cff-story\"> <\/span>\n\t\t\t<\/div>\n\t\t\t\n<p class=\"cff-date\" > 1 month ago <\/p>\n\t\t\t<\/div>\n\t<div class=\"cff-author-img \" data-avatar=\"https:\/\/scontent-zrh1-1.xx.fbcdn.net\/v\/t39.30808-1\/277800339_325514729568071_2056318910839395881_n.jpg?stp=c341.0.1365.1365a_cp0_dst-jpg_s50x50_tt6&#038;_nc_cat=109&#038;ccb=1-7&#038;_nc_sid=f907e8&#038;_nc_ohc=po-lfdlOqXUQ7kNvwFRjtvo&#038;_nc_oc=Adr5Yxb2FIE24gglJVwKblRTEbzRUHQHZyoEkt733Pu9PokdEhMg4jiBUx88P7cdHzI&#038;_nc_zt=24&#038;_nc_ht=scontent-zrh1-1.xx&#038;edm=AKIiGfEEAAAA&#038;_nc_gid=Svytxv1HoKQSNI4dEpgQJQ&#038;_nc_tpa=Q5bMBQHONO9PllM0rH_kPQPijY_s8UReCBzINVQ4QMkNMSGskfF8RKuLLI-1KCfvO1BohPM-ems6ZVP4Kw&#038;oh=00_Af0NopK3zFInooHzq6446R7vcGaIMwInzegvT2b4lYYS0A&#038;oe=69EE94B6\">\n\t\t<a href=\"https:\/\/facebook.com\/205531219466641\" target=\"_blank\" rel=\"nofollow noopener\" ><img class=\"lazyload\" decoding=\"async\" src=\"data:image\/gif;base64,R0lGODlhAQABAAAAACH5BAEKAAEALAAAAAABAAEAAAICTAEAOw==\" data-orig-src=\"https:\/\/scontent-zrh1-1.xx.fbcdn.net\/v\/t39.30808-1\/277800339_325514729568071_2056318910839395881_n.jpg?stp=c341.0.1365.1365a_cp0_dst-jpg_s50x50_tt6&#038;_nc_cat=109&#038;ccb=1-7&#038;_nc_sid=f907e8&#038;_nc_ohc=po-lfdlOqXUQ7kNvwFRjtvo&#038;_nc_oc=Adr5Yxb2FIE24gglJVwKblRTEbzRUHQHZyoEkt733Pu9PokdEhMg4jiBUx88P7cdHzI&#038;_nc_zt=24&#038;_nc_ht=scontent-zrh1-1.xx&#038;edm=AKIiGfEEAAAA&#038;_nc_gid=Svytxv1HoKQSNI4dEpgQJQ&#038;_nc_tpa=Q5bMBQHONO9PllM0rH_kPQPijY_s8UReCBzINVQ4QMkNMSGskfF8RKuLLI-1KCfvO1BohPM-ems6ZVP4Kw&#038;oh=00_Af0NopK3zFInooHzq6446R7vcGaIMwInzegvT2b4lYYS0A&#038;oe=69EE94B6\" title=\"Musikkapelle Peter Mayr Pfeffersberg\" alt=\"Musikkapelle Peter Mayr Pfeffersberg\" width=40 height=40 onerror=\"this.style.display='none'\"><\/a>\n\t<\/div>\n<\/div>\n\n<div class=\"cff-post-text\" >\n\t<span class=\"cff-text\" data-color=\"\">\n\t\tUnsere Marketenderinnen, F\u00e4hnrich &amp; Stabf\u00fchrer \u2013 ein  Dreamteam der Kapelle! \ud83d\udc9b\ud83c\udfb6<img class=\"cff-linebreak\" \/><img class=\"cff-linebreak\" \/>Unsere Marketenderinnen sorgen mit guter Laune, Charme und dem ein oder anderen Schnapsl daf\u00fcr, dass \u00fcberall beste Stimmung herrscht.\ud83d\ude0e<img class=\"cff-linebreak\" \/>Der Stabf\u00fchrer geht vorneweg, h\u00e4lt die Formation zusammen und zeigt beim Marschieren die Richtung.\ud83e\udd41<img class=\"cff-linebreak\" \/>Zusammen bringen sie Schwung, Ordnung und vor allem ganz viel gute Laune in jede Ausr\u00fcckung. \ud83c\udfb6<img class=\"cff-linebreak\" \/><img class=\"cff-linebreak\" \/>(v.l.n.r.)<img class=\"cff-linebreak\" \/>Helmut Stockner, Anna Eisenstecken, Vera Obexer, Julian Stockner<img class=\"cff-linebreak\" \/>auf dem Bild fehlen Elisabeth Baldauf und Sofie Tsch\u00f6ll<img class=\"cff-linebreak\" \/><img class=\"cff-linebreak\" \/><a href=\"https:\/\/facebook.com\/498428906882207\">#musikkapelle<\/a> <a href=\"https:\/\/facebook.com\/1067601019999787\">#mkpfeffersberg<\/a> <a href=\"https:\/\/facebook.com\/192708047545964\">#musikverbindet<\/a> <a href=\"https:\/\/facebook.com\/585301321482410\">#dreamteam<\/a> <a href=\"https:\/\/facebook.com\/864442503618645\">#holzbl\u00e4ser<\/a> blechbl\u00e4ser registerpower kapelleimeinsatz vsm southtyrol probenundspass musikfreunde musikmitherz kapellenalltag\t\t\t<\/span>\n\t<span class=\"cff-expand\">... <a href=\"#\" style=\"color: #\"><span class=\"cff-more\">Vedi altro<\/span><span class=\"cff-less\">Vedi meno<\/span><\/a><\/span>\n\n<\/div>\n\n<p class=\"cff-media-link\">\n\t<a href=\"https:\/\/www.facebook.com\/890624763057062\/posts\/1220986750020860\" target=\"_blank\" style=\"color: #\">\n\t\t<span style=\"padding-right: 5px;\" class=\"fa fas fa-picture-o fa-image\"><\/span>Foto\t<\/a>\n<\/p>\n\t<div class=\"cff-post-links\">\n\t\t\t\t\t<a class=\"cff-viewpost-facebook\" href=\"https:\/\/www.facebook.com\/890624763057062\/posts\/1220986750020860\" title=\"Auf Facebook anzeigen\" target=\"_blank\" rel=\"nofollow noopener\" >Auf Facebook anzeigen<\/a>\n\t\t\t\t\t\t\t<div class=\"cff-share-container\">\n\t\t\t\t\t\t\t\t\t<span class=\"cff-dot\" >&middot;<\/span>\n\t\t\t\t\t\t\t\t<a class=\"cff-share-link\" href=\"https:\/\/www.facebook.com\/sharer\/sharer.php?u=https%3A%2F%2Fwww.facebook.com%2F890624763057062%2Fposts%2F1220986750020860\" title=\"Teilen\" >Teilen<\/a>\n\t\t\t\t<p class=\"cff-share-tooltip\">\n\t\t\t\t\t\t\t\t\t\t\t<a href=\"https:\/\/www.facebook.com\/sharer\/sharer.php?u=https%3A%2F%2Fwww.facebook.com%2F890624763057062%2Fposts%2F1220986750020860\" target=\"_blank\" rel=\"noopener noreferrer\" class=\"cff-facebook-icon\">\n\t\t\t\t\t\t\t<span class=\"fa fab fa-facebook-square\" aria-hidden=\"true\"><\/span>\n\t\t\t\t\t\t\t<span class=\"cff-screenreader\">Condividi su Facebook<\/span>\n\t\t\t\t\t\t<\/a>\n\t\t\t\t\t\t\t\t\t\t\t<a href=\"https:\/\/twitter.com\/intent\/tweet?text=https%3A%2F%2Fwww.facebook.com%2F890624763057062%2Fposts%2F1220986750020860\" target=\"_blank\" rel=\"noopener noreferrer\" class=\"cff-twitter-icon\">\n\t\t\t\t\t\t\t<span class=\"fa fab fa-twitter\" aria-hidden=\"true\"><\/span>\n\t\t\t\t\t\t\t<span class=\"cff-screenreader\">Condividi su Twitter<\/span>\n\t\t\t\t\t\t<\/a>\n\t\t\t\t\t\t\t\t\t\t\t<a href=\"https:\/\/www.linkedin.com\/shareArticle?mini=true&#038;url=https%3A%2F%2Fwww.facebook.com%2F890624763057062%2Fposts%2F1220986750020860&#038;title=%09%09%09Unsere%20Marketenderinnen%2C%20F%C3%A4hnrich%20%26amp%3B%20Stabf%C3%BChrer%20%E2%80%93%20ein%20%20Dreamteam%20der%20Kapelle%21%20%F0%9F%92%9B%F0%9F%8E%B6Unsere%20Marketenderinnen%20sorgen%20mit%20guter%20Laune%2C%20Charme%20und%20dem%20ein%20oder%20anderen%20Schnapsl%20daf%C3%BCr%2C%20dass%20%C3%BCberall%20beste%20Stimmung%20herrscht.%F0%9F%98%8EDer%20Stabf%C3%BChrer%20geht%20vorneweg%2C%20h%C3%A4lt%20die%20Formation%20zusammen%20und%20zeigt%20beim%20Marschieren%20die%20Richtung.%F0%9F%A5%81Zusammen%20bringen%20sie%20Schwung%2C%20Ordnung%20und%20vor%20allem%20ganz%20viel%20gute%20Laune%20in%20jede%20Ausr%C3%BCckung.%20%F0%9F%8E%B6%28v.l.n.r.%29Helmut%20Stockner%2C%20Anna%20Eisenstecken%2C%20Vera%20Obexer%2C%20Julian%20Stocknerauf%20dem%20Bild%20fehlen%20Elisabeth%20Baldauf%20und%20Sofie%20Tsch%C3%B6ll%23musikkapelle%20%23mkpfeffersberg%20%23musikverbindet%20%23dreamteam%20%23holzbl%C3%A4ser%20blechbl%C3%A4ser%20registerpower%20kapelleimeinsatz%20vsm%20southtyrol%20probenundspass%20musikfreunde%20musikmitherz%20kapellenalltag%09%09%09%09\" target=\"_blank\" rel=\"noopener noreferrer\" class=\"cff-linkedin-icon\">\n\t\t\t\t\t\t\t<span class=\"fa fab fa-linkedin\" aria-hidden=\"true\"><\/span>\n\t\t\t\t\t\t\t<span class=\"cff-screenreader\">Condividi su LinkedIn<\/span>\n\t\t\t\t\t\t<\/a>\n\t\t\t\t\t\t\t\t\t\t\t<a href=\"mailto:?subject=Facebook&#038;body=https%3A%2F%2Fwww.facebook.com%2F890624763057062%2Fposts%2F1220986750020860%20-%20%0A%0A%09%0A%09%09Unsere%20Marketenderinnen%2C%20F%C3%A4hnrich%20%26amp%3B%20Stabf%C3%BChrer%20%E2%80%93%20ein%20%20Dreamteam%20der%20Kapelle%21%20%F0%9F%92%9B%F0%9F%8E%B6Unsere%20Marketenderinnen%20sorgen%20mit%20guter%20Laune%2C%20Charme%20und%20dem%20ein%20oder%20anderen%20Schnapsl%20daf%C3%BCr%2C%20dass%20%C3%BCberall%20beste%20Stimmung%20herrscht.%F0%9F%98%8EDer%20Stabf%C3%BChrer%20geht%20vorneweg%2C%20h%C3%A4lt%20die%20Formation%20zusammen%20und%20zeigt%20beim%20Marschieren%20die%20Richtung.%F0%9F%A5%81Zusammen%20bringen%20sie%20Schwung%2C%20Ordnung%20und%20vor%20allem%20ganz%20viel%20gute%20Laune%20in%20jede%20Ausr%C3%BCckung.%20%F0%9F%8E%B6%28v.l.n.r.%29Helmut%20Stockner%2C%20Anna%20Eisenstecken%2C%20Vera%20Obexer%2C%20Julian%20Stocknerauf%20dem%20Bild%20fehlen%20Elisabeth%20Baldauf%20und%20Sofie%20Tsch%C3%B6ll%23musikkapelle%20%23mkpfeffersberg%20%23musikverbindet%20%23dreamteam%20%23holzbl%C3%A4ser%20blechbl%C3%A4ser%20registerpower%20kapelleimeinsatz%20vsm%20southtyrol%20probenundspass%20musikfreunde%20musikmitherz%20kapellenalltag%09%09%09%0A%09\" target=\"_blank\" rel=\"noopener noreferrer\" class=\"cff-email-icon\">\n\t\t\t\t\t\t\t<span class=\"fa fab fa-envelope\" aria-hidden=\"true\"><\/span>\n\t\t\t\t\t\t\t<span class=\"cff-screenreader\">Condividi via email<\/span>\n\t\t\t\t\t\t<\/a>\n\t\t\t\t\t\t\t\t\t<\/p>\n\t\t\t<\/div>\n\t\t\t<\/div>\n\t<\/div>\n\n\n\n<div id=\"cff_205531219466641_1217775220342013\" class=\"cff-item cff-status-post cff-album cff-box author-musikkapelle-peter-mayr-pfeffersberg\"  style=\"border-radius:5px;\" >\n\t<div class=\"cff-author\">\n\t<div class=\"cff-author-text\">\n\t\t\t\t\t<div class=\"cff-page-name cff-author-date\" >\n\t\t\t\t<a href=\"https:\/\/facebook.com\/205531219466641\" target=\"_blank\" rel=\"nofollow noopener\" >Musikkapelle Peter Mayr Pfeffersberg<\/a>\n\t\t\t\t<span class=\"cff-story\">  is at Waltherhaus Bozen.<\/span>\n\t\t\t<\/div>\n\t\t\t\n<p class=\"cff-date\" > 1 month ago <\/p>\n\t\t\t<\/div>\n\t<div class=\"cff-author-img \" data-avatar=\"https:\/\/scontent-zrh1-1.xx.fbcdn.net\/v\/t39.30808-1\/277800339_325514729568071_2056318910839395881_n.jpg?stp=c341.0.1365.1365a_cp0_dst-jpg_s50x50_tt6&#038;_nc_cat=109&#038;ccb=1-7&#038;_nc_sid=f907e8&#038;_nc_ohc=po-lfdlOqXUQ7kNvwFRjtvo&#038;_nc_oc=Adr5Yxb2FIE24gglJVwKblRTEbzRUHQHZyoEkt733Pu9PokdEhMg4jiBUx88P7cdHzI&#038;_nc_zt=24&#038;_nc_ht=scontent-zrh1-1.xx&#038;edm=AKIiGfEEAAAA&#038;_nc_gid=Svytxv1HoKQSNI4dEpgQJQ&#038;_nc_tpa=Q5bMBQHONO9PllM0rH_kPQPijY_s8UReCBzINVQ4QMkNMSGskfF8RKuLLI-1KCfvO1BohPM-ems6ZVP4Kw&#038;oh=00_Af0NopK3zFInooHzq6446R7vcGaIMwInzegvT2b4lYYS0A&#038;oe=69EE94B6\">\n\t\t<a href=\"https:\/\/facebook.com\/205531219466641\" target=\"_blank\" rel=\"nofollow noopener\" ><img class=\"lazyload\" decoding=\"async\" src=\"data:image\/gif;base64,R0lGODlhAQABAAAAACH5BAEKAAEALAAAAAABAAEAAAICTAEAOw==\" data-orig-src=\"https:\/\/scontent-zrh1-1.xx.fbcdn.net\/v\/t39.30808-1\/277800339_325514729568071_2056318910839395881_n.jpg?stp=c341.0.1365.1365a_cp0_dst-jpg_s50x50_tt6&#038;_nc_cat=109&#038;ccb=1-7&#038;_nc_sid=f907e8&#038;_nc_ohc=po-lfdlOqXUQ7kNvwFRjtvo&#038;_nc_oc=Adr5Yxb2FIE24gglJVwKblRTEbzRUHQHZyoEkt733Pu9PokdEhMg4jiBUx88P7cdHzI&#038;_nc_zt=24&#038;_nc_ht=scontent-zrh1-1.xx&#038;edm=AKIiGfEEAAAA&#038;_nc_gid=Svytxv1HoKQSNI4dEpgQJQ&#038;_nc_tpa=Q5bMBQHONO9PllM0rH_kPQPijY_s8UReCBzINVQ4QMkNMSGskfF8RKuLLI-1KCfvO1BohPM-ems6ZVP4Kw&#038;oh=00_Af0NopK3zFInooHzq6446R7vcGaIMwInzegvT2b4lYYS0A&#038;oe=69EE94B6\" title=\"Musikkapelle Peter Mayr Pfeffersberg\" alt=\"Musikkapelle Peter Mayr Pfeffersberg\" width=40 height=40 onerror=\"this.style.display='none'\"><\/a>\n\t<\/div>\n<\/div>\n\n<div class=\"cff-post-text\" >\n\t<span class=\"cff-text\" data-color=\"\">\n\t\t\ud835\udc69\ud835\udc8d\ud835\udc82\ud835\udc94\ud835\udc8e\ud835\udc96\ud835\udc94\ud835\udc8a\ud835\udc8c\ud835\udc91\ud835\udc93\ud835\udc86\ud835\udc8a\ud835\udc94 \ud835\udc85\ud835\udc86\ud835\udc94 \ud835\udc73\ud835\udc82\ud835\udc8f\ud835\udc85\ud835\udc86\ud835\udc94 \ud835\udc7a\u00fc\ud835\udc85\ud835\udc95\ud835\udc8a\ud835\udc93\ud835\udc90\ud835\udc8d \ud835\udfd0\ud835\udfce\ud835\udfd0\ud835\udfd3<img class=\"cff-linebreak\" \/><img class=\"cff-linebreak\" \/>Mit gro\u00dfer Freude und Dankbarkeit d\u00fcrfen wir verk\u00fcnden, dass wir im Rahmen der VSM-Mitgliederversammlung mit dem Blasmusikpreis des Landes S\u00fcdtirol 2025 \u2013 \u201eVereinsarbeit umfassend und komplex\u201c ausgezeichnet wurden. \u2728<img class=\"cff-linebreak\" \/>\u2028Diese besondere Ehrung w\u00fcrdigt die Arbeit, den Einsatz und den Zusammenhalt unserer gesamten Kapelle \u2013 auf und neben der B\u00fchne. \ud83c\udfb6<img class=\"cff-linebreak\" \/><img class=\"cff-linebreak\" \/>Besonders stolz macht uns die Begr\u00fcndung der Jury:<img class=\"cff-linebreak\" \/>\u201e\ud835\ude0b\ud835\ude2a\ud835\ude26 \ud835\ude11\ud835\ude36\ud835\ude33\ud835\ude3a \ud835\ude38\u00fc\ud835\ude33\ud835\ude25\ud835\ude2a\ud835\ude28\ud835\ude35 \ud835\ude25\ud835\ude2a\ud835\ude26 \ud835\ude2a\ud835\ude2f\ud835\ude35\ud835\ude26\ud835\ude2f\ud835\ude34\ud835\ude2a\ud835\ude37\ud835\ude26 \ud835\ude11\ud835\ude36\ud835\ude28\ud835\ude26\ud835\ude2f\ud835\ude25\ud835\ude22\ud835\ude33\ud835\ude23\ud835\ude26\ud835\ude2a\ud835\ude35, \ud835\ude25\ud835\ude2a\ud835\ude26 \ud835\ude25\ud835\ude36\ud835\ude33\ud835\ude24\ud835\ude29 \ud835\ude3b\ud835\ude22\ud835\ude29\ud835\ude2d\ud835\ude33\ud835\ude26\ud835\ude2a\ud835\ude24\ud835\ude29\ud835\ude26 \ud835\ude17\ud835\ude33\ud835\ude30\ud835\ude2b\ud835\ude26\ud835\ude2c\ud835\ude35\ud835\ude26 \ud835\ude36\ud835\ude2f\ud835\ude25 \ud835\ude37\ud835\ude2a\ud835\ude26\ud835\ude2d\ud835\ude27\u00e4\ud835\ude2d\ud835\ude35\ud835\ude2a\ud835\ude28\ud835\ude26 \ud835\ude1d\ud835\ude26\ud835\ude33\ud835\ude22\ud835\ude2f\ud835\ude34\ud835\ude35\ud835\ude22\ud835\ude2d\ud835\ude35\ud835\ude36\ud835\ude2f\ud835\ude28\ud835\ude26\ud835\ude2f \ud835\ude28\ud835\ude26\ud835\ude31\ud835\ude33\u00e4\ud835\ude28\ud835\ude35 \ud835\ude2a\ud835\ude34\ud835\ude35. \ud835\ude09\ud835\ude26\ud835\ude34\ud835\ude30\ud835\ude2f\ud835\ude25\ud835\ude26\ud835\ude33\ud835\ude34 \ud835\ude29\ud835\ude26\ud835\ude33\ud835\ude37\ud835\ude30\ud835\ude33\ud835\ude28\ud835\ude26\ud835\ude29\ud835\ude30\ud835\ude23\ud835\ude26\ud835\ude2f \ud835\ude38\ud835\ude2a\ud835\ude33\ud835\ude25 \ud835\ude25\ud835\ude22\ud835\ude34 \ud835\ude0c\ud835\ude2f\ud835\ude28\ud835\ude22\ud835\ude28\ud835\ude26\ud835\ude2e\ud835\ude26\ud835\ude2f\ud835\ude35 \ud835\ude23\ud835\ude26\ud835\ude2a \ud835\ude25\ud835\ude26\ud835\ude33 \ud835\ude0e\ud835\ude26\ud835\ude38\ud835\ude2a\ud835\ude2f\ud835\ude2f\ud835\ude36\ud835\ude2f\ud835\ude28 \ud835\ude2b\ud835\ude36\ud835\ude2f\ud835\ude28\ud835\ude26\ud835\ude33 \ud835\ude14\ud835\ude2a\ud835\ude35\ud835\ude28\ud835\ude2d\ud835\ude2a\ud835\ude26\ud835\ude25\ud835\ude26\ud835\ude33 \ud835\ude36\ud835\ude2f\ud835\ude25 \ud835\ude25\ud835\ude2a\ud835\ude26 \ud835\ude0d\u00f6\ud835\ude33\ud835\ude25\ud835\ude26\ud835\ude33\ud835\ude36\ud835\ude2f\ud835\ude28 \ud835\ude2a\ud835\ude29\ud835\ude33\ud835\ude26\ud835\ude33 \ud835\ude22\ud835\ude2c\ud835\ude35\ud835\ude2a\ud835\ude37\ud835\ude26\ud835\ude2f \ud835\ude09\ud835\ude26\ud835\ude35\ud835\ude26\ud835\ude2a\ud835\ude2d\ud835\ude2a\ud835\ude28\ud835\ude36\ud835\ude2f\ud835\ude28, \ud835\ude38\ud835\ude30\ud835\ude25\ud835\ude36\ud835\ude33\ud835\ude24\ud835\ude29 \ud835\ude25\ud835\ude2a\ud835\ude26 \ud835\ude2e\ud835\ude36\ud835\ude34\ud835\ude2a\ud835\ude2c\ud835\ude22\ud835\ude2d\ud835\ude2a\ud835\ude34\ud835\ude24\ud835\ude29\ud835\ude26 \ud835\ude36\ud835\ude2f\ud835\ude25 \ud835\ude28\ud835\ude26\ud835\ude2e\ud835\ude26\ud835\ude2a\ud835\ude2f\ud835\ude34\ud835\ude24\ud835\ude29\ud835\ude22\ud835\ude27\ud835\ude35\ud835\ude2d\ud835\ude2a\ud835\ude24\ud835\ude29\ud835\ude26 \ud835\ude0c\ud835\ude2f\ud835\ude35\ud835\ude38\ud835\ude2a\ud835\ude24\ud835\ude2c\ud835\ude2d\ud835\ude36\ud835\ude2f\ud835\ude28 \ud835\ude2f\ud835\ude22\ud835\ude24\ud835\ude29\ud835\ude29\ud835\ude22\ud835\ude2d\ud835\ude35\ud835\ude2a\ud835\ude28 \ud835\ude36\ud835\ude2f\ud835\ude35\ud835\ude26\ud835\ude33\ud835\ude34\ud835\ude35\u00fc\ud835\ude35\ud835\ude3b\ud835\ude35 \ud835\ude38\ud835\ude2a\ud835\ude33\ud835\ude25.\u201c\u2028<img class=\"cff-linebreak\" \/>Dieser Preis geh\u00f6rt unserer ganzen Gemeinschaft\u2764\ufe0f:\u2028unseren Musikantinnen und Musikanten \ud83c\udfba\ud83e\udd41, unserem Ausschuss, unserer Piezn, allen Helferinnen und Helfern \ud83d\ude4c sowie allen, die unsere Musik und unsere Arbeit seit Jahren unterst\u00fctzen.<img class=\"cff-linebreak\" \/>Ein gro\u00dfes Vergelt\u2019s Gott an alle, die Teil unserer musikalischen Familie sind! \ud83d\ude4f\ud83c\udfb6<img class=\"cff-linebreak\" \/>\u2028Denn eines zeigt dieser Moment besonders: <img class=\"cff-linebreak\" \/>\ud835\udde0\ud835\ude02\ud835\ude00\ud835\uddf6\ud835\uddf8 \ud835\ude03\ud835\uddf2\ud835\uddff\ud835\uddef\ud835\uddf6\ud835\uddfb\ud835\uddf1\ud835\uddf2\ud835\ude01 - Menschen, Generationen und Gemeinschaft \u2013 heute und auch in Zukunft. \ud83c\udf1f<img class=\"cff-linebreak\" \/><img class=\"cff-linebreak\" \/>Eure MK Peter Mayr Pfeffersberg\ud83c\udfb6<img class=\"cff-linebreak\" \/><img class=\"cff-linebreak\" \/><a href=\"https:\/\/facebook.com\/498428906882207\">#musikkapelle<\/a> <a href=\"https:\/\/facebook.com\/1067601019999787\">#mkpfeffersberg<\/a> <a href=\"https:\/\/facebook.com\/192708047545964\">#musikverbindet<\/a> <a href=\"https:\/\/facebook.com\/864442503618645\">#holzbl\u00e4ser<\/a> <a href=\"https:\/\/facebook.com\/510816688993039\">#blechbl\u00e4ser<\/a>\t\t\t<\/span>\n\t<span class=\"cff-expand\">... <a href=\"#\" style=\"color: #\"><span class=\"cff-more\">Vedi altro<\/span><span class=\"cff-less\">Vedi meno<\/span><\/a><\/span>\n\n<\/div>\n\n<p class=\"cff-media-link\">\n\t<a href=\"https:\/\/www.facebook.com\/890624763057062\/posts\/1217775220342013\" target=\"_blank\" style=\"color: #\">\n\t\t<span style=\"padding-right: 5px;\" class=\"fa fas fa-picture-o fa-image\"><\/span>Foto\t<\/a>\n<\/p>\n\t<div class=\"cff-post-links\">\n\t\t\t\t\t<a class=\"cff-viewpost-facebook\" href=\"https:\/\/www.facebook.com\/890624763057062\/posts\/1217775220342013\" title=\"Auf Facebook anzeigen\" target=\"_blank\" rel=\"nofollow noopener\" >Auf Facebook anzeigen<\/a>\n\t\t\t\t\t\t\t<div class=\"cff-share-container\">\n\t\t\t\t\t\t\t\t\t<span class=\"cff-dot\" >&middot;<\/span>\n\t\t\t\t\t\t\t\t<a class=\"cff-share-link\" href=\"https:\/\/www.facebook.com\/sharer\/sharer.php?u=https%3A%2F%2Fwww.facebook.com%2F890624763057062%2Fposts%2F1217775220342013\" title=\"Teilen\" >Teilen<\/a>\n\t\t\t\t<p class=\"cff-share-tooltip\">\n\t\t\t\t\t\t\t\t\t\t\t<a href=\"https:\/\/www.facebook.com\/sharer\/sharer.php?u=https%3A%2F%2Fwww.facebook.com%2F890624763057062%2Fposts%2F1217775220342013\" target=\"_blank\" rel=\"noopener noreferrer\" class=\"cff-facebook-icon\">\n\t\t\t\t\t\t\t<span class=\"fa fab fa-facebook-square\" aria-hidden=\"true\"><\/span>\n\t\t\t\t\t\t\t<span class=\"cff-screenreader\">Condividi su Facebook<\/span>\n\t\t\t\t\t\t<\/a>\n\t\t\t\t\t\t\t\t\t\t\t<a href=\"https:\/\/twitter.com\/intent\/tweet?text=https%3A%2F%2Fwww.facebook.com%2F890624763057062%2Fposts%2F1217775220342013\" target=\"_blank\" rel=\"noopener noreferrer\" class=\"cff-twitter-icon\">\n\t\t\t\t\t\t\t<span class=\"fa fab fa-twitter\" aria-hidden=\"true\"><\/span>\n\t\t\t\t\t\t\t<span class=\"cff-screenreader\">Condividi su Twitter<\/span>\n\t\t\t\t\t\t<\/a>\n\t\t\t\t\t\t\t\t\t\t\t<a href=\"https:\/\/www.linkedin.com\/shareArticle?mini=true&#038;url=https%3A%2F%2Fwww.facebook.com%2F890624763057062%2Fposts%2F1217775220342013&#038;title=%09%09%09%F0%9D%91%A9%F0%9D%92%8D%F0%9D%92%82%F0%9D%92%94%F0%9D%92%8E%F0%9D%92%96%F0%9D%92%94%F0%9D%92%8A%F0%9D%92%8C%F0%9D%92%91%F0%9D%92%93%F0%9D%92%86%F0%9D%92%8A%F0%9D%92%94%20%F0%9D%92%85%F0%9D%92%86%F0%9D%92%94%20%F0%9D%91%B3%F0%9D%92%82%F0%9D%92%8F%F0%9D%92%85%F0%9D%92%86%F0%9D%92%94%20%F0%9D%91%BA%C3%BC%F0%9D%92%85%F0%9D%92%95%F0%9D%92%8A%F0%9D%92%93%F0%9D%92%90%F0%9D%92%8D%20%F0%9D%9F%90%F0%9D%9F%8E%F0%9D%9F%90%F0%9D%9F%93Mit%20gro%C3%9Fer%20Freude%20und%20Dankbarkeit%20d%C3%BCrfen%20wir%20verk%C3%BCnden%2C%20dass%20wir%20im%20Rahmen%20der%20VSM-Mitgliederversammlung%20mit%20dem%20Blasmusikpreis%20des%20Landes%20S%C3%BCdtirol%202025%20%E2%80%93%20%E2%80%9EVereinsarbeit%20umfassend%20und%20komplex%E2%80%9C%20ausgezeichnet%20wurden.%20%E2%9C%A8%E2%80%A8Diese%20besondere%20Ehrung%20w%C3%BCrdigt%20die%20Arbeit%2C%20den%20Einsatz%20und%20den%20Zusammenhalt%20unserer%20gesamten%20Kapelle%20%E2%80%93%20auf%20und%20neben%20der%20B%C3%BChne.%20%F0%9F%8E%B6Besonders%20stolz%20macht%20uns%20die%20Begr%C3%BCndung%20der%20Jury%3A%E2%80%9E%F0%9D%98%8B%F0%9D%98%AA%F0%9D%98%A6%20%F0%9D%98%91%F0%9D%98%B6%F0%9D%98%B3%F0%9D%98%BA%20%F0%9D%98%B8%C3%BC%F0%9D%98%B3%F0%9D%98%A5%F0%9D%98%AA%F0%9D%98%A8%F0%9D%98%B5%20%F0%9D%98%A5%F0%9D%98%AA%F0%9D%98%A6%20%F0%9D%98%AA%F0%9D%98%AF%F0%9D%98%B5%F0%9D%98%A6%F0%9D%98%AF%F0%9D%98%B4%F0%9D%98%AA%F0%9D%98%B7%F0%9D%98%A6%20%F0%9D%98%91%F0%9D%98%B6%F0%9D%98%A8%F0%9D%98%A6%F0%9D%98%AF%F0%9D%98%A5%F0%9D%98%A2%F0%9D%98%B3%F0%9D%98%A3%F0%9D%98%A6%F0%9D%98%AA%F0%9D%98%B5%2C%20%F0%9D%98%A5%F0%9D%98%AA%F0%9D%98%A6%20%F0%9D%98%A5%F0%9D%98%B6%F0%9D%98%B3%F0%9D%98%A4%F0%9D%98%A9%20%F0%9D%98%BB%F0%9D%98%A2%F0%9D%98%A9%F0%9D%98%AD%F0%9D%98%B3%F0%9D%98%A6%F0%9D%98%AA%F0%9D%98%A4%F0%9D%98%A9%F0%9D%98%A6%20%F0%9D%98%97%F0%9D%98%B3%F0%9D%98%B0%F0%9D%98%AB%F0%9D%98%A6%F0%9D%98%AC%F0%9D%98%B5%F0%9D%98%A6%20%F0%9D%98%B6%F0%9D%98%AF%F0%9D%98%A5%20%F0%9D%98%B7%F0%9D%98%AA%F0%9D%98%A6%F0%9D%98%AD%F0%9D%98%A7%C3%A4%F0%9D%98%AD%F0%9D%98%B5%F0%9D%98%AA%F0%9D%98%A8%F0%9D%98%A6%20%F0%9D%98%9D%F0%9D%98%A6%F0%9D%98%B3%F0%9D%98%A2%F0%9D%98%AF%F0%9D%98%B4%F0%9D%98%B5%F0%9D%98%A2%F0%9D%98%AD%F0%9D%98%B5%F0%9D%98%B6%F0%9D%98%AF%F0%9D%98%A8%F0%9D%98%A6%F0%9D%98%AF%20%F0%9D%98%A8%F0%9D%98%A6%F0%9D%98%B1%F0%9D%98%B3%C3%A4%F0%9D%98%A8%F0%9D%98%B5%20%F0%9D%98%AA%F0%9D%98%B4%F0%9D%98%B5.%20%F0%9D%98%89%F0%9D%98%A6%F0%9D%98%B4%F0%9D%98%B0%F0%9D%98%AF%F0%9D%98%A5%F0%9D%98%A6%F0%9D%98%B3%F0%9D%98%B4%20%F0%9D%98%A9%F0%9D%98%A6%F0%9D%98%B3%F0%9D%98%B7%F0%9D%98%B0%F0%9D%98%B3%F0%9D%98%A8%F0%9D%98%A6%F0%9D%98%A9%F0%9D%98%B0%F0%9D%98%A3%F0%9D%98%A6%F0%9D%98%AF%20%F0%9D%98%B8%F0%9D%98%AA%F0%9D%98%B3%F0%9D%98%A5%20%F0%9D%98%A5%F0%9D%98%A2%F0%9D%98%B4%20%F0%9D%98%8C%F0%9D%98%AF%F0%9D%98%A8%F0%9D%98%A2%F0%9D%98%A8%F0%9D%98%A6%F0%9D%98%AE%F0%9D%98%A6%F0%9D%98%AF%F0%9D%98%B5%20%F0%9D%98%A3%F0%9D%98%A6%F0%9D%98%AA%20%F0%9D%98%A5%F0%9D%98%A6%F0%9D%98%B3%20%F0%9D%98%8E%F0%9D%98%A6%F0%9D%98%B8%F0%9D%98%AA%F0%9D%98%AF%F0%9D%98%AF%F0%9D%98%B6%F0%9D%98%AF%F0%9D%98%A8%20%F0%9D%98%AB%F0%9D%98%B6%F0%9D%98%AF%F0%9D%98%A8%F0%9D%98%A6%F0%9D%98%B3%20%F0%9D%98%94%F0%9D%98%AA%F0%9D%98%B5%F0%9D%98%A8%F0%9D%98%AD%F0%9D%98%AA%F0%9D%98%A6%F0%9D%98%A5%F0%9D%98%A6%F0%9D%98%B3%20%F0%9D%98%B6%F0%9D%98%AF%F0%9D%98%A5%20%F0%9D%98%A5%F0%9D%98%AA%F0%9D%98%A6%20%F0%9D%98%8D%C3%B6%F0%9D%98%B3%F0%9D%98%A5%F0%9D%98%A6%F0%9D%98%B3%F0%9D%98%B6%F0%9D%98%AF%F0%9D%98%A8%20%F0%9D%98%AA%F0%9D%98%A9%F0%9D%98%B3%F0%9D%98%A6%F0%9D%98%B3%20%F0%9D%98%A2%F0%9D%98%AC%F0%9D%98%B5%F0%9D%98%AA%F0%9D%98%B7%F0%9D%98%A6%F0%9D%98%AF%20%F0%9D%98%89%F0%9D%98%A6%F0%9D%98%B5%F0%9D%98%A6%F0%9D%98%AA%F0%9D%98%AD%F0%9D%98%AA%F0%9D%98%A8%F0%9D%98%B6%F0%9D%98%AF%F0%9D%98%A8%2C%20%F0%9D%98%B8%F0%9D%98%B0%F0%9D%98%A5%F0%9D%98%B6%F0%9D%98%B3%F0%9D%98%A4%F0%9D%98%A9%20%F0%9D%98%A5%F0%9D%98%AA%F0%9D%98%A6%20%F0%9D%98%AE%F0%9D%98%B6%F0%9D%98%B4%F0%9D%98%AA%F0%9D%98%AC%F0%9D%98%A2%F0%9D%98%AD%F0%9D%98%AA%F0%9D%98%B4%F0%9D%98%A4%F0%9D%98%A9%F0%9D%98%A6%20%F0%9D%98%B6%F0%9D%98%AF%F0%9D%98%A5%20%F0%9D%98%A8%F0%9D%98%A6%F0%9D%98%AE%F0%9D%98%A6%F0%9D%98%AA%F0%9D%98%AF%F0%9D%98%B4%F0%9D%98%A4%F0%9D%98%A9%F0%9D%98%A2%F0%9D%98%A7%F0%9D%98%B5%F0%9D%98%AD%F0%9D%98%AA%F0%9D%98%A4%F0%9D%98%A9%F0%9D%98%A6%20%F0%9D%98%8C%F0%9D%98%AF%F0%9D%98%B5%F0%9D%98%B8%F0%9D%98%AA%F0%9D%98%A4%F0%9D%98%AC%F0%9D%98%AD%F0%9D%98%B6%F0%9D%98%AF%F0%9D%98%A8%20%F0%9D%98%AF%F0%9D%98%A2%F0%9D%98%A4%F0%9D%98%A9%F0%9D%98%A9%F0%9D%98%A2%F0%9D%98%AD%F0%9D%98%B5%F0%9D%98%AA%F0%9D%98%A8%20%F0%9D%98%B6%F0%9D%98%AF%F0%9D%98%B5%F0%9D%98%A6%F0%9D%98%B3%F0%9D%98%B4%F0%9D%98%B5%C3%BC%F0%9D%98%B5%F0%9D%98%BB%F0%9D%98%B5%20%F0%9D%98%B8%F0%9D%98%AA%F0%9D%98%B3%F0%9D%98%A5.%E2%80%9C%E2%80%A8Dieser%20Preis%20geh%C3%B6rt%20unserer%20ganzen%20Gemeinschaft%E2%9D%A4%EF%B8%8F%3A%E2%80%A8unseren%20Musikantinnen%20und%20Musikanten%20%F0%9F%8E%BA%F0%9F%A5%81%2C%20unserem%20Ausschuss%2C%20unserer%20Piezn%2C%20allen%20Helferinnen%20und%20Helfern%20%F0%9F%99%8C%20sowie%20allen%2C%20die%20unsere%20Musik%20und%20unsere%20Arbeit%20seit%20Jahren%20unterst%C3%BCtzen.Ein%20gro%C3%9Fes%20Vergelt%E2%80%99s%20Gott%20an%20alle%2C%20die%20Teil%20unserer%20musikalischen%20Familie%20sind%21%20%F0%9F%99%8F%F0%9F%8E%B6%E2%80%A8Denn%20eines%20zeigt%20dieser%20Moment%20besonders%3A%20%F0%9D%97%A0%F0%9D%98%82%F0%9D%98%80%F0%9D%97%B6%F0%9D%97%B8%20%F0%9D%98%83%F0%9D%97%B2%F0%9D%97%BF%F0%9D%97%AF%F0%9D%97%B6%F0%9D%97%BB%F0%9D%97%B1%F0%9D%97%B2%F0%9D%98%81%20-%20Menschen%2C%20Generationen%20und%20Gemeinschaft%20%E2%80%93%20heute%20und%20auch%20in%20Zukunft.%20%F0%9F%8C%9FEure%20MK%20Peter%20Mayr%20Pfeffersberg%F0%9F%8E%B6%23musikkapelle%20%23mkpfeffersberg%20%23musikverbindet%20%23holzbl%C3%A4ser%20%23blechbl%C3%A4ser%09%09%09%09\" target=\"_blank\" rel=\"noopener noreferrer\" class=\"cff-linkedin-icon\">\n\t\t\t\t\t\t\t<span class=\"fa fab fa-linkedin\" aria-hidden=\"true\"><\/span>\n\t\t\t\t\t\t\t<span class=\"cff-screenreader\">Condividi su LinkedIn<\/span>\n\t\t\t\t\t\t<\/a>\n\t\t\t\t\t\t\t\t\t\t\t<a href=\"mailto:?subject=Facebook&#038;body=https%3A%2F%2Fwww.facebook.com%2F890624763057062%2Fposts%2F1217775220342013%20-%20%0A%0A%09%0A%09%09%F0%9D%91%A9%F0%9D%92%8D%F0%9D%92%82%F0%9D%92%94%F0%9D%92%8E%F0%9D%92%96%F0%9D%92%94%F0%9D%92%8A%F0%9D%92%8C%F0%9D%92%91%F0%9D%92%93%F0%9D%92%86%F0%9D%92%8A%F0%9D%92%94%20%F0%9D%92%85%F0%9D%92%86%F0%9D%92%94%20%F0%9D%91%B3%F0%9D%92%82%F0%9D%92%8F%F0%9D%92%85%F0%9D%92%86%F0%9D%92%94%20%F0%9D%91%BA%C3%BC%F0%9D%92%85%F0%9D%92%95%F0%9D%92%8A%F0%9D%92%93%F0%9D%92%90%F0%9D%92%8D%20%F0%9D%9F%90%F0%9D%9F%8E%F0%9D%9F%90%F0%9D%9F%93Mit%20gro%C3%9Fer%20Freude%20und%20Dankbarkeit%20d%C3%BCrfen%20wir%20verk%C3%BCnden%2C%20dass%20wir%20im%20Rahmen%20der%20VSM-Mitgliederversammlung%20mit%20dem%20Blasmusikpreis%20des%20Landes%20S%C3%BCdtirol%202025%20%E2%80%93%20%E2%80%9EVereinsarbeit%20umfassend%20und%20komplex%E2%80%9C%20ausgezeichnet%20wurden.%20%E2%9C%A8%E2%80%A8Diese%20besondere%20Ehrung%20w%C3%BCrdigt%20die%20Arbeit%2C%20den%20Einsatz%20und%20den%20Zusammenhalt%20unserer%20gesamten%20Kapelle%20%E2%80%93%20auf%20und%20neben%20der%20B%C3%BChne.%20%F0%9F%8E%B6Besonders%20stolz%20macht%20uns%20die%20Begr%C3%BCndung%20der%20Jury%3A%E2%80%9E%F0%9D%98%8B%F0%9D%98%AA%F0%9D%98%A6%20%F0%9D%98%91%F0%9D%98%B6%F0%9D%98%B3%F0%9D%98%BA%20%F0%9D%98%B8%C3%BC%F0%9D%98%B3%F0%9D%98%A5%F0%9D%98%AA%F0%9D%98%A8%F0%9D%98%B5%20%F0%9D%98%A5%F0%9D%98%AA%F0%9D%98%A6%20%F0%9D%98%AA%F0%9D%98%AF%F0%9D%98%B5%F0%9D%98%A6%F0%9D%98%AF%F0%9D%98%B4%F0%9D%98%AA%F0%9D%98%B7%F0%9D%98%A6%20%F0%9D%98%91%F0%9D%98%B6%F0%9D%98%A8%F0%9D%98%A6%F0%9D%98%AF%F0%9D%98%A5%F0%9D%98%A2%F0%9D%98%B3%F0%9D%98%A3%F0%9D%98%A6%F0%9D%98%AA%F0%9D%98%B5%2C%20%F0%9D%98%A5%F0%9D%98%AA%F0%9D%98%A6%20%F0%9D%98%A5%F0%9D%98%B6%F0%9D%98%B3%F0%9D%98%A4%F0%9D%98%A9%20%F0%9D%98%BB%F0%9D%98%A2%F0%9D%98%A9%F0%9D%98%AD%F0%9D%98%B3%F0%9D%98%A6%F0%9D%98%AA%F0%9D%98%A4%F0%9D%98%A9%F0%9D%98%A6%20%F0%9D%98%97%F0%9D%98%B3%F0%9D%98%B0%F0%9D%98%AB%F0%9D%98%A6%F0%9D%98%AC%F0%9D%98%B5%F0%9D%98%A6%20%F0%9D%98%B6%F0%9D%98%AF%F0%9D%98%A5%20%F0%9D%98%B7%F0%9D%98%AA%F0%9D%98%A6%F0%9D%98%AD%F0%9D%98%A7%C3%A4%F0%9D%98%AD%F0%9D%98%B5%F0%9D%98%AA%F0%9D%98%A8%F0%9D%98%A6%20%F0%9D%98%9D%F0%9D%98%A6%F0%9D%98%B3%F0%9D%98%A2%F0%9D%98%AF%F0%9D%98%B4%F0%9D%98%B5%F0%9D%98%A2%F0%9D%98%AD%F0%9D%98%B5%F0%9D%98%B6%F0%9D%98%AF%F0%9D%98%A8%F0%9D%98%A6%F0%9D%98%AF%20%F0%9D%98%A8%F0%9D%98%A6%F0%9D%98%B1%F0%9D%98%B3%C3%A4%F0%9D%98%A8%F0%9D%98%B5%20%F0%9D%98%AA%F0%9D%98%B4%F0%9D%98%B5.%20%F0%9D%98%89%F0%9D%98%A6%F0%9D%98%B4%F0%9D%98%B0%F0%9D%98%AF%F0%9D%98%A5%F0%9D%98%A6%F0%9D%98%B3%F0%9D%98%B4%20%F0%9D%98%A9%F0%9D%98%A6%F0%9D%98%B3%F0%9D%98%B7%F0%9D%98%B0%F0%9D%98%B3%F0%9D%98%A8%F0%9D%98%A6%F0%9D%98%A9%F0%9D%98%B0%F0%9D%98%A3%F0%9D%98%A6%F0%9D%98%AF%20%F0%9D%98%B8%F0%9D%98%AA%F0%9D%98%B3%F0%9D%98%A5%20%F0%9D%98%A5%F0%9D%98%A2%F0%9D%98%B4%20%F0%9D%98%8C%F0%9D%98%AF%F0%9D%98%A8%F0%9D%98%A2%F0%9D%98%A8%F0%9D%98%A6%F0%9D%98%AE%F0%9D%98%A6%F0%9D%98%AF%F0%9D%98%B5%20%F0%9D%98%A3%F0%9D%98%A6%F0%9D%98%AA%20%F0%9D%98%A5%F0%9D%98%A6%F0%9D%98%B3%20%F0%9D%98%8E%F0%9D%98%A6%F0%9D%98%B8%F0%9D%98%AA%F0%9D%98%AF%F0%9D%98%AF%F0%9D%98%B6%F0%9D%98%AF%F0%9D%98%A8%20%F0%9D%98%AB%F0%9D%98%B6%F0%9D%98%AF%F0%9D%98%A8%F0%9D%98%A6%F0%9D%98%B3%20%F0%9D%98%94%F0%9D%98%AA%F0%9D%98%B5%F0%9D%98%A8%F0%9D%98%AD%F0%9D%98%AA%F0%9D%98%A6%F0%9D%98%A5%F0%9D%98%A6%F0%9D%98%B3%20%F0%9D%98%B6%F0%9D%98%AF%F0%9D%98%A5%20%F0%9D%98%A5%F0%9D%98%AA%F0%9D%98%A6%20%F0%9D%98%8D%C3%B6%F0%9D%98%B3%F0%9D%98%A5%F0%9D%98%A6%F0%9D%98%B3%F0%9D%98%B6%F0%9D%98%AF%F0%9D%98%A8%20%F0%9D%98%AA%F0%9D%98%A9%F0%9D%98%B3%F0%9D%98%A6%F0%9D%98%B3%20%F0%9D%98%A2%F0%9D%98%AC%F0%9D%98%B5%F0%9D%98%AA%F0%9D%98%B7%F0%9D%98%A6%F0%9D%98%AF%20%F0%9D%98%89%F0%9D%98%A6%F0%9D%98%B5%F0%9D%98%A6%F0%9D%98%AA%F0%9D%98%AD%F0%9D%98%AA%F0%9D%98%A8%F0%9D%98%B6%F0%9D%98%AF%F0%9D%98%A8%2C%20%F0%9D%98%B8%F0%9D%98%B0%F0%9D%98%A5%F0%9D%98%B6%F0%9D%98%B3%F0%9D%98%A4%F0%9D%98%A9%20%F0%9D%98%A5%F0%9D%98%AA%F0%9D%98%A6%20%F0%9D%98%AE%F0%9D%98%B6%F0%9D%98%B4%F0%9D%98%AA%F0%9D%98%AC%F0%9D%98%A2%F0%9D%98%AD%F0%9D%98%AA%F0%9D%98%B4%F0%9D%98%A4%F0%9D%98%A9%F0%9D%98%A6%20%F0%9D%98%B6%F0%9D%98%AF%F0%9D%98%A5%20%F0%9D%98%A8%F0%9D%98%A6%F0%9D%98%AE%F0%9D%98%A6%F0%9D%98%AA%F0%9D%98%AF%F0%9D%98%B4%F0%9D%98%A4%F0%9D%98%A9%F0%9D%98%A2%F0%9D%98%A7%F0%9D%98%B5%F0%9D%98%AD%F0%9D%98%AA%F0%9D%98%A4%F0%9D%98%A9%F0%9D%98%A6%20%F0%9D%98%8C%F0%9D%98%AF%F0%9D%98%B5%F0%9D%98%B8%F0%9D%98%AA%F0%9D%98%A4%F0%9D%98%AC%F0%9D%98%AD%F0%9D%98%B6%F0%9D%98%AF%F0%9D%98%A8%20%F0%9D%98%AF%F0%9D%98%A2%F0%9D%98%A4%F0%9D%98%A9%F0%9D%98%A9%F0%9D%98%A2%F0%9D%98%AD%F0%9D%98%B5%F0%9D%98%AA%F0%9D%98%A8%20%F0%9D%98%B6%F0%9D%98%AF%F0%9D%98%B5%F0%9D%98%A6%F0%9D%98%B3%F0%9D%98%B4%F0%9D%98%B5%C3%BC%F0%9D%98%B5%F0%9D%98%BB%F0%9D%98%B5%20%F0%9D%98%B8%F0%9D%98%AA%F0%9D%98%B3%F0%9D%98%A5.%E2%80%9C%E2%80%A8Dieser%20Preis%20geh%C3%B6rt%20unserer%20ganzen%20Gemeinschaft%E2%9D%A4%EF%B8%8F%3A%E2%80%A8unseren%20Musikantinnen%20und%20Musikanten%20%F0%9F%8E%BA%F0%9F%A5%81%2C%20unserem%20Ausschuss%2C%20unserer%20Piezn%2C%20allen%20Helferinnen%20und%20Helfern%20%F0%9F%99%8C%20sowie%20allen%2C%20die%20unsere%20Musik%20und%20unsere%20Arbeit%20seit%20Jahren%20unterst%C3%BCtzen.Ein%20gro%C3%9Fes%20Vergelt%E2%80%99s%20Gott%20an%20alle%2C%20die%20Teil%20unserer%20musikalischen%20Familie%20sind%21%20%F0%9F%99%8F%F0%9F%8E%B6%E2%80%A8Denn%20eines%20zeigt%20dieser%20Moment%20besonders%3A%20%F0%9D%97%A0%F0%9D%98%82%F0%9D%98%80%F0%9D%97%B6%F0%9D%97%B8%20%F0%9D%98%83%F0%9D%97%B2%F0%9D%97%BF%F0%9D%97%AF%F0%9D%97%B6%F0%9D%97%BB%F0%9D%97%B1%F0%9D%97%B2%F0%9D%98%81%20-%20Menschen%2C%20Generationen%20und%20Gemeinschaft%20%E2%80%93%20heute%20und%20auch%20in%20Zukunft.%20%F0%9F%8C%9FEure%20MK%20Peter%20Mayr%20Pfeffersberg%F0%9F%8E%B6%23musikkapelle%20%23mkpfeffersberg%20%23musikverbindet%20%23holzbl%C3%A4ser%20%23blechbl%C3%A4ser%09%09%09%0A%09\" target=\"_blank\" rel=\"noopener noreferrer\" class=\"cff-email-icon\">\n\t\t\t\t\t\t\t<span class=\"fa fab fa-envelope\" aria-hidden=\"true\"><\/span>\n\t\t\t\t\t\t\t<span class=\"cff-screenreader\">Condividi via email<\/span>\n\t\t\t\t\t\t<\/a>\n\t\t\t\t\t\t\t\t\t<\/p>\n\t\t\t<\/div>\n\t\t\t<\/div>\n\t<\/div>\n\n\n\n<div id=\"cff_205531219466641_1215564223896446\" class=\"cff-item cff-status-post cff-album cff-box author-musikkapelle-peter-mayr-pfeffersberg\"  style=\"border-radius:5px;\" >\n\t<div class=\"cff-author\">\n\t<div class=\"cff-author-text\">\n\t\t\t\t\t<div class=\"cff-page-name cff-author-date\" >\n\t\t\t\t<a href=\"https:\/\/facebook.com\/205531219466641\" target=\"_blank\" rel=\"nofollow noopener\" >Musikkapelle Peter Mayr Pfeffersberg<\/a>\n\t\t\t\t<span class=\"cff-story\"> <\/span>\n\t\t\t<\/div>\n\t\t\t\n<p class=\"cff-date\" > 1 month ago <\/p>\n\t\t\t<\/div>\n\t<div class=\"cff-author-img \" data-avatar=\"https:\/\/scontent-zrh1-1.xx.fbcdn.net\/v\/t39.30808-1\/277800339_325514729568071_2056318910839395881_n.jpg?stp=c341.0.1365.1365a_cp0_dst-jpg_s50x50_tt6&#038;_nc_cat=109&#038;ccb=1-7&#038;_nc_sid=f907e8&#038;_nc_ohc=po-lfdlOqXUQ7kNvwFRjtvo&#038;_nc_oc=Adr5Yxb2FIE24gglJVwKblRTEbzRUHQHZyoEkt733Pu9PokdEhMg4jiBUx88P7cdHzI&#038;_nc_zt=24&#038;_nc_ht=scontent-zrh1-1.xx&#038;edm=AKIiGfEEAAAA&#038;_nc_gid=Svytxv1HoKQSNI4dEpgQJQ&#038;_nc_tpa=Q5bMBQHONO9PllM0rH_kPQPijY_s8UReCBzINVQ4QMkNMSGskfF8RKuLLI-1KCfvO1BohPM-ems6ZVP4Kw&#038;oh=00_Af0NopK3zFInooHzq6446R7vcGaIMwInzegvT2b4lYYS0A&#038;oe=69EE94B6\">\n\t\t<a href=\"https:\/\/facebook.com\/205531219466641\" target=\"_blank\" rel=\"nofollow noopener\" ><img class=\"lazyload\" decoding=\"async\" src=\"data:image\/gif;base64,R0lGODlhAQABAAAAACH5BAEKAAEALAAAAAABAAEAAAICTAEAOw==\" data-orig-src=\"https:\/\/scontent-zrh1-1.xx.fbcdn.net\/v\/t39.30808-1\/277800339_325514729568071_2056318910839395881_n.jpg?stp=c341.0.1365.1365a_cp0_dst-jpg_s50x50_tt6&#038;_nc_cat=109&#038;ccb=1-7&#038;_nc_sid=f907e8&#038;_nc_ohc=po-lfdlOqXUQ7kNvwFRjtvo&#038;_nc_oc=Adr5Yxb2FIE24gglJVwKblRTEbzRUHQHZyoEkt733Pu9PokdEhMg4jiBUx88P7cdHzI&#038;_nc_zt=24&#038;_nc_ht=scontent-zrh1-1.xx&#038;edm=AKIiGfEEAAAA&#038;_nc_gid=Svytxv1HoKQSNI4dEpgQJQ&#038;_nc_tpa=Q5bMBQHONO9PllM0rH_kPQPijY_s8UReCBzINVQ4QMkNMSGskfF8RKuLLI-1KCfvO1BohPM-ems6ZVP4Kw&#038;oh=00_Af0NopK3zFInooHzq6446R7vcGaIMwInzegvT2b4lYYS0A&#038;oe=69EE94B6\" title=\"Musikkapelle Peter Mayr Pfeffersberg\" alt=\"Musikkapelle Peter Mayr Pfeffersberg\" width=40 height=40 onerror=\"this.style.display='none'\"><\/a>\n\t<\/div>\n<\/div>\n\n<div class=\"cff-post-text\" >\n\t<span class=\"cff-text\" data-color=\"\">\n\t\tUnser Schlagzeug \u2013 drei Leute, mehr Instrumente als der Rest zusammen! \ud83e\udd41\ud83e\udd2a<img class=\"cff-linebreak\" \/><img class=\"cff-linebreak\" \/>Zu dritt k\u00e4mpfen sie sich durch ein halbes Orchester an Trommeln, Becken, Stabspielen &amp; Co. \u2013 und nat\u00fcrlich herrscht beim Notensuchen jedes Mal Chaos pur. \ud83d\ude48\ud83d\ude02\u2028Aber egal wie viele Instrumente gleichzeitig gl\u00fchen m\u00fcssen: sie halten den Laden im Takt und retten jeden Einsatz!<img class=\"cff-linebreak\" \/><img class=\"cff-linebreak\" \/>(v.l.n.r.)<img class=\"cff-linebreak\" \/>Ewald Stampfl, Sebastian Hofer<img class=\"cff-linebreak\" \/>auf dem Bild fehlt Fabian Stockner<img class=\"cff-linebreak\" \/><img class=\"cff-linebreak\" \/><a href=\"https:\/\/facebook.com\/498428906882207\">#musikkapelle<\/a> <a href=\"https:\/\/facebook.com\/1067601019999787\">#mkpfeffersberg<\/a> <a href=\"https:\/\/facebook.com\/192708047545964\">#musikverbindet<\/a> <a href=\"https:\/\/facebook.com\/585301321482410\">#dreamteam<\/a> <a href=\"https:\/\/facebook.com\/864442503618645\">#holzbl\u00e4ser<\/a> <a href=\"https:\/\/facebook.com\/510816688993039\">#blechbl\u00e4ser<\/a> <a href=\"https:\/\/facebook.com\/952356481515312\">#registerpower<\/a> <a href=\"https:\/\/facebook.com\/25465486346450423\">#kapelleimeinsatz<\/a> #vsm <a href=\"https:\/\/facebook.com\/290242497772727\">#southtyrol<\/a> <a href=\"https:\/\/facebook.com\/25463518626579695\">#probenundspass<\/a> <a href=\"https:\/\/facebook.com\/274608679346270\">#musikfreunde<\/a> #musikmitherz <a href=\"https:\/\/facebook.com\/34347733878159004\">#kapellenalltag<\/a>\t\t\t<\/span>\n\t<span class=\"cff-expand\">... <a href=\"#\" style=\"color: #\"><span class=\"cff-more\">Vedi altro<\/span><span class=\"cff-less\">Vedi meno<\/span><\/a><\/span>\n\n<\/div>\n\n<p class=\"cff-media-link\">\n\t<a href=\"https:\/\/www.facebook.com\/890624763057062\/posts\/1215564223896446\" target=\"_blank\" style=\"color: #\">\n\t\t<span style=\"padding-right: 5px;\" class=\"fa fas fa-picture-o fa-image\"><\/span>Foto\t<\/a>\n<\/p>\n\t<div class=\"cff-post-links\">\n\t\t\t\t\t<a class=\"cff-viewpost-facebook\" href=\"https:\/\/www.facebook.com\/890624763057062\/posts\/1215564223896446\" title=\"Auf Facebook anzeigen\" target=\"_blank\" rel=\"nofollow noopener\" >Auf Facebook anzeigen<\/a>\n\t\t\t\t\t\t\t<div class=\"cff-share-container\">\n\t\t\t\t\t\t\t\t\t<span class=\"cff-dot\" >&middot;<\/span>\n\t\t\t\t\t\t\t\t<a class=\"cff-share-link\" href=\"https:\/\/www.facebook.com\/sharer\/sharer.php?u=https%3A%2F%2Fwww.facebook.com%2F890624763057062%2Fposts%2F1215564223896446\" title=\"Teilen\" >Teilen<\/a>\n\t\t\t\t<p class=\"cff-share-tooltip\">\n\t\t\t\t\t\t\t\t\t\t\t<a href=\"https:\/\/www.facebook.com\/sharer\/sharer.php?u=https%3A%2F%2Fwww.facebook.com%2F890624763057062%2Fposts%2F1215564223896446\" target=\"_blank\" rel=\"noopener noreferrer\" class=\"cff-facebook-icon\">\n\t\t\t\t\t\t\t<span class=\"fa fab fa-facebook-square\" aria-hidden=\"true\"><\/span>\n\t\t\t\t\t\t\t<span class=\"cff-screenreader\">Condividi su Facebook<\/span>\n\t\t\t\t\t\t<\/a>\n\t\t\t\t\t\t\t\t\t\t\t<a href=\"https:\/\/twitter.com\/intent\/tweet?text=https%3A%2F%2Fwww.facebook.com%2F890624763057062%2Fposts%2F1215564223896446\" target=\"_blank\" rel=\"noopener noreferrer\" class=\"cff-twitter-icon\">\n\t\t\t\t\t\t\t<span class=\"fa fab fa-twitter\" aria-hidden=\"true\"><\/span>\n\t\t\t\t\t\t\t<span class=\"cff-screenreader\">Condividi su Twitter<\/span>\n\t\t\t\t\t\t<\/a>\n\t\t\t\t\t\t\t\t\t\t\t<a href=\"https:\/\/www.linkedin.com\/shareArticle?mini=true&#038;url=https%3A%2F%2Fwww.facebook.com%2F890624763057062%2Fposts%2F1215564223896446&#038;title=%09%09%09Unser%20Schlagzeug%20%E2%80%93%20drei%20Leute%2C%20mehr%20Instrumente%20als%20der%20Rest%20zusammen%21%20%F0%9F%A5%81%F0%9F%A4%AAZu%20dritt%20k%C3%A4mpfen%20sie%20sich%20durch%20ein%20halbes%20Orchester%20an%20Trommeln%2C%20Becken%2C%20Stabspielen%20%26amp%3B%20Co.%20%E2%80%93%20und%20nat%C3%BCrlich%20herrscht%20beim%20Notensuchen%20jedes%20Mal%20Chaos%20pur.%20%F0%9F%99%88%F0%9F%98%82%E2%80%A8Aber%20egal%20wie%20viele%20Instrumente%20gleichzeitig%20gl%C3%BChen%20m%C3%BCssen%3A%20sie%20halten%20den%20Laden%20im%20Takt%20und%20retten%20jeden%20Einsatz%21%28v.l.n.r.%29Ewald%20Stampfl%2C%20Sebastian%20Hoferauf%20dem%20Bild%20fehlt%20Fabian%20Stockner%23musikkapelle%20%23mkpfeffersberg%20%23musikverbindet%20%23dreamteam%20%23holzbl%C3%A4ser%20%23blechbl%C3%A4ser%20%23registerpower%20%23kapelleimeinsatz%20%23vsm%20%23southtyrol%20%23probenundspass%20%23musikfreunde%20%23musikmitherz%20%23kapellenalltag%09%09%09%09\" target=\"_blank\" rel=\"noopener noreferrer\" class=\"cff-linkedin-icon\">\n\t\t\t\t\t\t\t<span class=\"fa fab fa-linkedin\" aria-hidden=\"true\"><\/span>\n\t\t\t\t\t\t\t<span class=\"cff-screenreader\">Condividi su LinkedIn<\/span>\n\t\t\t\t\t\t<\/a>\n\t\t\t\t\t\t\t\t\t\t\t<a href=\"mailto:?subject=Facebook&#038;body=https%3A%2F%2Fwww.facebook.com%2F890624763057062%2Fposts%2F1215564223896446%20-%20%0A%0A%09%0A%09%09Unser%20Schlagzeug%20%E2%80%93%20drei%20Leute%2C%20mehr%20Instrumente%20als%20der%20Rest%20zusammen%21%20%F0%9F%A5%81%F0%9F%A4%AAZu%20dritt%20k%C3%A4mpfen%20sie%20sich%20durch%20ein%20halbes%20Orchester%20an%20Trommeln%2C%20Becken%2C%20Stabspielen%20%26amp%3B%20Co.%20%E2%80%93%20und%20nat%C3%BCrlich%20herrscht%20beim%20Notensuchen%20jedes%20Mal%20Chaos%20pur.%20%F0%9F%99%88%F0%9F%98%82%E2%80%A8Aber%20egal%20wie%20viele%20Instrumente%20gleichzeitig%20gl%C3%BChen%20m%C3%BCssen%3A%20sie%20halten%20den%20Laden%20im%20Takt%20und%20retten%20jeden%20Einsatz%21%28v.l.n.r.%29Ewald%20Stampfl%2C%20Sebastian%20Hoferauf%20dem%20Bild%20fehlt%20Fabian%20Stockner%23musikkapelle%20%23mkpfeffersberg%20%23musikverbindet%20%23dreamteam%20%23holzbl%C3%A4ser%20%23blechbl%C3%A4ser%20%23registerpower%20%23kapelleimeinsatz%20%23vsm%20%23southtyrol%20%23probenundspass%20%23musikfreunde%20%23musikmitherz%20%23kapellenalltag%09%09%09%0A%09\" target=\"_blank\" rel=\"noopener noreferrer\" class=\"cff-email-icon\">\n\t\t\t\t\t\t\t<span class=\"fa fab fa-envelope\" aria-hidden=\"true\"><\/span>\n\t\t\t\t\t\t\t<span class=\"cff-screenreader\">Condividi via email<\/span>\n\t\t\t\t\t\t<\/a>\n\t\t\t\t\t\t\t\t\t<\/p>\n\t\t\t<\/div>\n\t\t\t<\/div>\n\t<\/div>\n\n\n\n<div id=\"cff_205531219466641_1210615214391347\" class=\"cff-item cff-status-post cff-album cff-box author-musikkapelle-peter-mayr-pfeffersberg\"  style=\"border-radius:5px;\" >\n\t<div class=\"cff-author\">\n\t<div class=\"cff-author-text\">\n\t\t\t\t\t<div class=\"cff-page-name cff-author-date\" >\n\t\t\t\t<a href=\"https:\/\/facebook.com\/205531219466641\" target=\"_blank\" rel=\"nofollow noopener\" >Musikkapelle Peter Mayr Pfeffersberg<\/a>\n\t\t\t\t<span class=\"cff-story\"> <\/span>\n\t\t\t<\/div>\n\t\t\t\n<p class=\"cff-date\" > 2 months ago <\/p>\n\t\t\t<\/div>\n\t<div class=\"cff-author-img \" data-avatar=\"https:\/\/scontent-zrh1-1.xx.fbcdn.net\/v\/t39.30808-1\/277800339_325514729568071_2056318910839395881_n.jpg?stp=c341.0.1365.1365a_cp0_dst-jpg_s50x50_tt6&#038;_nc_cat=109&#038;ccb=1-7&#038;_nc_sid=f907e8&#038;_nc_ohc=po-lfdlOqXUQ7kNvwFRjtvo&#038;_nc_oc=Adr5Yxb2FIE24gglJVwKblRTEbzRUHQHZyoEkt733Pu9PokdEhMg4jiBUx88P7cdHzI&#038;_nc_zt=24&#038;_nc_ht=scontent-zrh1-1.xx&#038;edm=AKIiGfEEAAAA&#038;_nc_gid=Svytxv1HoKQSNI4dEpgQJQ&#038;_nc_tpa=Q5bMBQHONO9PllM0rH_kPQPijY_s8UReCBzINVQ4QMkNMSGskfF8RKuLLI-1KCfvO1BohPM-ems6ZVP4Kw&#038;oh=00_Af0NopK3zFInooHzq6446R7vcGaIMwInzegvT2b4lYYS0A&#038;oe=69EE94B6\">\n\t\t<a href=\"https:\/\/facebook.com\/205531219466641\" target=\"_blank\" rel=\"nofollow noopener\" ><img class=\"lazyload\" decoding=\"async\" src=\"data:image\/gif;base64,R0lGODlhAQABAAAAACH5BAEKAAEALAAAAAABAAEAAAICTAEAOw==\" data-orig-src=\"https:\/\/scontent-zrh1-1.xx.fbcdn.net\/v\/t39.30808-1\/277800339_325514729568071_2056318910839395881_n.jpg?stp=c341.0.1365.1365a_cp0_dst-jpg_s50x50_tt6&#038;_nc_cat=109&#038;ccb=1-7&#038;_nc_sid=f907e8&#038;_nc_ohc=po-lfdlOqXUQ7kNvwFRjtvo&#038;_nc_oc=Adr5Yxb2FIE24gglJVwKblRTEbzRUHQHZyoEkt733Pu9PokdEhMg4jiBUx88P7cdHzI&#038;_nc_zt=24&#038;_nc_ht=scontent-zrh1-1.xx&#038;edm=AKIiGfEEAAAA&#038;_nc_gid=Svytxv1HoKQSNI4dEpgQJQ&#038;_nc_tpa=Q5bMBQHONO9PllM0rH_kPQPijY_s8UReCBzINVQ4QMkNMSGskfF8RKuLLI-1KCfvO1BohPM-ems6ZVP4Kw&#038;oh=00_Af0NopK3zFInooHzq6446R7vcGaIMwInzegvT2b4lYYS0A&#038;oe=69EE94B6\" title=\"Musikkapelle Peter Mayr Pfeffersberg\" alt=\"Musikkapelle Peter Mayr Pfeffersberg\" width=40 height=40 onerror=\"this.style.display='none'\"><\/a>\n\t<\/div>\n<\/div>\n\n<div class=\"cff-post-text\" >\n\t<span class=\"cff-text\" data-color=\"\">\n\t\tUnsere Tuben \u2013 das Fundament der Kapelle! \ud83d\udda4\ud83c\udfb6<img class=\"cff-linebreak\" \/><img class=\"cff-linebreak\" \/>Ohne sie wackelt der ganze Klang \u2013 tief, kr\u00e4ftig und unersch\u00fctterlich halten sie alles zusammen. \ud83d\ude0e\u2028Manchmal leise, manchmal richtig volumin\u00f6s, aber immer das Herz, auf dem alles steht. \ud83d\udc9b<img class=\"cff-linebreak\" \/><img class=\"cff-linebreak\" \/>(v.l.n.r.)<img class=\"cff-linebreak\" \/>Andreas Reifer, Lorenz Hilpold, Josef Hilpold<img class=\"cff-linebreak\" \/>auf dem Bild fehlt Patrick Baldauf<img class=\"cff-linebreak\" \/><img class=\"cff-linebreak\" \/><a href=\"https:\/\/facebook.com\/498428906882207\">#musikkapelle<\/a> <a href=\"https:\/\/facebook.com\/1067601019999787\">#mkpfeffersberg<\/a> <a href=\"https:\/\/facebook.com\/192708047545964\">#musikverbindet<\/a> <a href=\"https:\/\/facebook.com\/585301321482410\">#dreamteam<\/a> <a href=\"https:\/\/facebook.com\/864442503618645\">#holzbl\u00e4ser<\/a> <a href=\"https:\/\/facebook.com\/510816688993039\">#blechbl\u00e4ser<\/a> <a href=\"https:\/\/facebook.com\/952356481515312\">#registerpower<\/a> <a href=\"https:\/\/facebook.com\/25465486346450423\">#kapelleimeinsatz<\/a> <a href=\"https:\/\/facebook.com\/146689445497061\">#VSM<\/a> <a href=\"https:\/\/facebook.com\/290242497772727\">#southtyrol<\/a> <a href=\"https:\/\/facebook.com\/25463518626579695\">#probenundspass<\/a> <a href=\"https:\/\/facebook.com\/274608679346270\">#musikfreunde<\/a> <a href=\"https:\/\/facebook.com\/632235386794652\">#MusikMitHerz<\/a> <a href=\"https:\/\/facebook.com\/34347733878159004\">#kapellenalltag<\/a>\t\t\t<\/span>\n\t<span class=\"cff-expand\">... <a href=\"#\" style=\"color: #\"><span class=\"cff-more\">Vedi altro<\/span><span class=\"cff-less\">Vedi meno<\/span><\/a><\/span>\n\n<\/div>\n\n<p class=\"cff-media-link\">\n\t<a href=\"https:\/\/www.facebook.com\/890624763057062\/posts\/1210615214391347\" target=\"_blank\" style=\"color: #\">\n\t\t<span style=\"padding-right: 5px;\" class=\"fa fas fa-picture-o fa-image\"><\/span>Foto\t<\/a>\n<\/p>\n\t<div class=\"cff-post-links\">\n\t\t\t\t\t<a class=\"cff-viewpost-facebook\" href=\"https:\/\/www.facebook.com\/890624763057062\/posts\/1210615214391347\" title=\"Auf Facebook anzeigen\" target=\"_blank\" rel=\"nofollow noopener\" >Auf Facebook anzeigen<\/a>\n\t\t\t\t\t\t\t<div class=\"cff-share-container\">\n\t\t\t\t\t\t\t\t\t<span class=\"cff-dot\" >&middot;<\/span>\n\t\t\t\t\t\t\t\t<a class=\"cff-share-link\" href=\"https:\/\/www.facebook.com\/sharer\/sharer.php?u=https%3A%2F%2Fwww.facebook.com%2F890624763057062%2Fposts%2F1210615214391347\" title=\"Teilen\" >Teilen<\/a>\n\t\t\t\t<p class=\"cff-share-tooltip\">\n\t\t\t\t\t\t\t\t\t\t\t<a href=\"https:\/\/www.facebook.com\/sharer\/sharer.php?u=https%3A%2F%2Fwww.facebook.com%2F890624763057062%2Fposts%2F1210615214391347\" target=\"_blank\" rel=\"noopener noreferrer\" class=\"cff-facebook-icon\">\n\t\t\t\t\t\t\t<span class=\"fa fab fa-facebook-square\" aria-hidden=\"true\"><\/span>\n\t\t\t\t\t\t\t<span class=\"cff-screenreader\">Condividi su Facebook<\/span>\n\t\t\t\t\t\t<\/a>\n\t\t\t\t\t\t\t\t\t\t\t<a href=\"https:\/\/twitter.com\/intent\/tweet?text=https%3A%2F%2Fwww.facebook.com%2F890624763057062%2Fposts%2F1210615214391347\" target=\"_blank\" rel=\"noopener noreferrer\" class=\"cff-twitter-icon\">\n\t\t\t\t\t\t\t<span class=\"fa fab fa-twitter\" aria-hidden=\"true\"><\/span>\n\t\t\t\t\t\t\t<span class=\"cff-screenreader\">Condividi su Twitter<\/span>\n\t\t\t\t\t\t<\/a>\n\t\t\t\t\t\t\t\t\t\t\t<a href=\"https:\/\/www.linkedin.com\/shareArticle?mini=true&#038;url=https%3A%2F%2Fwww.facebook.com%2F890624763057062%2Fposts%2F1210615214391347&#038;title=%09%09%09Unsere%20Tuben%20%E2%80%93%20das%20Fundament%20der%20Kapelle%21%20%F0%9F%96%A4%F0%9F%8E%B6Ohne%20sie%20wackelt%20der%20ganze%20Klang%20%E2%80%93%20tief%2C%20kr%C3%A4ftig%20und%20unersch%C3%BCtterlich%20halten%20sie%20alles%20zusammen.%20%F0%9F%98%8E%E2%80%A8Manchmal%20leise%2C%20manchmal%20richtig%20volumin%C3%B6s%2C%20aber%20immer%20das%20Herz%2C%20auf%20dem%20alles%20steht.%20%F0%9F%92%9B%28v.l.n.r.%29Andreas%20Reifer%2C%20Lorenz%20Hilpold%2C%20Josef%20Hilpoldauf%20dem%20Bild%20fehlt%20Patrick%20Baldauf%23musikkapelle%20%23mkpfeffersberg%20%23musikverbindet%20%23dreamteam%20%23holzbl%C3%A4ser%20%23blechbl%C3%A4ser%20%23registerpower%20%23kapelleimeinsatz%20%23VSM%20%23southtyrol%20%23probenundspass%20%23musikfreunde%20%23MusikMitHerz%20%23kapellenalltag%09%09%09%09\" target=\"_blank\" rel=\"noopener noreferrer\" class=\"cff-linkedin-icon\">\n\t\t\t\t\t\t\t<span class=\"fa fab fa-linkedin\" aria-hidden=\"true\"><\/span>\n\t\t\t\t\t\t\t<span class=\"cff-screenreader\">Condividi su LinkedIn<\/span>\n\t\t\t\t\t\t<\/a>\n\t\t\t\t\t\t\t\t\t\t\t<a href=\"mailto:?subject=Facebook&#038;body=https%3A%2F%2Fwww.facebook.com%2F890624763057062%2Fposts%2F1210615214391347%20-%20%0A%0A%09%0A%09%09Unsere%20Tuben%20%E2%80%93%20das%20Fundament%20der%20Kapelle%21%20%F0%9F%96%A4%F0%9F%8E%B6Ohne%20sie%20wackelt%20der%20ganze%20Klang%20%E2%80%93%20tief%2C%20kr%C3%A4ftig%20und%20unersch%C3%BCtterlich%20halten%20sie%20alles%20zusammen.%20%F0%9F%98%8E%E2%80%A8Manchmal%20leise%2C%20manchmal%20richtig%20volumin%C3%B6s%2C%20aber%20immer%20das%20Herz%2C%20auf%20dem%20alles%20steht.%20%F0%9F%92%9B%28v.l.n.r.%29Andreas%20Reifer%2C%20Lorenz%20Hilpold%2C%20Josef%20Hilpoldauf%20dem%20Bild%20fehlt%20Patrick%20Baldauf%23musikkapelle%20%23mkpfeffersberg%20%23musikverbindet%20%23dreamteam%20%23holzbl%C3%A4ser%20%23blechbl%C3%A4ser%20%23registerpower%20%23kapelleimeinsatz%20%23VSM%20%23southtyrol%20%23probenundspass%20%23musikfreunde%20%23MusikMitHerz%20%23kapellenalltag%09%09%09%0A%09\" target=\"_blank\" rel=\"noopener noreferrer\" class=\"cff-email-icon\">\n\t\t\t\t\t\t\t<span class=\"fa fab fa-envelope\" aria-hidden=\"true\"><\/span>\n\t\t\t\t\t\t\t<span class=\"cff-screenreader\">Condividi via email<\/span>\n\t\t\t\t\t\t<\/a>\n\t\t\t\t\t\t\t\t\t<\/p>\n\t\t\t<\/div>\n\t\t\t<\/div>\n\t<\/div>\n\n\n\n<div id=\"cff_205531219466641_1207833214669547\" class=\"cff-item cff-photo-post cff-box author-musikkapelle-peter-mayr-pfeffersberg\"  style=\"border-radius:5px;\" >\n\t<div class=\"cff-author\">\n\t<div class=\"cff-author-text\">\n\t\t\t\t\t<div class=\"cff-page-name cff-author-date\" >\n\t\t\t\t<a href=\"https:\/\/facebook.com\/205531219466641\" target=\"_blank\" rel=\"nofollow noopener\" >Musikkapelle Peter Mayr Pfeffersberg<\/a>\n\t\t\t\t<span class=\"cff-story\"> <\/span>\n\t\t\t<\/div>\n\t\t\t\n<p class=\"cff-date\" > 2 months ago <\/p>\n\t\t\t<\/div>\n\t<div class=\"cff-author-img \" data-avatar=\"https:\/\/scontent-zrh1-1.xx.fbcdn.net\/v\/t39.30808-1\/277800339_325514729568071_2056318910839395881_n.jpg?stp=c341.0.1365.1365a_cp0_dst-jpg_s50x50_tt6&#038;_nc_cat=109&#038;ccb=1-7&#038;_nc_sid=f907e8&#038;_nc_ohc=po-lfdlOqXUQ7kNvwFRjtvo&#038;_nc_oc=Adr5Yxb2FIE24gglJVwKblRTEbzRUHQHZyoEkt733Pu9PokdEhMg4jiBUx88P7cdHzI&#038;_nc_zt=24&#038;_nc_ht=scontent-zrh1-1.xx&#038;edm=AKIiGfEEAAAA&#038;_nc_gid=Svytxv1HoKQSNI4dEpgQJQ&#038;_nc_tpa=Q5bMBQHONO9PllM0rH_kPQPijY_s8UReCBzINVQ4QMkNMSGskfF8RKuLLI-1KCfvO1BohPM-ems6ZVP4Kw&#038;oh=00_Af0NopK3zFInooHzq6446R7vcGaIMwInzegvT2b4lYYS0A&#038;oe=69EE94B6\">\n\t\t<a href=\"https:\/\/facebook.com\/205531219466641\" target=\"_blank\" rel=\"nofollow noopener\" ><img class=\"lazyload\" decoding=\"async\" src=\"data:image\/gif;base64,R0lGODlhAQABAAAAACH5BAEKAAEALAAAAAABAAEAAAICTAEAOw==\" data-orig-src=\"https:\/\/scontent-zrh1-1.xx.fbcdn.net\/v\/t39.30808-1\/277800339_325514729568071_2056318910839395881_n.jpg?stp=c341.0.1365.1365a_cp0_dst-jpg_s50x50_tt6&#038;_nc_cat=109&#038;ccb=1-7&#038;_nc_sid=f907e8&#038;_nc_ohc=po-lfdlOqXUQ7kNvwFRjtvo&#038;_nc_oc=Adr5Yxb2FIE24gglJVwKblRTEbzRUHQHZyoEkt733Pu9PokdEhMg4jiBUx88P7cdHzI&#038;_nc_zt=24&#038;_nc_ht=scontent-zrh1-1.xx&#038;edm=AKIiGfEEAAAA&#038;_nc_gid=Svytxv1HoKQSNI4dEpgQJQ&#038;_nc_tpa=Q5bMBQHONO9PllM0rH_kPQPijY_s8UReCBzINVQ4QMkNMSGskfF8RKuLLI-1KCfvO1BohPM-ems6ZVP4Kw&#038;oh=00_Af0NopK3zFInooHzq6446R7vcGaIMwInzegvT2b4lYYS0A&#038;oe=69EE94B6\" title=\"Musikkapelle Peter Mayr Pfeffersberg\" alt=\"Musikkapelle Peter Mayr Pfeffersberg\" width=40 height=40 onerror=\"this.style.display='none'\"><\/a>\n\t<\/div>\n<\/div>\n\n<div class=\"cff-post-text\" >\n\t<span class=\"cff-text\" data-color=\"\">\n\t\tSAVE THE DATE \ud83c\udf38\ud83c\udfb6<img class=\"cff-linebreak\" \/><img class=\"cff-linebreak\" \/>\ud83d\udcc5 18.04.2026<img class=\"cff-linebreak\" \/>\ud83d\udccd Forum Brixen<img class=\"cff-linebreak\" \/>\u23f0 20.00 Uhr<img class=\"cff-linebreak\" \/><img class=\"cff-linebreak\" \/>Wir freuen uns auf euch!<img class=\"cff-linebreak\" \/><img class=\"cff-linebreak\" \/>Eure MK Peter Mayr Pfeffersberg\ud83c\udfb6\t\t\t<\/span>\n\t<span class=\"cff-expand\">... <a href=\"#\" style=\"color: #\"><span class=\"cff-more\">Vedi altro<\/span><span class=\"cff-less\">Vedi meno<\/span><\/a><\/span>\n\n<\/div>\n\n<p class=\"cff-media-link\">\n\t<a href=\"https:\/\/www.facebook.com\/photo.php?fbid=1207833198002882&#038;set=a.325514679568076&#038;type=3\" target=\"_blank\" style=\"color: #\">\n\t\t<span style=\"padding-right: 5px;\" class=\"fa fas fa-picture-o fa-image\"><\/span>Foto\t<\/a>\n<\/p>\n\t<div class=\"cff-post-links\">\n\t\t\t\t\t<a class=\"cff-viewpost-facebook\" href=\"https:\/\/www.facebook.com\/photo.php?fbid=1207833198002882&#038;set=a.325514679568076&#038;type=3\" title=\"Auf Facebook anzeigen\" target=\"_blank\" rel=\"nofollow noopener\" >Auf Facebook anzeigen<\/a>\n\t\t\t\t\t\t\t<div class=\"cff-share-container\">\n\t\t\t\t\t\t\t\t\t<span class=\"cff-dot\" >&middot;<\/span>\n\t\t\t\t\t\t\t\t<a class=\"cff-share-link\" href=\"https:\/\/www.facebook.com\/sharer\/sharer.php?u=https%3A%2F%2Fwww.facebook.com%2Fphoto.php%3Ffbid%3D1207833198002882%26amp%3Bset%3Da.325514679568076%26amp%3Btype%3D3\" title=\"Teilen\" >Teilen<\/a>\n\t\t\t\t<p class=\"cff-share-tooltip\">\n\t\t\t\t\t\t\t\t\t\t\t<a href=\"https:\/\/www.facebook.com\/sharer\/sharer.php?u=https%3A%2F%2Fwww.facebook.com%2Fphoto.php%3Ffbid%3D1207833198002882%26amp%3Bset%3Da.325514679568076%26amp%3Btype%3D3\" target=\"_blank\" rel=\"noopener noreferrer\" class=\"cff-facebook-icon\">\n\t\t\t\t\t\t\t<span class=\"fa fab fa-facebook-square\" aria-hidden=\"true\"><\/span>\n\t\t\t\t\t\t\t<span class=\"cff-screenreader\">Condividi su Facebook<\/span>\n\t\t\t\t\t\t<\/a>\n\t\t\t\t\t\t\t\t\t\t\t<a href=\"https:\/\/twitter.com\/intent\/tweet?text=https%3A%2F%2Fwww.facebook.com%2Fphoto.php%3Ffbid%3D1207833198002882%26amp%3Bset%3Da.325514679568076%26amp%3Btype%3D3\" target=\"_blank\" rel=\"noopener noreferrer\" class=\"cff-twitter-icon\">\n\t\t\t\t\t\t\t<span class=\"fa fab fa-twitter\" aria-hidden=\"true\"><\/span>\n\t\t\t\t\t\t\t<span class=\"cff-screenreader\">Condividi su Twitter<\/span>\n\t\t\t\t\t\t<\/a>\n\t\t\t\t\t\t\t\t\t\t\t<a href=\"https:\/\/www.linkedin.com\/shareArticle?mini=true&#038;url=https%3A%2F%2Fwww.facebook.com%2Fphoto.php%3Ffbid%3D1207833198002882%26amp%3Bset%3Da.325514679568076%26amp%3Btype%3D3&#038;title=%09%09%09SAVE%20THE%20DATE%20%F0%9F%8C%B8%F0%9F%8E%B6%F0%9F%93%85%2018.04.2026%F0%9F%93%8D%20Forum%20Brixen%E2%8F%B0%2020.00%20UhrWir%20freuen%20uns%20auf%20euch%21Eure%20MK%20Peter%20Mayr%20Pfeffersberg%F0%9F%8E%B6%09%09%09%09\" target=\"_blank\" rel=\"noopener noreferrer\" class=\"cff-linkedin-icon\">\n\t\t\t\t\t\t\t<span class=\"fa fab fa-linkedin\" aria-hidden=\"true\"><\/span>\n\t\t\t\t\t\t\t<span class=\"cff-screenreader\">Condividi su LinkedIn<\/span>\n\t\t\t\t\t\t<\/a>\n\t\t\t\t\t\t\t\t\t\t\t<a href=\"mailto:?subject=Facebook&#038;body=https%3A%2F%2Fwww.facebook.com%2Fphoto.php%3Ffbid%3D1207833198002882%26amp%3Bset%3Da.325514679568076%26amp%3Btype%3D3%20-%20%0A%0A%09%0A%09%09SAVE%20THE%20DATE%20%F0%9F%8C%B8%F0%9F%8E%B6%F0%9F%93%85%2018.04.2026%F0%9F%93%8D%20Forum%20Brixen%E2%8F%B0%2020.00%20UhrWir%20freuen%20uns%20auf%20euch%21Eure%20MK%20Peter%20Mayr%20Pfeffersberg%F0%9F%8E%B6%09%09%09%0A%09\" target=\"_blank\" rel=\"noopener noreferrer\" class=\"cff-email-icon\">\n\t\t\t\t\t\t\t<span class=\"fa fab fa-envelope\" aria-hidden=\"true\"><\/span>\n\t\t\t\t\t\t\t<span class=\"cff-screenreader\">Condividi via email<\/span>\n\t\t\t\t\t\t<\/a>\n\t\t\t\t\t\t\t\t\t<\/p>\n\t\t\t<\/div>\n\t\t\t<\/div>\n\t<\/div>\n\n\n\n<div id=\"cff_205531219466641_1207831201336415\" class=\"cff-item cff-photo-post cff-box author-musikkapelle-peter-mayr-pfeffersberg\"  style=\"border-radius:5px;\" >\n\t<div class=\"cff-author\">\n\t<div class=\"cff-author-text\">\n\t\t\t\t\t<div class=\"cff-page-name cff-author-date\" >\n\t\t\t\t<a href=\"https:\/\/facebook.com\/205531219466641\" target=\"_blank\" rel=\"nofollow noopener\" >Musikkapelle Peter Mayr Pfeffersberg<\/a>\n\t\t\t\t<span class=\"cff-story\"> <\/span>\n\t\t\t<\/div>\n\t\t\t\n<p class=\"cff-date\" > 2 months ago <\/p>\n\t\t\t<\/div>\n\t<div class=\"cff-author-img \" data-avatar=\"https:\/\/scontent-zrh1-1.xx.fbcdn.net\/v\/t39.30808-1\/277800339_325514729568071_2056318910839395881_n.jpg?stp=c341.0.1365.1365a_cp0_dst-jpg_s50x50_tt6&#038;_nc_cat=109&#038;ccb=1-7&#038;_nc_sid=f907e8&#038;_nc_ohc=po-lfdlOqXUQ7kNvwFRjtvo&#038;_nc_oc=Adr5Yxb2FIE24gglJVwKblRTEbzRUHQHZyoEkt733Pu9PokdEhMg4jiBUx88P7cdHzI&#038;_nc_zt=24&#038;_nc_ht=scontent-zrh1-1.xx&#038;edm=AKIiGfEEAAAA&#038;_nc_gid=Svytxv1HoKQSNI4dEpgQJQ&#038;_nc_tpa=Q5bMBQHONO9PllM0rH_kPQPijY_s8UReCBzINVQ4QMkNMSGskfF8RKuLLI-1KCfvO1BohPM-ems6ZVP4Kw&#038;oh=00_Af0NopK3zFInooHzq6446R7vcGaIMwInzegvT2b4lYYS0A&#038;oe=69EE94B6\">\n\t\t<a href=\"https:\/\/facebook.com\/205531219466641\" target=\"_blank\" rel=\"nofollow noopener\" ><img class=\"lazyload\" decoding=\"async\" src=\"data:image\/gif;base64,R0lGODlhAQABAAAAACH5BAEKAAEALAAAAAABAAEAAAICTAEAOw==\" data-orig-src=\"https:\/\/scontent-zrh1-1.xx.fbcdn.net\/v\/t39.30808-1\/277800339_325514729568071_2056318910839395881_n.jpg?stp=c341.0.1365.1365a_cp0_dst-jpg_s50x50_tt6&#038;_nc_cat=109&#038;ccb=1-7&#038;_nc_sid=f907e8&#038;_nc_ohc=po-lfdlOqXUQ7kNvwFRjtvo&#038;_nc_oc=Adr5Yxb2FIE24gglJVwKblRTEbzRUHQHZyoEkt733Pu9PokdEhMg4jiBUx88P7cdHzI&#038;_nc_zt=24&#038;_nc_ht=scontent-zrh1-1.xx&#038;edm=AKIiGfEEAAAA&#038;_nc_gid=Svytxv1HoKQSNI4dEpgQJQ&#038;_nc_tpa=Q5bMBQHONO9PllM0rH_kPQPijY_s8UReCBzINVQ4QMkNMSGskfF8RKuLLI-1KCfvO1BohPM-ems6ZVP4Kw&#038;oh=00_Af0NopK3zFInooHzq6446R7vcGaIMwInzegvT2b4lYYS0A&#038;oe=69EE94B6\" title=\"Musikkapelle Peter Mayr Pfeffersberg\" alt=\"Musikkapelle Peter Mayr Pfeffersberg\" width=40 height=40 onerror=\"this.style.display='none'\"><\/a>\n\t<\/div>\n<\/div>\n\n<div class=\"cff-post-text\" >\n\t<span class=\"cff-text\" data-color=\"\">\n\t\tSAVE THE DATE \ud83c\udf38\ud83c\udfb6<img class=\"cff-linebreak\" \/><img class=\"cff-linebreak\" \/>\ud83d\udcc5 18.04.2026<img class=\"cff-linebreak\" \/>\ud83d\udccd Forum Brixen<img class=\"cff-linebreak\" \/>\u23f0 20.00 Uhr<img class=\"cff-linebreak\" \/><img class=\"cff-linebreak\" \/>Wir freuen uns auf euch!<img class=\"cff-linebreak\" \/><img class=\"cff-linebreak\" \/>Eure MK Peter Mayr Pfeffersberg\ud83c\udfb6\t\t\t<\/span>\n\t<span class=\"cff-expand\">... <a href=\"#\" style=\"color: #\"><span class=\"cff-more\">Vedi altro<\/span><span class=\"cff-less\">Vedi meno<\/span><\/a><\/span>\n\n<\/div>\n\n<p class=\"cff-media-link\">\n\t<a href=\"https:\/\/www.facebook.com\/photo.php?fbid=1207831188003083&#038;set=a.325514679568076&#038;type=3\" target=\"_blank\" style=\"color: #\">\n\t\t<span style=\"padding-right: 5px;\" class=\"fa fas fa-picture-o fa-image\"><\/span>Foto\t<\/a>\n<\/p>\n\t<div class=\"cff-post-links\">\n\t\t\t\t\t<a class=\"cff-viewpost-facebook\" href=\"https:\/\/www.facebook.com\/photo.php?fbid=1207831188003083&#038;set=a.325514679568076&#038;type=3\" title=\"Auf Facebook anzeigen\" target=\"_blank\" rel=\"nofollow noopener\" >Auf Facebook anzeigen<\/a>\n\t\t\t\t\t\t\t<div class=\"cff-share-container\">\n\t\t\t\t\t\t\t\t\t<span class=\"cff-dot\" >&middot;<\/span>\n\t\t\t\t\t\t\t\t<a class=\"cff-share-link\" href=\"https:\/\/www.facebook.com\/sharer\/sharer.php?u=https%3A%2F%2Fwww.facebook.com%2Fphoto.php%3Ffbid%3D1207831188003083%26amp%3Bset%3Da.325514679568076%26amp%3Btype%3D3\" title=\"Teilen\" >Teilen<\/a>\n\t\t\t\t<p class=\"cff-share-tooltip\">\n\t\t\t\t\t\t\t\t\t\t\t<a href=\"https:\/\/www.facebook.com\/sharer\/sharer.php?u=https%3A%2F%2Fwww.facebook.com%2Fphoto.php%3Ffbid%3D1207831188003083%26amp%3Bset%3Da.325514679568076%26amp%3Btype%3D3\" target=\"_blank\" rel=\"noopener noreferrer\" class=\"cff-facebook-icon\">\n\t\t\t\t\t\t\t<span class=\"fa fab fa-facebook-square\" aria-hidden=\"true\"><\/span>\n\t\t\t\t\t\t\t<span class=\"cff-screenreader\">Condividi su Facebook<\/span>\n\t\t\t\t\t\t<\/a>\n\t\t\t\t\t\t\t\t\t\t\t<a href=\"https:\/\/twitter.com\/intent\/tweet?text=https%3A%2F%2Fwww.facebook.com%2Fphoto.php%3Ffbid%3D1207831188003083%26amp%3Bset%3Da.325514679568076%26amp%3Btype%3D3\" target=\"_blank\" rel=\"noopener noreferrer\" class=\"cff-twitter-icon\">\n\t\t\t\t\t\t\t<span class=\"fa fab fa-twitter\" aria-hidden=\"true\"><\/span>\n\t\t\t\t\t\t\t<span class=\"cff-screenreader\">Condividi su Twitter<\/span>\n\t\t\t\t\t\t<\/a>\n\t\t\t\t\t\t\t\t\t\t\t<a href=\"https:\/\/www.linkedin.com\/shareArticle?mini=true&#038;url=https%3A%2F%2Fwww.facebook.com%2Fphoto.php%3Ffbid%3D1207831188003083%26amp%3Bset%3Da.325514679568076%26amp%3Btype%3D3&#038;title=%09%09%09SAVE%20THE%20DATE%20%F0%9F%8C%B8%F0%9F%8E%B6%F0%9F%93%85%2018.04.2026%F0%9F%93%8D%20Forum%20Brixen%E2%8F%B0%2020.00%20UhrWir%20freuen%20uns%20auf%20euch%21Eure%20MK%20Peter%20Mayr%20Pfeffersberg%F0%9F%8E%B6%09%09%09%09\" target=\"_blank\" rel=\"noopener noreferrer\" class=\"cff-linkedin-icon\">\n\t\t\t\t\t\t\t<span class=\"fa fab fa-linkedin\" aria-hidden=\"true\"><\/span>\n\t\t\t\t\t\t\t<span class=\"cff-screenreader\">Condividi su LinkedIn<\/span>\n\t\t\t\t\t\t<\/a>\n\t\t\t\t\t\t\t\t\t\t\t<a href=\"mailto:?subject=Facebook&#038;body=https%3A%2F%2Fwww.facebook.com%2Fphoto.php%3Ffbid%3D1207831188003083%26amp%3Bset%3Da.325514679568076%26amp%3Btype%3D3%20-%20%0A%0A%09%0A%09%09SAVE%20THE%20DATE%20%F0%9F%8C%B8%F0%9F%8E%B6%F0%9F%93%85%2018.04.2026%F0%9F%93%8D%20Forum%20Brixen%E2%8F%B0%2020.00%20UhrWir%20freuen%20uns%20auf%20euch%21Eure%20MK%20Peter%20Mayr%20Pfeffersberg%F0%9F%8E%B6%09%09%09%0A%09\" target=\"_blank\" rel=\"noopener noreferrer\" class=\"cff-email-icon\">\n\t\t\t\t\t\t\t<span class=\"fa fab fa-envelope\" aria-hidden=\"true\"><\/span>\n\t\t\t\t\t\t\t<span class=\"cff-screenreader\">Condividi via email<\/span>\n\t\t\t\t\t\t<\/a>\n\t\t\t\t\t\t\t\t\t<\/p>\n\t\t\t<\/div>\n\t\t\t<\/div>\n\t<\/div>\n\n\n\n<div id=\"cff_205531219466641_1205593761560159\" class=\"cff-item cff-status-post cff-album cff-box author-musikkapelle-peter-mayr-pfeffersberg\"  style=\"border-radius:5px;\" >\n\t<div class=\"cff-author\">\n\t<div class=\"cff-author-text\">\n\t\t\t\t\t<div class=\"cff-page-name cff-author-date\" >\n\t\t\t\t<a href=\"https:\/\/facebook.com\/205531219466641\" target=\"_blank\" rel=\"nofollow noopener\" >Musikkapelle Peter Mayr Pfeffersberg<\/a>\n\t\t\t\t<span class=\"cff-story\"> <\/span>\n\t\t\t<\/div>\n\t\t\t\n<p class=\"cff-date\" > 2 months ago <\/p>\n\t\t\t<\/div>\n\t<div class=\"cff-author-img \" data-avatar=\"https:\/\/scontent-zrh1-1.xx.fbcdn.net\/v\/t39.30808-1\/277800339_325514729568071_2056318910839395881_n.jpg?stp=c341.0.1365.1365a_cp0_dst-jpg_s50x50_tt6&#038;_nc_cat=109&#038;ccb=1-7&#038;_nc_sid=f907e8&#038;_nc_ohc=po-lfdlOqXUQ7kNvwFRjtvo&#038;_nc_oc=Adr5Yxb2FIE24gglJVwKblRTEbzRUHQHZyoEkt733Pu9PokdEhMg4jiBUx88P7cdHzI&#038;_nc_zt=24&#038;_nc_ht=scontent-zrh1-1.xx&#038;edm=AKIiGfEEAAAA&#038;_nc_gid=Svytxv1HoKQSNI4dEpgQJQ&#038;_nc_tpa=Q5bMBQHONO9PllM0rH_kPQPijY_s8UReCBzINVQ4QMkNMSGskfF8RKuLLI-1KCfvO1BohPM-ems6ZVP4Kw&#038;oh=00_Af0NopK3zFInooHzq6446R7vcGaIMwInzegvT2b4lYYS0A&#038;oe=69EE94B6\">\n\t\t<a href=\"https:\/\/facebook.com\/205531219466641\" target=\"_blank\" rel=\"nofollow noopener\" ><img class=\"lazyload\" decoding=\"async\" src=\"data:image\/gif;base64,R0lGODlhAQABAAAAACH5BAEKAAEALAAAAAABAAEAAAICTAEAOw==\" data-orig-src=\"https:\/\/scontent-zrh1-1.xx.fbcdn.net\/v\/t39.30808-1\/277800339_325514729568071_2056318910839395881_n.jpg?stp=c341.0.1365.1365a_cp0_dst-jpg_s50x50_tt6&#038;_nc_cat=109&#038;ccb=1-7&#038;_nc_sid=f907e8&#038;_nc_ohc=po-lfdlOqXUQ7kNvwFRjtvo&#038;_nc_oc=Adr5Yxb2FIE24gglJVwKblRTEbzRUHQHZyoEkt733Pu9PokdEhMg4jiBUx88P7cdHzI&#038;_nc_zt=24&#038;_nc_ht=scontent-zrh1-1.xx&#038;edm=AKIiGfEEAAAA&#038;_nc_gid=Svytxv1HoKQSNI4dEpgQJQ&#038;_nc_tpa=Q5bMBQHONO9PllM0rH_kPQPijY_s8UReCBzINVQ4QMkNMSGskfF8RKuLLI-1KCfvO1BohPM-ems6ZVP4Kw&#038;oh=00_Af0NopK3zFInooHzq6446R7vcGaIMwInzegvT2b4lYYS0A&#038;oe=69EE94B6\" title=\"Musikkapelle Peter Mayr Pfeffersberg\" alt=\"Musikkapelle Peter Mayr Pfeffersberg\" width=40 height=40 onerror=\"this.style.display='none'\"><\/a>\n\t<\/div>\n<\/div>\n\n<div class=\"cff-post-text\" >\n\t<span class=\"cff-text\" data-color=\"\">\n\t\tUnsere Posaunen \u2013 die, die nach der Probe nochmals richtig loslegen! \ud83e\udd2a<img class=\"cff-linebreak\" \/><img class=\"cff-linebreak\" \/>W\u00e4hrend der Probe schon immer Vollgas\u2026 manchmal auch ein bisschen zu viel \ud83c\udf2c\ufe0f<img class=\"cff-linebreak\" \/>Und wenn die anderen zusammenpacken, fangen sie nochmals richtig an: kleine Extral\u00e4ufe, Impros oder einfach nur Spa\u00df am Spielen.\ud83d\ude0e\u2028<img class=\"cff-linebreak\" \/>(v.l.n.r.)<img class=\"cff-linebreak\" \/>Michael Mitterrutzner, Markus Stockner, Georg Hofer, Gabriel Messner<img class=\"cff-linebreak\" \/><img class=\"cff-linebreak\" \/><a href=\"https:\/\/facebook.com\/498428906882207\">#musikkapelle<\/a> <a href=\"https:\/\/facebook.com\/1067601019999787\">#mkpfeffersberg<\/a> <a href=\"https:\/\/facebook.com\/192708047545964\">#musikverbindet<\/a> <a href=\"https:\/\/facebook.com\/585301321482410\">#dreamteam<\/a> <a href=\"https:\/\/facebook.com\/864442503618645\">#holzbl\u00e4ser<\/a> <a href=\"https:\/\/facebook.com\/510816688993039\">#blechbl\u00e4ser<\/a> <a href=\"https:\/\/facebook.com\/952356481515312\">#registerpower<\/a> <a href=\"https:\/\/facebook.com\/25465486346450423\">#kapelleimeinsatz<\/a> <a href=\"https:\/\/facebook.com\/146689445497061\">#VSM<\/a> <a href=\"https:\/\/facebook.com\/290242497772727\">#southtyrol<\/a> <a href=\"https:\/\/facebook.com\/25463518626579695\">#probenundspass<\/a> <a href=\"https:\/\/facebook.com\/274608679346270\">#musikfreunde<\/a> <a href=\"https:\/\/facebook.com\/632235386794652\">#MusikMitHerz<\/a> <a href=\"https:\/\/facebook.com\/34347733878159004\">#kapellenalltag<\/a>\t\t\t<\/span>\n\t<span class=\"cff-expand\">... <a href=\"#\" style=\"color: #\"><span class=\"cff-more\">Vedi altro<\/span><span class=\"cff-less\">Vedi meno<\/span><\/a><\/span>\n\n<\/div>\n\n<p class=\"cff-media-link\">\n\t<a href=\"https:\/\/www.facebook.com\/890624763057062\/posts\/1205593761560159\" target=\"_blank\" style=\"color: #\">\n\t\t<span style=\"padding-right: 5px;\" class=\"fa fas fa-picture-o fa-image\"><\/span>Foto\t<\/a>\n<\/p>\n\t<div class=\"cff-post-links\">\n\t\t\t\t\t<a class=\"cff-viewpost-facebook\" href=\"https:\/\/www.facebook.com\/890624763057062\/posts\/1205593761560159\" title=\"Auf Facebook anzeigen\" target=\"_blank\" rel=\"nofollow noopener\" >Auf Facebook anzeigen<\/a>\n\t\t\t\t\t\t\t<div class=\"cff-share-container\">\n\t\t\t\t\t\t\t\t\t<span class=\"cff-dot\" >&middot;<\/span>\n\t\t\t\t\t\t\t\t<a class=\"cff-share-link\" href=\"https:\/\/www.facebook.com\/sharer\/sharer.php?u=https%3A%2F%2Fwww.facebook.com%2F890624763057062%2Fposts%2F1205593761560159\" title=\"Teilen\" >Teilen<\/a>\n\t\t\t\t<p class=\"cff-share-tooltip\">\n\t\t\t\t\t\t\t\t\t\t\t<a href=\"https:\/\/www.facebook.com\/sharer\/sharer.php?u=https%3A%2F%2Fwww.facebook.com%2F890624763057062%2Fposts%2F1205593761560159\" target=\"_blank\" rel=\"noopener noreferrer\" class=\"cff-facebook-icon\">\n\t\t\t\t\t\t\t<span class=\"fa fab fa-facebook-square\" aria-hidden=\"true\"><\/span>\n\t\t\t\t\t\t\t<span class=\"cff-screenreader\">Condividi su Facebook<\/span>\n\t\t\t\t\t\t<\/a>\n\t\t\t\t\t\t\t\t\t\t\t<a href=\"https:\/\/twitter.com\/intent\/tweet?text=https%3A%2F%2Fwww.facebook.com%2F890624763057062%2Fposts%2F1205593761560159\" target=\"_blank\" rel=\"noopener noreferrer\" class=\"cff-twitter-icon\">\n\t\t\t\t\t\t\t<span class=\"fa fab fa-twitter\" aria-hidden=\"true\"><\/span>\n\t\t\t\t\t\t\t<span class=\"cff-screenreader\">Condividi su Twitter<\/span>\n\t\t\t\t\t\t<\/a>\n\t\t\t\t\t\t\t\t\t\t\t<a href=\"https:\/\/www.linkedin.com\/shareArticle?mini=true&#038;url=https%3A%2F%2Fwww.facebook.com%2F890624763057062%2Fposts%2F1205593761560159&#038;title=%09%09%09Unsere%20Posaunen%20%E2%80%93%20die%2C%20die%20nach%20der%20Probe%20nochmals%20richtig%20loslegen%21%20%F0%9F%A4%AAW%C3%A4hrend%20der%20Probe%20schon%20immer%20Vollgas%E2%80%A6%20manchmal%20auch%20ein%20bisschen%20zu%20viel%20%F0%9F%8C%AC%EF%B8%8FUnd%20wenn%20die%20anderen%20zusammenpacken%2C%20fangen%20sie%20nochmals%20richtig%20an%3A%20kleine%20Extral%C3%A4ufe%2C%20Impros%20oder%20einfach%20nur%20Spa%C3%9F%20am%20Spielen.%F0%9F%98%8E%E2%80%A8%28v.l.n.r.%29Michael%20Mitterrutzner%2C%20Markus%20Stockner%2C%20Georg%20Hofer%2C%20Gabriel%20Messner%23musikkapelle%20%23mkpfeffersberg%20%23musikverbindet%20%23dreamteam%20%23holzbl%C3%A4ser%20%23blechbl%C3%A4ser%20%23registerpower%20%23kapelleimeinsatz%20%23VSM%20%23southtyrol%20%23probenundspass%20%23musikfreunde%20%23MusikMitHerz%20%23kapellenalltag%09%09%09%09\" target=\"_blank\" rel=\"noopener noreferrer\" class=\"cff-linkedin-icon\">\n\t\t\t\t\t\t\t<span class=\"fa fab fa-linkedin\" aria-hidden=\"true\"><\/span>\n\t\t\t\t\t\t\t<span class=\"cff-screenreader\">Condividi su LinkedIn<\/span>\n\t\t\t\t\t\t<\/a>\n\t\t\t\t\t\t\t\t\t\t\t<a href=\"mailto:?subject=Facebook&#038;body=https%3A%2F%2Fwww.facebook.com%2F890624763057062%2Fposts%2F1205593761560159%20-%20%0A%0A%09%0A%09%09Unsere%20Posaunen%20%E2%80%93%20die%2C%20die%20nach%20der%20Probe%20nochmals%20richtig%20loslegen%21%20%F0%9F%A4%AAW%C3%A4hrend%20der%20Probe%20schon%20immer%20Vollgas%E2%80%A6%20manchmal%20auch%20ein%20bisschen%20zu%20viel%20%F0%9F%8C%AC%EF%B8%8FUnd%20wenn%20die%20anderen%20zusammenpacken%2C%20fangen%20sie%20nochmals%20richtig%20an%3A%20kleine%20Extral%C3%A4ufe%2C%20Impros%20oder%20einfach%20nur%20Spa%C3%9F%20am%20Spielen.%F0%9F%98%8E%E2%80%A8%28v.l.n.r.%29Michael%20Mitterrutzner%2C%20Markus%20Stockner%2C%20Georg%20Hofer%2C%20Gabriel%20Messner%23musikkapelle%20%23mkpfeffersberg%20%23musikverbindet%20%23dreamteam%20%23holzbl%C3%A4ser%20%23blechbl%C3%A4ser%20%23registerpower%20%23kapelleimeinsatz%20%23VSM%20%23southtyrol%20%23probenundspass%20%23musikfreunde%20%23MusikMitHerz%20%23kapellenalltag%09%09%09%0A%09\" target=\"_blank\" rel=\"noopener noreferrer\" class=\"cff-email-icon\">\n\t\t\t\t\t\t\t<span class=\"fa fab fa-envelope\" aria-hidden=\"true\"><\/span>\n\t\t\t\t\t\t\t<span class=\"cff-screenreader\">Condividi via email<\/span>\n\t\t\t\t\t\t<\/a>\n\t\t\t\t\t\t\t\t\t<\/p>\n\t\t\t<\/div>\n\t\t\t<\/div>\n\t<\/div>\n\n\n\n<div id=\"cff_205531219466641_1200057865447082\" class=\"cff-item cff-status-post cff-album cff-box author-musikkapelle-peter-mayr-pfeffersberg\"  style=\"border-radius:5px;\" >\n\t<div class=\"cff-author\">\n\t<div class=\"cff-author-text\">\n\t\t\t\t\t<div class=\"cff-page-name cff-author-date\" >\n\t\t\t\t<a href=\"https:\/\/facebook.com\/205531219466641\" target=\"_blank\" rel=\"nofollow noopener\" >Musikkapelle Peter Mayr Pfeffersberg<\/a>\n\t\t\t\t<span class=\"cff-story\"> <\/span>\n\t\t\t<\/div>\n\t\t\t\n<p class=\"cff-date\" > 2 months ago <\/p>\n\t\t\t<\/div>\n\t<div class=\"cff-author-img \" data-avatar=\"https:\/\/scontent-zrh1-1.xx.fbcdn.net\/v\/t39.30808-1\/277800339_325514729568071_2056318910839395881_n.jpg?stp=c341.0.1365.1365a_cp0_dst-jpg_s50x50_tt6&#038;_nc_cat=109&#038;ccb=1-7&#038;_nc_sid=f907e8&#038;_nc_ohc=po-lfdlOqXUQ7kNvwFRjtvo&#038;_nc_oc=Adr5Yxb2FIE24gglJVwKblRTEbzRUHQHZyoEkt733Pu9PokdEhMg4jiBUx88P7cdHzI&#038;_nc_zt=24&#038;_nc_ht=scontent-zrh1-1.xx&#038;edm=AKIiGfEEAAAA&#038;_nc_gid=Svytxv1HoKQSNI4dEpgQJQ&#038;_nc_tpa=Q5bMBQHONO9PllM0rH_kPQPijY_s8UReCBzINVQ4QMkNMSGskfF8RKuLLI-1KCfvO1BohPM-ems6ZVP4Kw&#038;oh=00_Af0NopK3zFInooHzq6446R7vcGaIMwInzegvT2b4lYYS0A&#038;oe=69EE94B6\">\n\t\t<a href=\"https:\/\/facebook.com\/205531219466641\" target=\"_blank\" rel=\"nofollow noopener\" ><img class=\"lazyload\" decoding=\"async\" src=\"data:image\/gif;base64,R0lGODlhAQABAAAAACH5BAEKAAEALAAAAAABAAEAAAICTAEAOw==\" data-orig-src=\"https:\/\/scontent-zrh1-1.xx.fbcdn.net\/v\/t39.30808-1\/277800339_325514729568071_2056318910839395881_n.jpg?stp=c341.0.1365.1365a_cp0_dst-jpg_s50x50_tt6&#038;_nc_cat=109&#038;ccb=1-7&#038;_nc_sid=f907e8&#038;_nc_ohc=po-lfdlOqXUQ7kNvwFRjtvo&#038;_nc_oc=Adr5Yxb2FIE24gglJVwKblRTEbzRUHQHZyoEkt733Pu9PokdEhMg4jiBUx88P7cdHzI&#038;_nc_zt=24&#038;_nc_ht=scontent-zrh1-1.xx&#038;edm=AKIiGfEEAAAA&#038;_nc_gid=Svytxv1HoKQSNI4dEpgQJQ&#038;_nc_tpa=Q5bMBQHONO9PllM0rH_kPQPijY_s8UReCBzINVQ4QMkNMSGskfF8RKuLLI-1KCfvO1BohPM-ems6ZVP4Kw&#038;oh=00_Af0NopK3zFInooHzq6446R7vcGaIMwInzegvT2b4lYYS0A&#038;oe=69EE94B6\" title=\"Musikkapelle Peter Mayr Pfeffersberg\" alt=\"Musikkapelle Peter Mayr Pfeffersberg\" width=40 height=40 onerror=\"this.style.display='none'\"><\/a>\n\t<\/div>\n<\/div>\n\n<div class=\"cff-post-text\" >\n\t<span class=\"cff-text\" data-color=\"\">\n\t\tUnsere Trompeten \u2013 immer f\u00fcr einen Spa\u00df zu haben! \ud83d\ude04\ud83c\udfba<img class=\"cff-linebreak\" \/><img class=\"cff-linebreak\" \/>Unter sich gibt\u2019s st\u00e4ndig etwas zu lachen \u2013 kleine Witze, Streiche oder Grimassen w\u00e4hrend der Probe.\ud83e\udd23\u2028<img class=\"cff-linebreak\" \/>(v.l.n.r.) <img class=\"cff-linebreak\" \/>Andreas Unterrainer, Markus Hofer, Vitus Reinthaler, Sophie Hofer, Kerer Philipp, Klaus Schatzer<img class=\"cff-linebreak\" \/><img class=\"cff-linebreak\" \/>\ud83d\udcf8 @alfred_tschager_photography <img class=\"cff-linebreak\" \/><img class=\"cff-linebreak\" \/><a href=\"https:\/\/facebook.com\/498428906882207\">#musikkapelle<\/a> <a href=\"https:\/\/facebook.com\/1067601019999787\">#mkpfeffersberg<\/a> <a href=\"https:\/\/facebook.com\/192708047545964\">#musikverbindet<\/a> <a href=\"https:\/\/facebook.com\/585301321482410\">#dreamteam<\/a> <a href=\"https:\/\/facebook.com\/864442503618645\">#holzbl\u00e4ser<\/a> <a href=\"https:\/\/facebook.com\/510816688993039\">#blechbl\u00e4ser<\/a> <a href=\"https:\/\/facebook.com\/952356481515312\">#registerpower<\/a> <a href=\"https:\/\/facebook.com\/25465486346450423\">#kapelleimeinsatz<\/a> #vsm <a href=\"https:\/\/facebook.com\/290242497772727\">#southtyrol<\/a> <a href=\"https:\/\/facebook.com\/25463518626579695\">#probenundspass<\/a> <a href=\"https:\/\/facebook.com\/274608679346270\">#musikfreunde<\/a> #musikmitherz <a href=\"https:\/\/facebook.com\/34347733878159004\">#kapellenalltag<\/a>\t\t\t<\/span>\n\t<span class=\"cff-expand\">... <a href=\"#\" style=\"color: #\"><span class=\"cff-more\">Vedi altro<\/span><span class=\"cff-less\">Vedi meno<\/span><\/a><\/span>\n\n<\/div>\n\n<p class=\"cff-media-link\">\n\t<a href=\"https:\/\/www.facebook.com\/890624763057062\/posts\/1200057865447082\" target=\"_blank\" style=\"color: #\">\n\t\t<span style=\"padding-right: 5px;\" class=\"fa fas fa-picture-o fa-image\"><\/span>Foto\t<\/a>\n<\/p>\n\t<div class=\"cff-post-links\">\n\t\t\t\t\t<a class=\"cff-viewpost-facebook\" href=\"https:\/\/www.facebook.com\/890624763057062\/posts\/1200057865447082\" title=\"Auf Facebook anzeigen\" target=\"_blank\" rel=\"nofollow noopener\" >Auf Facebook anzeigen<\/a>\n\t\t\t\t\t\t\t<div class=\"cff-share-container\">\n\t\t\t\t\t\t\t\t\t<span class=\"cff-dot\" >&middot;<\/span>\n\t\t\t\t\t\t\t\t<a class=\"cff-share-link\" href=\"https:\/\/www.facebook.com\/sharer\/sharer.php?u=https%3A%2F%2Fwww.facebook.com%2F890624763057062%2Fposts%2F1200057865447082\" title=\"Teilen\" >Teilen<\/a>\n\t\t\t\t<p class=\"cff-share-tooltip\">\n\t\t\t\t\t\t\t\t\t\t\t<a href=\"https:\/\/www.facebook.com\/sharer\/sharer.php?u=https%3A%2F%2Fwww.facebook.com%2F890624763057062%2Fposts%2F1200057865447082\" target=\"_blank\" rel=\"noopener noreferrer\" class=\"cff-facebook-icon\">\n\t\t\t\t\t\t\t<span class=\"fa fab fa-facebook-square\" aria-hidden=\"true\"><\/span>\n\t\t\t\t\t\t\t<span class=\"cff-screenreader\">Condividi su Facebook<\/span>\n\t\t\t\t\t\t<\/a>\n\t\t\t\t\t\t\t\t\t\t\t<a href=\"https:\/\/twitter.com\/intent\/tweet?text=https%3A%2F%2Fwww.facebook.com%2F890624763057062%2Fposts%2F1200057865447082\" target=\"_blank\" rel=\"noopener noreferrer\" class=\"cff-twitter-icon\">\n\t\t\t\t\t\t\t<span class=\"fa fab fa-twitter\" aria-hidden=\"true\"><\/span>\n\t\t\t\t\t\t\t<span class=\"cff-screenreader\">Condividi su Twitter<\/span>\n\t\t\t\t\t\t<\/a>\n\t\t\t\t\t\t\t\t\t\t\t<a href=\"https:\/\/www.linkedin.com\/shareArticle?mini=true&#038;url=https%3A%2F%2Fwww.facebook.com%2F890624763057062%2Fposts%2F1200057865447082&#038;title=%09%09%09Unsere%20Trompeten%20%E2%80%93%20immer%20f%C3%BCr%20einen%20Spa%C3%9F%20zu%20haben%21%20%F0%9F%98%84%F0%9F%8E%BAUnter%20sich%20gibt%E2%80%99s%20st%C3%A4ndig%20etwas%20zu%20lachen%20%E2%80%93%20kleine%20Witze%2C%20Streiche%20oder%20Grimassen%20w%C3%A4hrend%20der%20Probe.%F0%9F%A4%A3%E2%80%A8%28v.l.n.r.%29%20Andreas%20Unterrainer%2C%20Markus%20Hofer%2C%20Vitus%20Reinthaler%2C%20Sophie%20Hofer%2C%20Kerer%20Philipp%2C%20Klaus%20Schatzer%F0%9F%93%B8%20%40alfred_tschager_photography%20%23musikkapelle%20%23mkpfeffersberg%20%23musikverbindet%20%23dreamteam%20%23holzbl%C3%A4ser%20%23blechbl%C3%A4ser%20%23registerpower%20%23kapelleimeinsatz%20%23vsm%20%23southtyrol%20%23probenundspass%20%23musikfreunde%20%23musikmitherz%20%23kapellenalltag%09%09%09%09\" target=\"_blank\" rel=\"noopener noreferrer\" class=\"cff-linkedin-icon\">\n\t\t\t\t\t\t\t<span class=\"fa fab fa-linkedin\" aria-hidden=\"true\"><\/span>\n\t\t\t\t\t\t\t<span class=\"cff-screenreader\">Condividi su LinkedIn<\/span>\n\t\t\t\t\t\t<\/a>\n\t\t\t\t\t\t\t\t\t\t\t<a href=\"mailto:?subject=Facebook&#038;body=https%3A%2F%2Fwww.facebook.com%2F890624763057062%2Fposts%2F1200057865447082%20-%20%0A%0A%09%0A%09%09Unsere%20Trompeten%20%E2%80%93%20immer%20f%C3%BCr%20einen%20Spa%C3%9F%20zu%20haben%21%20%F0%9F%98%84%F0%9F%8E%BAUnter%20sich%20gibt%E2%80%99s%20st%C3%A4ndig%20etwas%20zu%20lachen%20%E2%80%93%20kleine%20Witze%2C%20Streiche%20oder%20Grimassen%20w%C3%A4hrend%20der%20Probe.%F0%9F%A4%A3%E2%80%A8%28v.l.n.r.%29%20Andreas%20Unterrainer%2C%20Markus%20Hofer%2C%20Vitus%20Reinthaler%2C%20Sophie%20Hofer%2C%20Kerer%20Philipp%2C%20Klaus%20Schatzer%F0%9F%93%B8%20%40alfred_tschager_photography%20%23musikkapelle%20%23mkpfeffersberg%20%23musikverbindet%20%23dreamteam%20%23holzbl%C3%A4ser%20%23blechbl%C3%A4ser%20%23registerpower%20%23kapelleimeinsatz%20%23vsm%20%23southtyrol%20%23probenundspass%20%23musikfreunde%20%23musikmitherz%20%23kapellenalltag%09%09%09%0A%09\" target=\"_blank\" rel=\"noopener noreferrer\" class=\"cff-email-icon\">\n\t\t\t\t\t\t\t<span class=\"fa fab fa-envelope\" aria-hidden=\"true\"><\/span>\n\t\t\t\t\t\t\t<span class=\"cff-screenreader\">Condividi via email<\/span>\n\t\t\t\t\t\t<\/a>\n\t\t\t\t\t\t\t\t\t<\/p>\n\t\t\t<\/div>\n\t\t\t<\/div>\n\t<\/div>\n\n\n\n<div id=\"cff_205531219466641_1194473482672187\" class=\"cff-item cff-status-post cff-album cff-box author-musikkapelle-peter-mayr-pfeffersberg\"  style=\"border-radius:5px;\" >\n\t<div class=\"cff-author\">\n\t<div class=\"cff-author-text\">\n\t\t\t\t\t<div class=\"cff-page-name cff-author-date\" >\n\t\t\t\t<a href=\"https:\/\/facebook.com\/205531219466641\" target=\"_blank\" rel=\"nofollow noopener\" >Musikkapelle Peter Mayr Pfeffersberg<\/a>\n\t\t\t\t<span class=\"cff-story\"> <\/span>\n\t\t\t<\/div>\n\t\t\t\n<p class=\"cff-date\" > 2 months ago <\/p>\n\t\t\t<\/div>\n\t<div class=\"cff-author-img \" data-avatar=\"https:\/\/scontent-zrh1-1.xx.fbcdn.net\/v\/t39.30808-1\/277800339_325514729568071_2056318910839395881_n.jpg?stp=c341.0.1365.1365a_cp0_dst-jpg_s50x50_tt6&#038;_nc_cat=109&#038;ccb=1-7&#038;_nc_sid=f907e8&#038;_nc_ohc=po-lfdlOqXUQ7kNvwFRjtvo&#038;_nc_oc=Adr5Yxb2FIE24gglJVwKblRTEbzRUHQHZyoEkt733Pu9PokdEhMg4jiBUx88P7cdHzI&#038;_nc_zt=24&#038;_nc_ht=scontent-zrh1-1.xx&#038;edm=AKIiGfEEAAAA&#038;_nc_gid=Svytxv1HoKQSNI4dEpgQJQ&#038;_nc_tpa=Q5bMBQHONO9PllM0rH_kPQPijY_s8UReCBzINVQ4QMkNMSGskfF8RKuLLI-1KCfvO1BohPM-ems6ZVP4Kw&#038;oh=00_Af0NopK3zFInooHzq6446R7vcGaIMwInzegvT2b4lYYS0A&#038;oe=69EE94B6\">\n\t\t<a href=\"https:\/\/facebook.com\/205531219466641\" target=\"_blank\" rel=\"nofollow noopener\" ><img class=\"lazyload\" decoding=\"async\" src=\"data:image\/gif;base64,R0lGODlhAQABAAAAACH5BAEKAAEALAAAAAABAAEAAAICTAEAOw==\" data-orig-src=\"https:\/\/scontent-zrh1-1.xx.fbcdn.net\/v\/t39.30808-1\/277800339_325514729568071_2056318910839395881_n.jpg?stp=c341.0.1365.1365a_cp0_dst-jpg_s50x50_tt6&#038;_nc_cat=109&#038;ccb=1-7&#038;_nc_sid=f907e8&#038;_nc_ohc=po-lfdlOqXUQ7kNvwFRjtvo&#038;_nc_oc=Adr5Yxb2FIE24gglJVwKblRTEbzRUHQHZyoEkt733Pu9PokdEhMg4jiBUx88P7cdHzI&#038;_nc_zt=24&#038;_nc_ht=scontent-zrh1-1.xx&#038;edm=AKIiGfEEAAAA&#038;_nc_gid=Svytxv1HoKQSNI4dEpgQJQ&#038;_nc_tpa=Q5bMBQHONO9PllM0rH_kPQPijY_s8UReCBzINVQ4QMkNMSGskfF8RKuLLI-1KCfvO1BohPM-ems6ZVP4Kw&#038;oh=00_Af0NopK3zFInooHzq6446R7vcGaIMwInzegvT2b4lYYS0A&#038;oe=69EE94B6\" title=\"Musikkapelle Peter Mayr Pfeffersberg\" alt=\"Musikkapelle Peter Mayr Pfeffersberg\" width=40 height=40 onerror=\"this.style.display='none'\"><\/a>\n\t<\/div>\n<\/div>\n\n<div class=\"cff-post-text\" >\n\t<span class=\"cff-text\" data-color=\"\">\n\t\tUnsere H\u00f6rner \u2013 die MeisterInnen des Nachstreichs! \ud83c\udfba\ud83d\ude04<img class=\"cff-linebreak\" \/><img class=\"cff-linebreak\" \/>Manchmal brauchen sie eine kleine Erinnerung, dass der Nachstreich auch mal fr\u00fcher und k\u00fcrzer kommen soll\u2026 aber hey: Wenn er dann kommt, dann mit Stil! \ud83d\ude0f\ud83d\udd25\u2028<img class=\"cff-linebreak\" \/>(v.l.n.r.)<img class=\"cff-linebreak\" \/>Christian Reifer, Alexandra Stockner, Ruppi Reifer, Klaus Sellemond, Michael Reifer<img class=\"cff-linebreak\" \/><img class=\"cff-linebreak\" \/>\ud83d\udcf8 @alfred_tschager_photography <img class=\"cff-linebreak\" \/><img class=\"cff-linebreak\" \/><a href=\"https:\/\/facebook.com\/498428906882207\">#musikkapelle<\/a> <a href=\"https:\/\/facebook.com\/1067601019999787\">#mkpfeffersberg<\/a> <a href=\"https:\/\/facebook.com\/192708047545964\">#musikverbindet<\/a> <a href=\"https:\/\/facebook.com\/585301321482410\">#dreamteam<\/a> <a href=\"https:\/\/facebook.com\/864442503618645\">#holzbl\u00e4ser<\/a> <a href=\"https:\/\/facebook.com\/510816688993039\">#blechbl\u00e4ser<\/a> <a href=\"https:\/\/facebook.com\/952356481515312\">#registerpower<\/a> <a href=\"https:\/\/facebook.com\/25465486346450423\">#kapelleimeinsatz<\/a> <a href=\"https:\/\/facebook.com\/146689445497061\">#VSM<\/a> <a href=\"https:\/\/facebook.com\/290242497772727\">#southtyrol<\/a> <a href=\"https:\/\/facebook.com\/25463518626579695\">#probenundspass<\/a> <a href=\"https:\/\/facebook.com\/274608679346270\">#musikfreunde<\/a> <a href=\"https:\/\/facebook.com\/632235386794652\">#MusikMitHerz<\/a> <a href=\"https:\/\/facebook.com\/34347733878159004\">#kapellenalltag<\/a>\t\t\t<\/span>\n\t<span class=\"cff-expand\">... <a href=\"#\" style=\"color: #\"><span class=\"cff-more\">Vedi altro<\/span><span class=\"cff-less\">Vedi meno<\/span><\/a><\/span>\n\n<\/div>\n\n<p class=\"cff-media-link\">\n\t<a href=\"https:\/\/www.facebook.com\/890624763057062\/posts\/1194473482672187\" target=\"_blank\" style=\"color: #\">\n\t\t<span style=\"padding-right: 5px;\" class=\"fa fas fa-picture-o fa-image\"><\/span>Foto\t<\/a>\n<\/p>\n\t<div class=\"cff-post-links\">\n\t\t\t\t\t<a class=\"cff-viewpost-facebook\" href=\"https:\/\/www.facebook.com\/890624763057062\/posts\/1194473482672187\" title=\"Auf Facebook anzeigen\" target=\"_blank\" rel=\"nofollow noopener\" >Auf Facebook anzeigen<\/a>\n\t\t\t\t\t\t\t<div class=\"cff-share-container\">\n\t\t\t\t\t\t\t\t\t<span class=\"cff-dot\" >&middot;<\/span>\n\t\t\t\t\t\t\t\t<a class=\"cff-share-link\" href=\"https:\/\/www.facebook.com\/sharer\/sharer.php?u=https%3A%2F%2Fwww.facebook.com%2F890624763057062%2Fposts%2F1194473482672187\" title=\"Teilen\" >Teilen<\/a>\n\t\t\t\t<p class=\"cff-share-tooltip\">\n\t\t\t\t\t\t\t\t\t\t\t<a href=\"https:\/\/www.facebook.com\/sharer\/sharer.php?u=https%3A%2F%2Fwww.facebook.com%2F890624763057062%2Fposts%2F1194473482672187\" target=\"_blank\" rel=\"noopener noreferrer\" class=\"cff-facebook-icon\">\n\t\t\t\t\t\t\t<span class=\"fa fab fa-facebook-square\" aria-hidden=\"true\"><\/span>\n\t\t\t\t\t\t\t<span class=\"cff-screenreader\">Condividi su Facebook<\/span>\n\t\t\t\t\t\t<\/a>\n\t\t\t\t\t\t\t\t\t\t\t<a href=\"https:\/\/twitter.com\/intent\/tweet?text=https%3A%2F%2Fwww.facebook.com%2F890624763057062%2Fposts%2F1194473482672187\" target=\"_blank\" rel=\"noopener noreferrer\" class=\"cff-twitter-icon\">\n\t\t\t\t\t\t\t<span class=\"fa fab fa-twitter\" aria-hidden=\"true\"><\/span>\n\t\t\t\t\t\t\t<span class=\"cff-screenreader\">Condividi su Twitter<\/span>\n\t\t\t\t\t\t<\/a>\n\t\t\t\t\t\t\t\t\t\t\t<a href=\"https:\/\/www.linkedin.com\/shareArticle?mini=true&#038;url=https%3A%2F%2Fwww.facebook.com%2F890624763057062%2Fposts%2F1194473482672187&#038;title=%09%09%09Unsere%20H%C3%B6rner%20%E2%80%93%20die%20MeisterInnen%20des%20Nachstreichs%21%20%F0%9F%8E%BA%F0%9F%98%84Manchmal%20brauchen%20sie%20eine%20kleine%20Erinnerung%2C%20dass%20der%20Nachstreich%20auch%20mal%20fr%C3%BCher%20und%20k%C3%BCrzer%20kommen%20soll%E2%80%A6%20aber%20hey%3A%20Wenn%20er%20dann%20kommt%2C%20dann%20mit%20Stil%21%20%F0%9F%98%8F%F0%9F%94%A5%E2%80%A8%28v.l.n.r.%29Christian%20Reifer%2C%20Alexandra%20Stockner%2C%20Ruppi%20Reifer%2C%20Klaus%20Sellemond%2C%20Michael%20Reifer%F0%9F%93%B8%20%40alfred_tschager_photography%20%23musikkapelle%20%23mkpfeffersberg%20%23musikverbindet%20%23dreamteam%20%23holzbl%C3%A4ser%20%23blechbl%C3%A4ser%20%23registerpower%20%23kapelleimeinsatz%20%23VSM%20%23southtyrol%20%23probenundspass%20%23musikfreunde%20%23MusikMitHerz%20%23kapellenalltag%09%09%09%09\" target=\"_blank\" rel=\"noopener noreferrer\" class=\"cff-linkedin-icon\">\n\t\t\t\t\t\t\t<span class=\"fa fab fa-linkedin\" aria-hidden=\"true\"><\/span>\n\t\t\t\t\t\t\t<span class=\"cff-screenreader\">Condividi su LinkedIn<\/span>\n\t\t\t\t\t\t<\/a>\n\t\t\t\t\t\t\t\t\t\t\t<a href=\"mailto:?subject=Facebook&#038;body=https%3A%2F%2Fwww.facebook.com%2F890624763057062%2Fposts%2F1194473482672187%20-%20%0A%0A%09%0A%09%09Unsere%20H%C3%B6rner%20%E2%80%93%20die%20MeisterInnen%20des%20Nachstreichs%21%20%F0%9F%8E%BA%F0%9F%98%84Manchmal%20brauchen%20sie%20eine%20kleine%20Erinnerung%2C%20dass%20der%20Nachstreich%20auch%20mal%20fr%C3%BCher%20und%20k%C3%BCrzer%20kommen%20soll%E2%80%A6%20aber%20hey%3A%20Wenn%20er%20dann%20kommt%2C%20dann%20mit%20Stil%21%20%F0%9F%98%8F%F0%9F%94%A5%E2%80%A8%28v.l.n.r.%29Christian%20Reifer%2C%20Alexandra%20Stockner%2C%20Ruppi%20Reifer%2C%20Klaus%20Sellemond%2C%20Michael%20Reifer%F0%9F%93%B8%20%40alfred_tschager_photography%20%23musikkapelle%20%23mkpfeffersberg%20%23musikverbindet%20%23dreamteam%20%23holzbl%C3%A4ser%20%23blechbl%C3%A4ser%20%23registerpower%20%23kapelleimeinsatz%20%23VSM%20%23southtyrol%20%23probenundspass%20%23musikfreunde%20%23MusikMitHerz%20%23kapellenalltag%09%09%09%0A%09\" target=\"_blank\" rel=\"noopener noreferrer\" class=\"cff-email-icon\">\n\t\t\t\t\t\t\t<span class=\"fa fab fa-envelope\" aria-hidden=\"true\"><\/span>\n\t\t\t\t\t\t\t<span class=\"cff-screenreader\">Condividi via email<\/span>\n\t\t\t\t\t\t<\/a>\n\t\t\t\t\t\t\t\t\t<\/p>\n\t\t\t<\/div>\n\t\t\t<\/div>\n\t<\/div>\n\n\n\n<div id=\"cff_205531219466641_1191194329666769\" class=\"cff-item cff-photo-post cff-box author-musikkapelle-peter-mayr-pfeffersberg\"  style=\"border-radius:5px;\" >\n\t<div class=\"cff-author\">\n\t<div class=\"cff-author-text\">\n\t\t\t\t\t<div class=\"cff-page-name cff-author-date\" >\n\t\t\t\t<a href=\"https:\/\/facebook.com\/205531219466641\" target=\"_blank\" rel=\"nofollow noopener\" >Musikkapelle Peter Mayr Pfeffersberg<\/a>\n\t\t\t\t<span class=\"cff-story\"> <\/span>\n\t\t\t<\/div>\n\t\t\t\n<p class=\"cff-date\" > 3 months ago <\/p>\n\t\t\t<\/div>\n\t<div class=\"cff-author-img \" data-avatar=\"https:\/\/scontent-zrh1-1.xx.fbcdn.net\/v\/t39.30808-1\/277800339_325514729568071_2056318910839395881_n.jpg?stp=c341.0.1365.1365a_cp0_dst-jpg_s50x50_tt6&#038;_nc_cat=109&#038;ccb=1-7&#038;_nc_sid=f907e8&#038;_nc_ohc=po-lfdlOqXUQ7kNvwFRjtvo&#038;_nc_oc=Adr5Yxb2FIE24gglJVwKblRTEbzRUHQHZyoEkt733Pu9PokdEhMg4jiBUx88P7cdHzI&#038;_nc_zt=24&#038;_nc_ht=scontent-zrh1-1.xx&#038;edm=AKIiGfEEAAAA&#038;_nc_gid=Svytxv1HoKQSNI4dEpgQJQ&#038;_nc_tpa=Q5bMBQHONO9PllM0rH_kPQPijY_s8UReCBzINVQ4QMkNMSGskfF8RKuLLI-1KCfvO1BohPM-ems6ZVP4Kw&#038;oh=00_Af0NopK3zFInooHzq6446R7vcGaIMwInzegvT2b4lYYS0A&#038;oe=69EE94B6\">\n\t\t<a href=\"https:\/\/facebook.com\/205531219466641\" target=\"_blank\" rel=\"nofollow noopener\" ><img class=\"lazyload\" decoding=\"async\" src=\"data:image\/gif;base64,R0lGODlhAQABAAAAACH5BAEKAAEALAAAAAABAAEAAAICTAEAOw==\" data-orig-src=\"https:\/\/scontent-zrh1-1.xx.fbcdn.net\/v\/t39.30808-1\/277800339_325514729568071_2056318910839395881_n.jpg?stp=c341.0.1365.1365a_cp0_dst-jpg_s50x50_tt6&#038;_nc_cat=109&#038;ccb=1-7&#038;_nc_sid=f907e8&#038;_nc_ohc=po-lfdlOqXUQ7kNvwFRjtvo&#038;_nc_oc=Adr5Yxb2FIE24gglJVwKblRTEbzRUHQHZyoEkt733Pu9PokdEhMg4jiBUx88P7cdHzI&#038;_nc_zt=24&#038;_nc_ht=scontent-zrh1-1.xx&#038;edm=AKIiGfEEAAAA&#038;_nc_gid=Svytxv1HoKQSNI4dEpgQJQ&#038;_nc_tpa=Q5bMBQHONO9PllM0rH_kPQPijY_s8UReCBzINVQ4QMkNMSGskfF8RKuLLI-1KCfvO1BohPM-ems6ZVP4Kw&#038;oh=00_Af0NopK3zFInooHzq6446R7vcGaIMwInzegvT2b4lYYS0A&#038;oe=69EE94B6\" title=\"Musikkapelle Peter Mayr Pfeffersberg\" alt=\"Musikkapelle Peter Mayr Pfeffersberg\" width=40 height=40 onerror=\"this.style.display='none'\"><\/a>\n\t<\/div>\n<\/div>\n\n<div class=\"cff-post-text\" >\n\t<span class=\"cff-text\" data-color=\"\">\n\t\t\ud835\udc13\ud835\udc1e\ud835\udc2b\ud835\udc26\ud835\udc22\ud835\udc27\ud835\udc1e \ud835\udfd0\ud835\udfce\ud835\udfd0\ud835\udfd4<img class=\"cff-linebreak\" \/><img class=\"cff-linebreak\" \/>PS: \u00c4nderungen vorbehalten\ud83d\ude09<img class=\"cff-linebreak\" \/><img class=\"cff-linebreak\" \/><a href=\"https:\/\/facebook.com\/1067601019999787\">#mkpfeffersberg<\/a> <a href=\"https:\/\/facebook.com\/290242497772727\">#southtyrol<\/a> <a href=\"https:\/\/facebook.com\/192708047545964\">#musikverbindet<\/a> <a href=\"https:\/\/facebook.com\/165376436954709\">#tracht<\/a> #termine <a href=\"https:\/\/facebook.com\/112008612321473\">#konzerte<\/a> <a href=\"https:\/\/facebook.com\/180344105451412\">#blasmusik<\/a> <a href=\"https:\/\/facebook.com\/447411075335325\">#concertband<\/a> <a href=\"https:\/\/facebook.com\/1396165467261481\">#valleisarco<\/a> <a href=\"https:\/\/facebook.com\/741830629223190\">#pfeffersberg<\/a> <a href=\"https:\/\/facebook.com\/513257072060828\">#kultur<\/a> <a href=\"https:\/\/facebook.com\/255019414633615\">#musik<\/a> <a href=\"https:\/\/facebook.com\/111772619021561\">#bandamusicale<\/a> <a href=\"https:\/\/facebook.com\/498428906882207\">#musikkapelle<\/a>\t\t\t<\/span>\n\t<span class=\"cff-expand\">... <a href=\"#\" style=\"color: #\"><span class=\"cff-more\">Vedi altro<\/span><span class=\"cff-less\">Vedi meno<\/span><\/a><\/span>\n\n<\/div>\n\n<p class=\"cff-media-link\">\n\t<a href=\"https:\/\/www.facebook.com\/photo.php?fbid=1191194309666771&#038;set=a.325514679568076&#038;type=3\" target=\"_blank\" style=\"color: #\">\n\t\t<span style=\"padding-right: 5px;\" class=\"fa fas fa-picture-o fa-image\"><\/span>Foto\t<\/a>\n<\/p>\n\t<div class=\"cff-post-links\">\n\t\t\t\t\t<a class=\"cff-viewpost-facebook\" href=\"https:\/\/www.facebook.com\/photo.php?fbid=1191194309666771&#038;set=a.325514679568076&#038;type=3\" title=\"Auf Facebook anzeigen\" target=\"_blank\" rel=\"nofollow noopener\" >Auf Facebook anzeigen<\/a>\n\t\t\t\t\t\t\t<div class=\"cff-share-container\">\n\t\t\t\t\t\t\t\t\t<span class=\"cff-dot\" >&middot;<\/span>\n\t\t\t\t\t\t\t\t<a class=\"cff-share-link\" href=\"https:\/\/www.facebook.com\/sharer\/sharer.php?u=https%3A%2F%2Fwww.facebook.com%2Fphoto.php%3Ffbid%3D1191194309666771%26amp%3Bset%3Da.325514679568076%26amp%3Btype%3D3\" title=\"Teilen\" >Teilen<\/a>\n\t\t\t\t<p class=\"cff-share-tooltip\">\n\t\t\t\t\t\t\t\t\t\t\t<a href=\"https:\/\/www.facebook.com\/sharer\/sharer.php?u=https%3A%2F%2Fwww.facebook.com%2Fphoto.php%3Ffbid%3D1191194309666771%26amp%3Bset%3Da.325514679568076%26amp%3Btype%3D3\" target=\"_blank\" rel=\"noopener noreferrer\" class=\"cff-facebook-icon\">\n\t\t\t\t\t\t\t<span class=\"fa fab fa-facebook-square\" aria-hidden=\"true\"><\/span>\n\t\t\t\t\t\t\t<span class=\"cff-screenreader\">Condividi su Facebook<\/span>\n\t\t\t\t\t\t<\/a>\n\t\t\t\t\t\t\t\t\t\t\t<a href=\"https:\/\/twitter.com\/intent\/tweet?text=https%3A%2F%2Fwww.facebook.com%2Fphoto.php%3Ffbid%3D1191194309666771%26amp%3Bset%3Da.325514679568076%26amp%3Btype%3D3\" target=\"_blank\" rel=\"noopener noreferrer\" class=\"cff-twitter-icon\">\n\t\t\t\t\t\t\t<span class=\"fa fab fa-twitter\" aria-hidden=\"true\"><\/span>\n\t\t\t\t\t\t\t<span class=\"cff-screenreader\">Condividi su Twitter<\/span>\n\t\t\t\t\t\t<\/a>\n\t\t\t\t\t\t\t\t\t\t\t<a href=\"https:\/\/www.linkedin.com\/shareArticle?mini=true&#038;url=https%3A%2F%2Fwww.facebook.com%2Fphoto.php%3Ffbid%3D1191194309666771%26amp%3Bset%3Da.325514679568076%26amp%3Btype%3D3&#038;title=%09%09%09%F0%9D%90%93%F0%9D%90%9E%F0%9D%90%AB%F0%9D%90%A6%F0%9D%90%A2%F0%9D%90%A7%F0%9D%90%9E%20%F0%9D%9F%90%F0%9D%9F%8E%F0%9D%9F%90%F0%9D%9F%94PS%3A%20%C3%84nderungen%20vorbehalten%F0%9F%98%89%23mkpfeffersberg%20%23southtyrol%20%23musikverbindet%20%23tracht%20%23termine%20%23konzerte%20%23blasmusik%20%23concertband%20%23valleisarco%20%23pfeffersberg%20%23kultur%20%23musik%20%23bandamusicale%20%23musikkapelle%09%09%09%09\" target=\"_blank\" rel=\"noopener noreferrer\" class=\"cff-linkedin-icon\">\n\t\t\t\t\t\t\t<span class=\"fa fab fa-linkedin\" aria-hidden=\"true\"><\/span>\n\t\t\t\t\t\t\t<span class=\"cff-screenreader\">Condividi su LinkedIn<\/span>\n\t\t\t\t\t\t<\/a>\n\t\t\t\t\t\t\t\t\t\t\t<a href=\"mailto:?subject=Facebook&#038;body=https%3A%2F%2Fwww.facebook.com%2Fphoto.php%3Ffbid%3D1191194309666771%26amp%3Bset%3Da.325514679568076%26amp%3Btype%3D3%20-%20%0A%0A%09%0A%09%09%F0%9D%90%93%F0%9D%90%9E%F0%9D%90%AB%F0%9D%90%A6%F0%9D%90%A2%F0%9D%90%A7%F0%9D%90%9E%20%F0%9D%9F%90%F0%9D%9F%8E%F0%9D%9F%90%F0%9D%9F%94PS%3A%20%C3%84nderungen%20vorbehalten%F0%9F%98%89%23mkpfeffersberg%20%23southtyrol%20%23musikverbindet%20%23tracht%20%23termine%20%23konzerte%20%23blasmusik%20%23concertband%20%23valleisarco%20%23pfeffersberg%20%23kultur%20%23musik%20%23bandamusicale%20%23musikkapelle%09%09%09%0A%09\" target=\"_blank\" rel=\"noopener noreferrer\" class=\"cff-email-icon\">\n\t\t\t\t\t\t\t<span class=\"fa fab fa-envelope\" aria-hidden=\"true\"><\/span>\n\t\t\t\t\t\t\t<span class=\"cff-screenreader\">Condividi via email<\/span>\n\t\t\t\t\t\t<\/a>\n\t\t\t\t\t\t\t\t\t<\/p>\n\t\t\t<\/div>\n\t\t\t<\/div>\n\t<\/div>\n\n\n\n<div id=\"cff_205531219466641_1188753603244175\" class=\"cff-item cff-status-post cff-album cff-box author-musikkapelle-peter-mayr-pfeffersberg\"  style=\"border-radius:5px;\" >\n\t<div class=\"cff-author\">\n\t<div class=\"cff-author-text\">\n\t\t\t\t\t<div class=\"cff-page-name cff-author-date\" >\n\t\t\t\t<a href=\"https:\/\/facebook.com\/205531219466641\" target=\"_blank\" rel=\"nofollow noopener\" >Musikkapelle Peter Mayr Pfeffersberg<\/a>\n\t\t\t\t<span class=\"cff-story\"> <\/span>\n\t\t\t<\/div>\n\t\t\t\n<p class=\"cff-date\" > 3 months ago <\/p>\n\t\t\t<\/div>\n\t<div class=\"cff-author-img \" data-avatar=\"https:\/\/scontent-zrh1-1.xx.fbcdn.net\/v\/t39.30808-1\/277800339_325514729568071_2056318910839395881_n.jpg?stp=c341.0.1365.1365a_cp0_dst-jpg_s50x50_tt6&#038;_nc_cat=109&#038;ccb=1-7&#038;_nc_sid=f907e8&#038;_nc_ohc=po-lfdlOqXUQ7kNvwFRjtvo&#038;_nc_oc=Adr5Yxb2FIE24gglJVwKblRTEbzRUHQHZyoEkt733Pu9PokdEhMg4jiBUx88P7cdHzI&#038;_nc_zt=24&#038;_nc_ht=scontent-zrh1-1.xx&#038;edm=AKIiGfEEAAAA&#038;_nc_gid=Svytxv1HoKQSNI4dEpgQJQ&#038;_nc_tpa=Q5bMBQHONO9PllM0rH_kPQPijY_s8UReCBzINVQ4QMkNMSGskfF8RKuLLI-1KCfvO1BohPM-ems6ZVP4Kw&#038;oh=00_Af0NopK3zFInooHzq6446R7vcGaIMwInzegvT2b4lYYS0A&#038;oe=69EE94B6\">\n\t\t<a href=\"https:\/\/facebook.com\/205531219466641\" target=\"_blank\" rel=\"nofollow noopener\" ><img class=\"lazyload\" decoding=\"async\" src=\"data:image\/gif;base64,R0lGODlhAQABAAAAACH5BAEKAAEALAAAAAABAAEAAAICTAEAOw==\" data-orig-src=\"https:\/\/scontent-zrh1-1.xx.fbcdn.net\/v\/t39.30808-1\/277800339_325514729568071_2056318910839395881_n.jpg?stp=c341.0.1365.1365a_cp0_dst-jpg_s50x50_tt6&#038;_nc_cat=109&#038;ccb=1-7&#038;_nc_sid=f907e8&#038;_nc_ohc=po-lfdlOqXUQ7kNvwFRjtvo&#038;_nc_oc=Adr5Yxb2FIE24gglJVwKblRTEbzRUHQHZyoEkt733Pu9PokdEhMg4jiBUx88P7cdHzI&#038;_nc_zt=24&#038;_nc_ht=scontent-zrh1-1.xx&#038;edm=AKIiGfEEAAAA&#038;_nc_gid=Svytxv1HoKQSNI4dEpgQJQ&#038;_nc_tpa=Q5bMBQHONO9PllM0rH_kPQPijY_s8UReCBzINVQ4QMkNMSGskfF8RKuLLI-1KCfvO1BohPM-ems6ZVP4Kw&#038;oh=00_Af0NopK3zFInooHzq6446R7vcGaIMwInzegvT2b4lYYS0A&#038;oe=69EE94B6\" title=\"Musikkapelle Peter Mayr Pfeffersberg\" alt=\"Musikkapelle Peter Mayr Pfeffersberg\" width=40 height=40 onerror=\"this.style.display='none'\"><\/a>\n\t<\/div>\n<\/div>\n\n<div class=\"cff-post-text\" >\n\t<span class=\"cff-text\" data-color=\"\">\n\t\tUnser Euphonium-Register \u2013 eine echte Familienangelegenheit! \ud83d\ude04\ud83c\udfb6<img class=\"cff-linebreak\" \/><img class=\"cff-linebreak\" \/>Alle miteinander verwandt, alle gleiche Gene, gleicher Humor und gleicher Sound \u2013 kein Wunder, dass sie perfekt zusammen harmonieren. \ud83d\ude09<img class=\"cff-linebreak\" \/><img class=\"cff-linebreak\" \/>(v.l.n.r.)<img class=\"cff-linebreak\" \/>Michael Reifer, Marie Reifer, Philipp Reifer, Tobias Reifer<img class=\"cff-linebreak\" \/> <img class=\"cff-linebreak\" \/>\ud83d\udcf8 @alfred_tschager_photography <img class=\"cff-linebreak\" \/><img class=\"cff-linebreak\" \/><a href=\"https:\/\/facebook.com\/498428906882207\">#musikkapelle<\/a> <a href=\"https:\/\/facebook.com\/1067601019999787\">#mkpfeffersberg<\/a> <a href=\"https:\/\/facebook.com\/192708047545964\">#musikverbindet<\/a> <a href=\"https:\/\/facebook.com\/585301321482410\">#dreamteam<\/a> <a href=\"https:\/\/facebook.com\/864442503618645\">#holzbl\u00e4ser<\/a> <a href=\"https:\/\/facebook.com\/510816688993039\">#blechbl\u00e4ser<\/a> <a href=\"https:\/\/facebook.com\/952356481515312\">#registerpower<\/a> <a href=\"https:\/\/facebook.com\/25465486346450423\">#kapelleimeinsatz<\/a> <a href=\"https:\/\/facebook.com\/146689445497061\">#VSM<\/a> <a href=\"https:\/\/facebook.com\/290242497772727\">#southtyrol<\/a> <a href=\"https:\/\/facebook.com\/25463518626579695\">#probenundspass<\/a> <a href=\"https:\/\/facebook.com\/274608679346270\">#musikfreunde<\/a> <a href=\"https:\/\/facebook.com\/632235386794652\">#MusikMitHerz<\/a> <a href=\"https:\/\/facebook.com\/34347733878159004\">#kapellenalltag<\/a>\t\t\t<\/span>\n\t<span class=\"cff-expand\">... <a href=\"#\" style=\"color: #\"><span class=\"cff-more\">Vedi altro<\/span><span class=\"cff-less\">Vedi meno<\/span><\/a><\/span>\n\n<\/div>\n\n<p class=\"cff-media-link\">\n\t<a href=\"https:\/\/www.facebook.com\/890624763057062\/posts\/1188753603244175\" target=\"_blank\" style=\"color: #\">\n\t\t<span style=\"padding-right: 5px;\" class=\"fa fas fa-picture-o fa-image\"><\/span>Foto\t<\/a>\n<\/p>\n\t<div class=\"cff-post-links\">\n\t\t\t\t\t<a class=\"cff-viewpost-facebook\" href=\"https:\/\/www.facebook.com\/890624763057062\/posts\/1188753603244175\" title=\"Auf Facebook anzeigen\" target=\"_blank\" rel=\"nofollow noopener\" >Auf Facebook anzeigen<\/a>\n\t\t\t\t\t\t\t<div class=\"cff-share-container\">\n\t\t\t\t\t\t\t\t\t<span class=\"cff-dot\" >&middot;<\/span>\n\t\t\t\t\t\t\t\t<a class=\"cff-share-link\" href=\"https:\/\/www.facebook.com\/sharer\/sharer.php?u=https%3A%2F%2Fwww.facebook.com%2F890624763057062%2Fposts%2F1188753603244175\" title=\"Teilen\" >Teilen<\/a>\n\t\t\t\t<p class=\"cff-share-tooltip\">\n\t\t\t\t\t\t\t\t\t\t\t<a href=\"https:\/\/www.facebook.com\/sharer\/sharer.php?u=https%3A%2F%2Fwww.facebook.com%2F890624763057062%2Fposts%2F1188753603244175\" target=\"_blank\" rel=\"noopener noreferrer\" class=\"cff-facebook-icon\">\n\t\t\t\t\t\t\t<span class=\"fa fab fa-facebook-square\" aria-hidden=\"true\"><\/span>\n\t\t\t\t\t\t\t<span class=\"cff-screenreader\">Condividi su Facebook<\/span>\n\t\t\t\t\t\t<\/a>\n\t\t\t\t\t\t\t\t\t\t\t<a href=\"https:\/\/twitter.com\/intent\/tweet?text=https%3A%2F%2Fwww.facebook.com%2F890624763057062%2Fposts%2F1188753603244175\" target=\"_blank\" rel=\"noopener noreferrer\" class=\"cff-twitter-icon\">\n\t\t\t\t\t\t\t<span class=\"fa fab fa-twitter\" aria-hidden=\"true\"><\/span>\n\t\t\t\t\t\t\t<span class=\"cff-screenreader\">Condividi su Twitter<\/span>\n\t\t\t\t\t\t<\/a>\n\t\t\t\t\t\t\t\t\t\t\t<a href=\"https:\/\/www.linkedin.com\/shareArticle?mini=true&#038;url=https%3A%2F%2Fwww.facebook.com%2F890624763057062%2Fposts%2F1188753603244175&#038;title=%09%09%09Unser%20Euphonium-Register%20%E2%80%93%20eine%20echte%20Familienangelegenheit%21%20%F0%9F%98%84%F0%9F%8E%B6Alle%20miteinander%20verwandt%2C%20alle%20gleiche%20Gene%2C%20gleicher%20Humor%20und%20gleicher%20Sound%20%E2%80%93%20kein%20Wunder%2C%20dass%20sie%20perfekt%20zusammen%20harmonieren.%20%F0%9F%98%89%28v.l.n.r.%29Michael%20Reifer%2C%20Marie%20Reifer%2C%20Philipp%20Reifer%2C%20Tobias%20Reifer%20%F0%9F%93%B8%20%40alfred_tschager_photography%20%23musikkapelle%20%23mkpfeffersberg%20%23musikverbindet%20%23dreamteam%20%23holzbl%C3%A4ser%20%23blechbl%C3%A4ser%20%23registerpower%20%23kapelleimeinsatz%20%23VSM%20%23southtyrol%20%23probenundspass%20%23musikfreunde%20%23MusikMitHerz%20%23kapellenalltag%09%09%09%09\" target=\"_blank\" rel=\"noopener noreferrer\" class=\"cff-linkedin-icon\">\n\t\t\t\t\t\t\t<span class=\"fa fab fa-linkedin\" aria-hidden=\"true\"><\/span>\n\t\t\t\t\t\t\t<span class=\"cff-screenreader\">Condividi su LinkedIn<\/span>\n\t\t\t\t\t\t<\/a>\n\t\t\t\t\t\t\t\t\t\t\t<a href=\"mailto:?subject=Facebook&#038;body=https%3A%2F%2Fwww.facebook.com%2F890624763057062%2Fposts%2F1188753603244175%20-%20%0A%0A%09%0A%09%09Unser%20Euphonium-Register%20%E2%80%93%20eine%20echte%20Familienangelegenheit%21%20%F0%9F%98%84%F0%9F%8E%B6Alle%20miteinander%20verwandt%2C%20alle%20gleiche%20Gene%2C%20gleicher%20Humor%20und%20gleicher%20Sound%20%E2%80%93%20kein%20Wunder%2C%20dass%20sie%20perfekt%20zusammen%20harmonieren.%20%F0%9F%98%89%28v.l.n.r.%29Michael%20Reifer%2C%20Marie%20Reifer%2C%20Philipp%20Reifer%2C%20Tobias%20Reifer%20%F0%9F%93%B8%20%40alfred_tschager_photography%20%23musikkapelle%20%23mkpfeffersberg%20%23musikverbindet%20%23dreamteam%20%23holzbl%C3%A4ser%20%23blechbl%C3%A4ser%20%23registerpower%20%23kapelleimeinsatz%20%23VSM%20%23southtyrol%20%23probenundspass%20%23musikfreunde%20%23MusikMitHerz%20%23kapellenalltag%09%09%09%0A%09\" target=\"_blank\" rel=\"noopener noreferrer\" class=\"cff-email-icon\">\n\t\t\t\t\t\t\t<span class=\"fa fab fa-envelope\" aria-hidden=\"true\"><\/span>\n\t\t\t\t\t\t\t<span class=\"cff-screenreader\">Condividi via email<\/span>\n\t\t\t\t\t\t<\/a>\n\t\t\t\t\t\t\t\t\t<\/p>\n\t\t\t<\/div>\n\t\t\t<\/div>\n\t<\/div>\n\n\n\n<div id=\"cff_205531219466641_1183144503805085\" class=\"cff-item cff-status-post cff-album cff-box author-musikkapelle-peter-mayr-pfeffersberg\"  style=\"border-radius:5px;\" >\n\t<div class=\"cff-author\">\n\t<div class=\"cff-author-text\">\n\t\t\t\t\t<div class=\"cff-page-name cff-author-date\" >\n\t\t\t\t<a href=\"https:\/\/facebook.com\/205531219466641\" target=\"_blank\" rel=\"nofollow noopener\" >Musikkapelle Peter Mayr Pfeffersberg<\/a>\n\t\t\t\t<span class=\"cff-story\"> <\/span>\n\t\t\t<\/div>\n\t\t\t\n<p class=\"cff-date\" > 3 months ago <\/p>\n\t\t\t<\/div>\n\t<div class=\"cff-author-img \" data-avatar=\"https:\/\/scontent-zrh1-1.xx.fbcdn.net\/v\/t39.30808-1\/277800339_325514729568071_2056318910839395881_n.jpg?stp=c341.0.1365.1365a_cp0_dst-jpg_s50x50_tt6&#038;_nc_cat=109&#038;ccb=1-7&#038;_nc_sid=f907e8&#038;_nc_ohc=po-lfdlOqXUQ7kNvwFRjtvo&#038;_nc_oc=Adr5Yxb2FIE24gglJVwKblRTEbzRUHQHZyoEkt733Pu9PokdEhMg4jiBUx88P7cdHzI&#038;_nc_zt=24&#038;_nc_ht=scontent-zrh1-1.xx&#038;edm=AKIiGfEEAAAA&#038;_nc_gid=Svytxv1HoKQSNI4dEpgQJQ&#038;_nc_tpa=Q5bMBQHONO9PllM0rH_kPQPijY_s8UReCBzINVQ4QMkNMSGskfF8RKuLLI-1KCfvO1BohPM-ems6ZVP4Kw&#038;oh=00_Af0NopK3zFInooHzq6446R7vcGaIMwInzegvT2b4lYYS0A&#038;oe=69EE94B6\">\n\t\t<a href=\"https:\/\/facebook.com\/205531219466641\" target=\"_blank\" rel=\"nofollow noopener\" ><img class=\"lazyload\" decoding=\"async\" src=\"data:image\/gif;base64,R0lGODlhAQABAAAAACH5BAEKAAEALAAAAAABAAEAAAICTAEAOw==\" data-orig-src=\"https:\/\/scontent-zrh1-1.xx.fbcdn.net\/v\/t39.30808-1\/277800339_325514729568071_2056318910839395881_n.jpg?stp=c341.0.1365.1365a_cp0_dst-jpg_s50x50_tt6&#038;_nc_cat=109&#038;ccb=1-7&#038;_nc_sid=f907e8&#038;_nc_ohc=po-lfdlOqXUQ7kNvwFRjtvo&#038;_nc_oc=Adr5Yxb2FIE24gglJVwKblRTEbzRUHQHZyoEkt733Pu9PokdEhMg4jiBUx88P7cdHzI&#038;_nc_zt=24&#038;_nc_ht=scontent-zrh1-1.xx&#038;edm=AKIiGfEEAAAA&#038;_nc_gid=Svytxv1HoKQSNI4dEpgQJQ&#038;_nc_tpa=Q5bMBQHONO9PllM0rH_kPQPijY_s8UReCBzINVQ4QMkNMSGskfF8RKuLLI-1KCfvO1BohPM-ems6ZVP4Kw&#038;oh=00_Af0NopK3zFInooHzq6446R7vcGaIMwInzegvT2b4lYYS0A&#038;oe=69EE94B6\" title=\"Musikkapelle Peter Mayr Pfeffersberg\" alt=\"Musikkapelle Peter Mayr Pfeffersberg\" width=40 height=40 onerror=\"this.style.display='none'\"><\/a>\n\t<\/div>\n<\/div>\n\n<div class=\"cff-post-text\" >\n\t<span class=\"cff-text\" data-color=\"\">\n\t\tUnsere Fagotte \u2013 das j\u00fcngste Register, aber sicherlich die flei\u00dfigsten von allen! \ud83c\udfb6<img class=\"cff-linebreak\" \/><img class=\"cff-linebreak\" \/>Bei fast jeder Probe vollz\u00e4hlig \u2013 egal wie lang, egal wie anstrengend. W\u00e4hrend andere fehlen, steht das Fagott-Register (fast immer\ud83d\ude0f) da wie eine Eins und zieht durch. \ud83d\ude04\ud83d\udd25<img class=\"cff-linebreak\" \/><img class=\"cff-linebreak\" \/>(v.l.n.r.)<img class=\"cff-linebreak\" \/>Katharina Hofer, Amelie Unterrainer, Julia Schatzer<img class=\"cff-linebreak\" \/><img class=\"cff-linebreak\" \/>\ud83d\udcf8 @alfred_tschager_photography <img class=\"cff-linebreak\" \/><img class=\"cff-linebreak\" \/><a href=\"https:\/\/facebook.com\/498428906882207\">#musikkapelle<\/a> <a href=\"https:\/\/facebook.com\/1067601019999787\">#mkpfeffersberg<\/a> <a href=\"https:\/\/facebook.com\/192708047545964\">#musikverbindet<\/a> <a href=\"https:\/\/facebook.com\/585301321482410\">#dreamteam<\/a> <a href=\"https:\/\/facebook.com\/864442503618645\">#holzbl\u00e4ser<\/a> <a href=\"https:\/\/facebook.com\/510816688993039\">#blechbl\u00e4ser<\/a> <a href=\"https:\/\/facebook.com\/952356481515312\">#registerpower<\/a> <a href=\"https:\/\/facebook.com\/25465486346450423\">#kapelleimeinsatz<\/a> <a href=\"https:\/\/facebook.com\/146689445497061\">#VSM<\/a> <a href=\"https:\/\/facebook.com\/290242497772727\">#southtyrol<\/a> <a href=\"https:\/\/facebook.com\/25463518626579695\">#probenundspass<\/a> <a href=\"https:\/\/facebook.com\/274608679346270\">#musikfreunde<\/a> <a href=\"https:\/\/facebook.com\/632235386794652\">#MusikMitHerz<\/a> <a href=\"https:\/\/facebook.com\/34347733878159004\">#kapellenalltag<\/a>\t\t\t<\/span>\n\t<span class=\"cff-expand\">... <a href=\"#\" style=\"color: #\"><span class=\"cff-more\">Vedi altro<\/span><span class=\"cff-less\">Vedi meno<\/span><\/a><\/span>\n\n<\/div>\n\n<p class=\"cff-media-link\">\n\t<a href=\"https:\/\/www.facebook.com\/890624763057062\/posts\/1183144503805085\" target=\"_blank\" style=\"color: #\">\n\t\t<span style=\"padding-right: 5px;\" class=\"fa fas fa-picture-o fa-image\"><\/span>Foto\t<\/a>\n<\/p>\n\t<div class=\"cff-post-links\">\n\t\t\t\t\t<a class=\"cff-viewpost-facebook\" href=\"https:\/\/www.facebook.com\/890624763057062\/posts\/1183144503805085\" title=\"Auf Facebook anzeigen\" target=\"_blank\" rel=\"nofollow noopener\" >Auf Facebook anzeigen<\/a>\n\t\t\t\t\t\t\t<div class=\"cff-share-container\">\n\t\t\t\t\t\t\t\t\t<span class=\"cff-dot\" >&middot;<\/span>\n\t\t\t\t\t\t\t\t<a class=\"cff-share-link\" href=\"https:\/\/www.facebook.com\/sharer\/sharer.php?u=https%3A%2F%2Fwww.facebook.com%2F890624763057062%2Fposts%2F1183144503805085\" title=\"Teilen\" >Teilen<\/a>\n\t\t\t\t<p class=\"cff-share-tooltip\">\n\t\t\t\t\t\t\t\t\t\t\t<a href=\"https:\/\/www.facebook.com\/sharer\/sharer.php?u=https%3A%2F%2Fwww.facebook.com%2F890624763057062%2Fposts%2F1183144503805085\" target=\"_blank\" rel=\"noopener noreferrer\" class=\"cff-facebook-icon\">\n\t\t\t\t\t\t\t<span class=\"fa fab fa-facebook-square\" aria-hidden=\"true\"><\/span>\n\t\t\t\t\t\t\t<span class=\"cff-screenreader\">Condividi su Facebook<\/span>\n\t\t\t\t\t\t<\/a>\n\t\t\t\t\t\t\t\t\t\t\t<a href=\"https:\/\/twitter.com\/intent\/tweet?text=https%3A%2F%2Fwww.facebook.com%2F890624763057062%2Fposts%2F1183144503805085\" target=\"_blank\" rel=\"noopener noreferrer\" class=\"cff-twitter-icon\">\n\t\t\t\t\t\t\t<span class=\"fa fab fa-twitter\" aria-hidden=\"true\"><\/span>\n\t\t\t\t\t\t\t<span class=\"cff-screenreader\">Condividi su Twitter<\/span>\n\t\t\t\t\t\t<\/a>\n\t\t\t\t\t\t\t\t\t\t\t<a href=\"https:\/\/www.linkedin.com\/shareArticle?mini=true&#038;url=https%3A%2F%2Fwww.facebook.com%2F890624763057062%2Fposts%2F1183144503805085&#038;title=%09%09%09Unsere%20Fagotte%20%E2%80%93%20das%20j%C3%BCngste%20Register%2C%20aber%20sicherlich%20die%20flei%C3%9Figsten%20von%20allen%21%20%F0%9F%8E%B6Bei%20fast%20jeder%20Probe%20vollz%C3%A4hlig%20%E2%80%93%20egal%20wie%20lang%2C%20egal%20wie%20anstrengend.%20W%C3%A4hrend%20andere%20fehlen%2C%20steht%20das%20Fagott-Register%20%28fast%20immer%F0%9F%98%8F%29%20da%20wie%20eine%20Eins%20und%20zieht%20durch.%20%F0%9F%98%84%F0%9F%94%A5%28v.l.n.r.%29Katharina%20Hofer%2C%20Amelie%20Unterrainer%2C%20Julia%20Schatzer%F0%9F%93%B8%20%40alfred_tschager_photography%20%23musikkapelle%20%23mkpfeffersberg%20%23musikverbindet%20%23dreamteam%20%23holzbl%C3%A4ser%20%23blechbl%C3%A4ser%20%23registerpower%20%23kapelleimeinsatz%20%23VSM%20%23southtyrol%20%23probenundspass%20%23musikfreunde%20%23MusikMitHerz%20%23kapellenalltag%09%09%09%09\" target=\"_blank\" rel=\"noopener noreferrer\" class=\"cff-linkedin-icon\">\n\t\t\t\t\t\t\t<span class=\"fa fab fa-linkedin\" aria-hidden=\"true\"><\/span>\n\t\t\t\t\t\t\t<span class=\"cff-screenreader\">Condividi su LinkedIn<\/span>\n\t\t\t\t\t\t<\/a>\n\t\t\t\t\t\t\t\t\t\t\t<a href=\"mailto:?subject=Facebook&#038;body=https%3A%2F%2Fwww.facebook.com%2F890624763057062%2Fposts%2F1183144503805085%20-%20%0A%0A%09%0A%09%09Unsere%20Fagotte%20%E2%80%93%20das%20j%C3%BCngste%20Register%2C%20aber%20sicherlich%20die%20flei%C3%9Figsten%20von%20allen%21%20%F0%9F%8E%B6Bei%20fast%20jeder%20Probe%20vollz%C3%A4hlig%20%E2%80%93%20egal%20wie%20lang%2C%20egal%20wie%20anstrengend.%20W%C3%A4hrend%20andere%20fehlen%2C%20steht%20das%20Fagott-Register%20%28fast%20immer%F0%9F%98%8F%29%20da%20wie%20eine%20Eins%20und%20zieht%20durch.%20%F0%9F%98%84%F0%9F%94%A5%28v.l.n.r.%29Katharina%20Hofer%2C%20Amelie%20Unterrainer%2C%20Julia%20Schatzer%F0%9F%93%B8%20%40alfred_tschager_photography%20%23musikkapelle%20%23mkpfeffersberg%20%23musikverbindet%20%23dreamteam%20%23holzbl%C3%A4ser%20%23blechbl%C3%A4ser%20%23registerpower%20%23kapelleimeinsatz%20%23VSM%20%23southtyrol%20%23probenundspass%20%23musikfreunde%20%23MusikMitHerz%20%23kapellenalltag%09%09%09%0A%09\" target=\"_blank\" rel=\"noopener noreferrer\" class=\"cff-email-icon\">\n\t\t\t\t\t\t\t<span class=\"fa fab fa-envelope\" aria-hidden=\"true\"><\/span>\n\t\t\t\t\t\t\t<span class=\"cff-screenreader\">Condividi via email<\/span>\n\t\t\t\t\t\t<\/a>\n\t\t\t\t\t\t\t\t\t<\/p>\n\t\t\t<\/div>\n\t\t\t<\/div>\n\t<\/div>\n\n\n\n<div id=\"cff_205531219466641_1177623507690518\" class=\"cff-item cff-status-post cff-album cff-box author-musikkapelle-peter-mayr-pfeffersberg\"  style=\"border-radius:5px;\" >\n\t<div class=\"cff-author\">\n\t<div class=\"cff-author-text\">\n\t\t\t\t\t<div class=\"cff-page-name cff-author-date\" >\n\t\t\t\t<a href=\"https:\/\/facebook.com\/205531219466641\" target=\"_blank\" rel=\"nofollow noopener\" >Musikkapelle Peter Mayr Pfeffersberg<\/a>\n\t\t\t\t<span class=\"cff-story\"> <\/span>\n\t\t\t<\/div>\n\t\t\t\n<p class=\"cff-date\" > 3 months ago <\/p>\n\t\t\t<\/div>\n\t<div class=\"cff-author-img \" data-avatar=\"https:\/\/scontent-zrh1-1.xx.fbcdn.net\/v\/t39.30808-1\/277800339_325514729568071_2056318910839395881_n.jpg?stp=c341.0.1365.1365a_cp0_dst-jpg_s50x50_tt6&#038;_nc_cat=109&#038;ccb=1-7&#038;_nc_sid=f907e8&#038;_nc_ohc=po-lfdlOqXUQ7kNvwFRjtvo&#038;_nc_oc=Adr5Yxb2FIE24gglJVwKblRTEbzRUHQHZyoEkt733Pu9PokdEhMg4jiBUx88P7cdHzI&#038;_nc_zt=24&#038;_nc_ht=scontent-zrh1-1.xx&#038;edm=AKIiGfEEAAAA&#038;_nc_gid=Svytxv1HoKQSNI4dEpgQJQ&#038;_nc_tpa=Q5bMBQHONO9PllM0rH_kPQPijY_s8UReCBzINVQ4QMkNMSGskfF8RKuLLI-1KCfvO1BohPM-ems6ZVP4Kw&#038;oh=00_Af0NopK3zFInooHzq6446R7vcGaIMwInzegvT2b4lYYS0A&#038;oe=69EE94B6\">\n\t\t<a href=\"https:\/\/facebook.com\/205531219466641\" target=\"_blank\" rel=\"nofollow noopener\" ><img class=\"lazyload\" decoding=\"async\" src=\"data:image\/gif;base64,R0lGODlhAQABAAAAACH5BAEKAAEALAAAAAABAAEAAAICTAEAOw==\" data-orig-src=\"https:\/\/scontent-zrh1-1.xx.fbcdn.net\/v\/t39.30808-1\/277800339_325514729568071_2056318910839395881_n.jpg?stp=c341.0.1365.1365a_cp0_dst-jpg_s50x50_tt6&#038;_nc_cat=109&#038;ccb=1-7&#038;_nc_sid=f907e8&#038;_nc_ohc=po-lfdlOqXUQ7kNvwFRjtvo&#038;_nc_oc=Adr5Yxb2FIE24gglJVwKblRTEbzRUHQHZyoEkt733Pu9PokdEhMg4jiBUx88P7cdHzI&#038;_nc_zt=24&#038;_nc_ht=scontent-zrh1-1.xx&#038;edm=AKIiGfEEAAAA&#038;_nc_gid=Svytxv1HoKQSNI4dEpgQJQ&#038;_nc_tpa=Q5bMBQHONO9PllM0rH_kPQPijY_s8UReCBzINVQ4QMkNMSGskfF8RKuLLI-1KCfvO1BohPM-ems6ZVP4Kw&#038;oh=00_Af0NopK3zFInooHzq6446R7vcGaIMwInzegvT2b4lYYS0A&#038;oe=69EE94B6\" title=\"Musikkapelle Peter Mayr Pfeffersberg\" alt=\"Musikkapelle Peter Mayr Pfeffersberg\" width=40 height=40 onerror=\"this.style.display='none'\"><\/a>\n\t<\/div>\n<\/div>\n\n<div class=\"cff-post-text\" >\n\t<span class=\"cff-text\" data-color=\"\">\n\t\tUnsere Saxophone \u2013 das Register mit dem Soul! \ud83c\udfb7\u2728<img class=\"cff-linebreak\" \/><img class=\"cff-linebreak\" \/>Mal sanft und melodisch, mal richtig funky \u2013 sie bringen jede Probe zum Grooven. \ud83d\ude0e\u2028Ob solo oder im Ensemble: mit ihrem warmen Klang stehlen sie jedem die Show und sorgen f\u00fcr Stimmung auf und neben der B\u00fchne. \ud83d\udc9b\ud83c\udfb6<img class=\"cff-linebreak\" \/><img class=\"cff-linebreak\" \/>(v.l.n.r.)<img class=\"cff-linebreak\" \/>Sylvia Gasser, Danya Zitelli, Julia Rabensteiner, Mattia Kaltenhauser<img class=\"cff-linebreak\" \/><img class=\"cff-linebreak\" \/><a href=\"https:\/\/facebook.com\/498428906882207\">#musikkapelle<\/a> <a href=\"https:\/\/facebook.com\/1067601019999787\">#mkpfeffersberg<\/a> <a href=\"https:\/\/facebook.com\/192708047545964\">#musikverbindet<\/a> <a href=\"https:\/\/facebook.com\/585301321482410\">#dreamteam<\/a> <a href=\"https:\/\/facebook.com\/864442503618645\">#holzbl\u00e4ser<\/a> <a href=\"https:\/\/facebook.com\/510816688993039\">#blechbl\u00e4ser<\/a> <a href=\"https:\/\/facebook.com\/952356481515312\">#registerpower<\/a> <a href=\"https:\/\/facebook.com\/25465486346450423\">#kapelleimeinsatz<\/a> <a href=\"https:\/\/facebook.com\/146689445497061\">#VSM<\/a> <a href=\"https:\/\/facebook.com\/290242497772727\">#southtyrol<\/a> <a href=\"https:\/\/facebook.com\/25463518626579695\">#probenundspass<\/a> <a href=\"https:\/\/facebook.com\/274608679346270\">#musikfreunde<\/a> <a href=\"https:\/\/facebook.com\/632235386794652\">#MusikMitHerz<\/a> <a href=\"https:\/\/facebook.com\/34347733878159004\">#kapellenalltag<\/a>\t\t\t<\/span>\n\t<span class=\"cff-expand\">... <a href=\"#\" style=\"color: #\"><span class=\"cff-more\">Vedi altro<\/span><span class=\"cff-less\">Vedi meno<\/span><\/a><\/span>\n\n<\/div>\n\n<p class=\"cff-media-link\">\n\t<a href=\"https:\/\/www.facebook.com\/890624763057062\/posts\/1177623507690518\" target=\"_blank\" style=\"color: #\">\n\t\t<span style=\"padding-right: 5px;\" class=\"fa fas fa-picture-o fa-image\"><\/span>Foto\t<\/a>\n<\/p>\n\t<div class=\"cff-post-links\">\n\t\t\t\t\t<a class=\"cff-viewpost-facebook\" href=\"https:\/\/www.facebook.com\/890624763057062\/posts\/1177623507690518\" title=\"Auf Facebook anzeigen\" target=\"_blank\" rel=\"nofollow noopener\" >Auf Facebook anzeigen<\/a>\n\t\t\t\t\t\t\t<div class=\"cff-share-container\">\n\t\t\t\t\t\t\t\t\t<span class=\"cff-dot\" >&middot;<\/span>\n\t\t\t\t\t\t\t\t<a class=\"cff-share-link\" href=\"https:\/\/www.facebook.com\/sharer\/sharer.php?u=https%3A%2F%2Fwww.facebook.com%2F890624763057062%2Fposts%2F1177623507690518\" title=\"Teilen\" >Teilen<\/a>\n\t\t\t\t<p class=\"cff-share-tooltip\">\n\t\t\t\t\t\t\t\t\t\t\t<a href=\"https:\/\/www.facebook.com\/sharer\/sharer.php?u=https%3A%2F%2Fwww.facebook.com%2F890624763057062%2Fposts%2F1177623507690518\" target=\"_blank\" rel=\"noopener noreferrer\" class=\"cff-facebook-icon\">\n\t\t\t\t\t\t\t<span class=\"fa fab fa-facebook-square\" aria-hidden=\"true\"><\/span>\n\t\t\t\t\t\t\t<span class=\"cff-screenreader\">Condividi su Facebook<\/span>\n\t\t\t\t\t\t<\/a>\n\t\t\t\t\t\t\t\t\t\t\t<a href=\"https:\/\/twitter.com\/intent\/tweet?text=https%3A%2F%2Fwww.facebook.com%2F890624763057062%2Fposts%2F1177623507690518\" target=\"_blank\" rel=\"noopener noreferrer\" class=\"cff-twitter-icon\">\n\t\t\t\t\t\t\t<span class=\"fa fab fa-twitter\" aria-hidden=\"true\"><\/span>\n\t\t\t\t\t\t\t<span class=\"cff-screenreader\">Condividi su Twitter<\/span>\n\t\t\t\t\t\t<\/a>\n\t\t\t\t\t\t\t\t\t\t\t<a href=\"https:\/\/www.linkedin.com\/shareArticle?mini=true&#038;url=https%3A%2F%2Fwww.facebook.com%2F890624763057062%2Fposts%2F1177623507690518&#038;title=%09%09%09Unsere%20Saxophone%20%E2%80%93%20das%20Register%20mit%20dem%20Soul%21%20%F0%9F%8E%B7%E2%9C%A8Mal%20sanft%20und%20melodisch%2C%20mal%20richtig%20funky%20%E2%80%93%20sie%20bringen%20jede%20Probe%20zum%20Grooven.%20%F0%9F%98%8E%E2%80%A8Ob%20solo%20oder%20im%20Ensemble%3A%20mit%20ihrem%20warmen%20Klang%20stehlen%20sie%20jedem%20die%20Show%20und%20sorgen%20f%C3%BCr%20Stimmung%20auf%20und%20neben%20der%20B%C3%BChne.%20%F0%9F%92%9B%F0%9F%8E%B6%28v.l.n.r.%29Sylvia%20Gasser%2C%20Danya%20Zitelli%2C%20Julia%20Rabensteiner%2C%20Mattia%20Kaltenhauser%23musikkapelle%20%23mkpfeffersberg%20%23musikverbindet%20%23dreamteam%20%23holzbl%C3%A4ser%20%23blechbl%C3%A4ser%20%23registerpower%20%23kapelleimeinsatz%20%23VSM%20%23southtyrol%20%23probenundspass%20%23musikfreunde%20%23MusikMitHerz%20%23kapellenalltag%09%09%09%09\" target=\"_blank\" rel=\"noopener noreferrer\" class=\"cff-linkedin-icon\">\n\t\t\t\t\t\t\t<span class=\"fa fab fa-linkedin\" aria-hidden=\"true\"><\/span>\n\t\t\t\t\t\t\t<span class=\"cff-screenreader\">Condividi su LinkedIn<\/span>\n\t\t\t\t\t\t<\/a>\n\t\t\t\t\t\t\t\t\t\t\t<a href=\"mailto:?subject=Facebook&#038;body=https%3A%2F%2Fwww.facebook.com%2F890624763057062%2Fposts%2F1177623507690518%20-%20%0A%0A%09%0A%09%09Unsere%20Saxophone%20%E2%80%93%20das%20Register%20mit%20dem%20Soul%21%20%F0%9F%8E%B7%E2%9C%A8Mal%20sanft%20und%20melodisch%2C%20mal%20richtig%20funky%20%E2%80%93%20sie%20bringen%20jede%20Probe%20zum%20Grooven.%20%F0%9F%98%8E%E2%80%A8Ob%20solo%20oder%20im%20Ensemble%3A%20mit%20ihrem%20warmen%20Klang%20stehlen%20sie%20jedem%20die%20Show%20und%20sorgen%20f%C3%BCr%20Stimmung%20auf%20und%20neben%20der%20B%C3%BChne.%20%F0%9F%92%9B%F0%9F%8E%B6%28v.l.n.r.%29Sylvia%20Gasser%2C%20Danya%20Zitelli%2C%20Julia%20Rabensteiner%2C%20Mattia%20Kaltenhauser%23musikkapelle%20%23mkpfeffersberg%20%23musikverbindet%20%23dreamteam%20%23holzbl%C3%A4ser%20%23blechbl%C3%A4ser%20%23registerpower%20%23kapelleimeinsatz%20%23VSM%20%23southtyrol%20%23probenundspass%20%23musikfreunde%20%23MusikMitHerz%20%23kapellenalltag%09%09%09%0A%09\" target=\"_blank\" rel=\"noopener noreferrer\" class=\"cff-email-icon\">\n\t\t\t\t\t\t\t<span class=\"fa fab fa-envelope\" aria-hidden=\"true\"><\/span>\n\t\t\t\t\t\t\t<span class=\"cff-screenreader\">Condividi via email<\/span>\n\t\t\t\t\t\t<\/a>\n\t\t\t\t\t\t\t\t\t<\/p>\n\t\t\t<\/div>\n\t\t\t<\/div>\n\t<\/div>\n\n\n\n<div id=\"cff_205531219466641_1172347851551417\" class=\"cff-item cff-status-post cff-album cff-box author-musikkapelle-peter-mayr-pfeffersberg\"  style=\"border-radius:5px;\" >\n\t<div class=\"cff-author\">\n\t<div class=\"cff-author-text\">\n\t\t\t\t\t<div class=\"cff-page-name cff-author-date\" >\n\t\t\t\t<a href=\"https:\/\/facebook.com\/205531219466641\" target=\"_blank\" rel=\"nofollow noopener\" >Musikkapelle Peter Mayr Pfeffersberg<\/a>\n\t\t\t\t<span class=\"cff-story\"> <\/span>\n\t\t\t<\/div>\n\t\t\t\n<p class=\"cff-date\" > 3 months ago <\/p>\n\t\t\t<\/div>\n\t<div class=\"cff-author-img \" data-avatar=\"https:\/\/scontent-zrh1-1.xx.fbcdn.net\/v\/t39.30808-1\/277800339_325514729568071_2056318910839395881_n.jpg?stp=c341.0.1365.1365a_cp0_dst-jpg_s50x50_tt6&#038;_nc_cat=109&#038;ccb=1-7&#038;_nc_sid=f907e8&#038;_nc_ohc=po-lfdlOqXUQ7kNvwFRjtvo&#038;_nc_oc=Adr5Yxb2FIE24gglJVwKblRTEbzRUHQHZyoEkt733Pu9PokdEhMg4jiBUx88P7cdHzI&#038;_nc_zt=24&#038;_nc_ht=scontent-zrh1-1.xx&#038;edm=AKIiGfEEAAAA&#038;_nc_gid=Svytxv1HoKQSNI4dEpgQJQ&#038;_nc_tpa=Q5bMBQHONO9PllM0rH_kPQPijY_s8UReCBzINVQ4QMkNMSGskfF8RKuLLI-1KCfvO1BohPM-ems6ZVP4Kw&#038;oh=00_Af0NopK3zFInooHzq6446R7vcGaIMwInzegvT2b4lYYS0A&#038;oe=69EE94B6\">\n\t\t<a href=\"https:\/\/facebook.com\/205531219466641\" target=\"_blank\" rel=\"nofollow noopener\" ><img class=\"lazyload\" decoding=\"async\" src=\"data:image\/gif;base64,R0lGODlhAQABAAAAACH5BAEKAAEALAAAAAABAAEAAAICTAEAOw==\" data-orig-src=\"https:\/\/scontent-zrh1-1.xx.fbcdn.net\/v\/t39.30808-1\/277800339_325514729568071_2056318910839395881_n.jpg?stp=c341.0.1365.1365a_cp0_dst-jpg_s50x50_tt6&#038;_nc_cat=109&#038;ccb=1-7&#038;_nc_sid=f907e8&#038;_nc_ohc=po-lfdlOqXUQ7kNvwFRjtvo&#038;_nc_oc=Adr5Yxb2FIE24gglJVwKblRTEbzRUHQHZyoEkt733Pu9PokdEhMg4jiBUx88P7cdHzI&#038;_nc_zt=24&#038;_nc_ht=scontent-zrh1-1.xx&#038;edm=AKIiGfEEAAAA&#038;_nc_gid=Svytxv1HoKQSNI4dEpgQJQ&#038;_nc_tpa=Q5bMBQHONO9PllM0rH_kPQPijY_s8UReCBzINVQ4QMkNMSGskfF8RKuLLI-1KCfvO1BohPM-ems6ZVP4Kw&#038;oh=00_Af0NopK3zFInooHzq6446R7vcGaIMwInzegvT2b4lYYS0A&#038;oe=69EE94B6\" title=\"Musikkapelle Peter Mayr Pfeffersberg\" alt=\"Musikkapelle Peter Mayr Pfeffersberg\" width=40 height=40 onerror=\"this.style.display='none'\"><\/a>\n\t<\/div>\n<\/div>\n\n<div class=\"cff-post-text\" >\n\t<span class=\"cff-text\" data-color=\"\">\n\t\tUnsere Klarinetten \u2013 die einen zu laut, die anderen zu leise! \ud83d\ude04\ud83c\udfb6<img class=\"cff-linebreak\" \/><img class=\"cff-linebreak\" \/>Manchmal m\u00fcssen die ersten Klarinetten in der ersten Reihe kurz brav still sein, damit man die zweiten und dritten hinten \u00fcberhaupt h\u00f6rt\u2026 \ud83e\udd2b\ud83d\ude02\u2028Aber genau dieses Chaos macht sie aus. \ud83d\ude09<img class=\"cff-linebreak\" \/><img class=\"cff-linebreak\" \/>(v.l.n.r.): Karin Obexer, Sabine Reifer, Julia Obexer, Marion Obexer, Annalena Stockner, Elisa Stockner, Theresa Hilpold, Valentina Reinthaler, Lisa Dorfmann<img class=\"cff-linebreak\" \/><img class=\"cff-linebreak\" \/>\ud83d\udcf8 @alfred_tschager_photography <img class=\"cff-linebreak\" \/><img class=\"cff-linebreak\" \/><a href=\"https:\/\/facebook.com\/498428906882207\">#musikkapelle<\/a> <a href=\"https:\/\/facebook.com\/1067601019999787\">#mkpfeffersberg<\/a> <a href=\"https:\/\/facebook.com\/192708047545964\">#musikverbindet<\/a> <a href=\"https:\/\/facebook.com\/585301321482410\">#dreamteam<\/a> <a href=\"https:\/\/facebook.com\/864442503618645\">#holzbl\u00e4ser<\/a> <a href=\"https:\/\/facebook.com\/510816688993039\">#blechbl\u00e4ser<\/a> <a href=\"https:\/\/facebook.com\/952356481515312\">#registerpower<\/a> <a href=\"https:\/\/facebook.com\/25465486346450423\">#kapelleimeinsatz<\/a> <a href=\"https:\/\/facebook.com\/146689445497061\">#VSM<\/a> <a href=\"https:\/\/facebook.com\/290242497772727\">#southtyrol<\/a> <a href=\"https:\/\/facebook.com\/25463518626579695\">#probenundspass<\/a> <a href=\"https:\/\/facebook.com\/274608679346270\">#musikfreunde<\/a> <a href=\"https:\/\/facebook.com\/632235386794652\">#MusikMitHerz<\/a> <a href=\"https:\/\/facebook.com\/34347733878159004\">#kapellenalltag<\/a>\t\t\t<\/span>\n\t<span class=\"cff-expand\">... <a href=\"#\" style=\"color: #\"><span class=\"cff-more\">Vedi altro<\/span><span class=\"cff-less\">Vedi meno<\/span><\/a><\/span>\n\n<\/div>\n\n<p class=\"cff-media-link\">\n\t<a href=\"https:\/\/www.facebook.com\/890624763057062\/posts\/1172347851551417\" target=\"_blank\" style=\"color: #\">\n\t\t<span style=\"padding-right: 5px;\" class=\"fa fas fa-picture-o fa-image\"><\/span>Foto\t<\/a>\n<\/p>\n\t<div class=\"cff-post-links\">\n\t\t\t\t\t<a class=\"cff-viewpost-facebook\" href=\"https:\/\/www.facebook.com\/890624763057062\/posts\/1172347851551417\" title=\"Auf Facebook anzeigen\" target=\"_blank\" rel=\"nofollow noopener\" >Auf Facebook anzeigen<\/a>\n\t\t\t\t\t\t\t<div class=\"cff-share-container\">\n\t\t\t\t\t\t\t\t\t<span class=\"cff-dot\" >&middot;<\/span>\n\t\t\t\t\t\t\t\t<a class=\"cff-share-link\" href=\"https:\/\/www.facebook.com\/sharer\/sharer.php?u=https%3A%2F%2Fwww.facebook.com%2F890624763057062%2Fposts%2F1172347851551417\" title=\"Teilen\" >Teilen<\/a>\n\t\t\t\t<p class=\"cff-share-tooltip\">\n\t\t\t\t\t\t\t\t\t\t\t<a href=\"https:\/\/www.facebook.com\/sharer\/sharer.php?u=https%3A%2F%2Fwww.facebook.com%2F890624763057062%2Fposts%2F1172347851551417\" target=\"_blank\" rel=\"noopener noreferrer\" class=\"cff-facebook-icon\">\n\t\t\t\t\t\t\t<span class=\"fa fab fa-facebook-square\" aria-hidden=\"true\"><\/span>\n\t\t\t\t\t\t\t<span class=\"cff-screenreader\">Condividi su Facebook<\/span>\n\t\t\t\t\t\t<\/a>\n\t\t\t\t\t\t\t\t\t\t\t<a href=\"https:\/\/twitter.com\/intent\/tweet?text=https%3A%2F%2Fwww.facebook.com%2F890624763057062%2Fposts%2F1172347851551417\" target=\"_blank\" rel=\"noopener noreferrer\" class=\"cff-twitter-icon\">\n\t\t\t\t\t\t\t<span class=\"fa fab fa-twitter\" aria-hidden=\"true\"><\/span>\n\t\t\t\t\t\t\t<span class=\"cff-screenreader\">Condividi su Twitter<\/span>\n\t\t\t\t\t\t<\/a>\n\t\t\t\t\t\t\t\t\t\t\t<a href=\"https:\/\/www.linkedin.com\/shareArticle?mini=true&#038;url=https%3A%2F%2Fwww.facebook.com%2F890624763057062%2Fposts%2F1172347851551417&#038;title=%09%09%09Unsere%20Klarinetten%20%E2%80%93%20die%20einen%20zu%20laut%2C%20die%20anderen%20zu%20leise%21%20%F0%9F%98%84%F0%9F%8E%B6Manchmal%20m%C3%BCssen%20die%20ersten%20Klarinetten%20in%20der%20ersten%20Reihe%20kurz%20brav%20still%20sein%2C%20damit%20man%20die%20zweiten%20und%20dritten%20hinten%20%C3%BCberhaupt%20h%C3%B6rt%E2%80%A6%20%F0%9F%A4%AB%F0%9F%98%82%E2%80%A8Aber%20genau%20dieses%20Chaos%20macht%20sie%20aus.%20%F0%9F%98%89%28v.l.n.r.%29%3A%20Karin%20Obexer%2C%20Sabine%20Reifer%2C%20Julia%20Obexer%2C%20Marion%20Obexer%2C%20Annalena%20Stockner%2C%20Elisa%20Stockner%2C%20Theresa%20Hilpold%2C%20Valentina%20Reinthaler%2C%20Lisa%20Dorfmann%F0%9F%93%B8%20%40alfred_tschager_photography%20%23musikkapelle%20%23mkpfeffersberg%20%23musikverbindet%20%23dreamteam%20%23holzbl%C3%A4ser%20%23blechbl%C3%A4ser%20%23registerpower%20%23kapelleimeinsatz%20%23VSM%20%23southtyrol%20%23probenundspass%20%23musikfreunde%20%23MusikMitHerz%20%23kapellenalltag%09%09%09%09\" target=\"_blank\" rel=\"noopener noreferrer\" class=\"cff-linkedin-icon\">\n\t\t\t\t\t\t\t<span class=\"fa fab fa-linkedin\" aria-hidden=\"true\"><\/span>\n\t\t\t\t\t\t\t<span class=\"cff-screenreader\">Condividi su LinkedIn<\/span>\n\t\t\t\t\t\t<\/a>\n\t\t\t\t\t\t\t\t\t\t\t<a href=\"mailto:?subject=Facebook&#038;body=https%3A%2F%2Fwww.facebook.com%2F890624763057062%2Fposts%2F1172347851551417%20-%20%0A%0A%09%0A%09%09Unsere%20Klarinetten%20%E2%80%93%20die%20einen%20zu%20laut%2C%20die%20anderen%20zu%20leise%21%20%F0%9F%98%84%F0%9F%8E%B6Manchmal%20m%C3%BCssen%20die%20ersten%20Klarinetten%20in%20der%20ersten%20Reihe%20kurz%20brav%20still%20sein%2C%20damit%20man%20die%20zweiten%20und%20dritten%20hinten%20%C3%BCberhaupt%20h%C3%B6rt%E2%80%A6%20%F0%9F%A4%AB%F0%9F%98%82%E2%80%A8Aber%20genau%20dieses%20Chaos%20macht%20sie%20aus.%20%F0%9F%98%89%28v.l.n.r.%29%3A%20Karin%20Obexer%2C%20Sabine%20Reifer%2C%20Julia%20Obexer%2C%20Marion%20Obexer%2C%20Annalena%20Stockner%2C%20Elisa%20Stockner%2C%20Theresa%20Hilpold%2C%20Valentina%20Reinthaler%2C%20Lisa%20Dorfmann%F0%9F%93%B8%20%40alfred_tschager_photography%20%23musikkapelle%20%23mkpfeffersberg%20%23musikverbindet%20%23dreamteam%20%23holzbl%C3%A4ser%20%23blechbl%C3%A4ser%20%23registerpower%20%23kapelleimeinsatz%20%23VSM%20%23southtyrol%20%23probenundspass%20%23musikfreunde%20%23MusikMitHerz%20%23kapellenalltag%09%09%09%0A%09\" target=\"_blank\" rel=\"noopener noreferrer\" class=\"cff-email-icon\">\n\t\t\t\t\t\t\t<span class=\"fa fab fa-envelope\" aria-hidden=\"true\"><\/span>\n\t\t\t\t\t\t\t<span class=\"cff-screenreader\">Condividi via email<\/span>\n\t\t\t\t\t\t<\/a>\n\t\t\t\t\t\t\t\t\t<\/p>\n\t\t\t<\/div>\n\t\t\t<\/div>\n\t<\/div>\n\n\n\n<div id=\"cff_205531219466641_1167438882042314\" class=\"cff-item cff-status-post cff-album cff-box author-musikkapelle-peter-mayr-pfeffersberg\"  style=\"border-radius:5px;\" >\n\t<div class=\"cff-author\">\n\t<div class=\"cff-author-text\">\n\t\t\t\t\t<div class=\"cff-page-name cff-author-date\" >\n\t\t\t\t<a href=\"https:\/\/facebook.com\/205531219466641\" target=\"_blank\" rel=\"nofollow noopener\" >Musikkapelle Peter Mayr Pfeffersberg<\/a>\n\t\t\t\t<span class=\"cff-story\"> <\/span>\n\t\t\t<\/div>\n\t\t\t\n<p class=\"cff-date\" > 4 months ago <\/p>\n\t\t\t<\/div>\n\t<div class=\"cff-author-img \" data-avatar=\"https:\/\/scontent-zrh1-1.xx.fbcdn.net\/v\/t39.30808-1\/277800339_325514729568071_2056318910839395881_n.jpg?stp=c341.0.1365.1365a_cp0_dst-jpg_s50x50_tt6&#038;_nc_cat=109&#038;ccb=1-7&#038;_nc_sid=f907e8&#038;_nc_ohc=po-lfdlOqXUQ7kNvwFRjtvo&#038;_nc_oc=Adr5Yxb2FIE24gglJVwKblRTEbzRUHQHZyoEkt733Pu9PokdEhMg4jiBUx88P7cdHzI&#038;_nc_zt=24&#038;_nc_ht=scontent-zrh1-1.xx&#038;edm=AKIiGfEEAAAA&#038;_nc_gid=Svytxv1HoKQSNI4dEpgQJQ&#038;_nc_tpa=Q5bMBQHONO9PllM0rH_kPQPijY_s8UReCBzINVQ4QMkNMSGskfF8RKuLLI-1KCfvO1BohPM-ems6ZVP4Kw&#038;oh=00_Af0NopK3zFInooHzq6446R7vcGaIMwInzegvT2b4lYYS0A&#038;oe=69EE94B6\">\n\t\t<a href=\"https:\/\/facebook.com\/205531219466641\" target=\"_blank\" rel=\"nofollow noopener\" ><img class=\"lazyload\" decoding=\"async\" src=\"data:image\/gif;base64,R0lGODlhAQABAAAAACH5BAEKAAEALAAAAAABAAEAAAICTAEAOw==\" data-orig-src=\"https:\/\/scontent-zrh1-1.xx.fbcdn.net\/v\/t39.30808-1\/277800339_325514729568071_2056318910839395881_n.jpg?stp=c341.0.1365.1365a_cp0_dst-jpg_s50x50_tt6&#038;_nc_cat=109&#038;ccb=1-7&#038;_nc_sid=f907e8&#038;_nc_ohc=po-lfdlOqXUQ7kNvwFRjtvo&#038;_nc_oc=Adr5Yxb2FIE24gglJVwKblRTEbzRUHQHZyoEkt733Pu9PokdEhMg4jiBUx88P7cdHzI&#038;_nc_zt=24&#038;_nc_ht=scontent-zrh1-1.xx&#038;edm=AKIiGfEEAAAA&#038;_nc_gid=Svytxv1HoKQSNI4dEpgQJQ&#038;_nc_tpa=Q5bMBQHONO9PllM0rH_kPQPijY_s8UReCBzINVQ4QMkNMSGskfF8RKuLLI-1KCfvO1BohPM-ems6ZVP4Kw&#038;oh=00_Af0NopK3zFInooHzq6446R7vcGaIMwInzegvT2b4lYYS0A&#038;oe=69EE94B6\" title=\"Musikkapelle Peter Mayr Pfeffersberg\" alt=\"Musikkapelle Peter Mayr Pfeffersberg\" width=40 height=40 onerror=\"this.style.display='none'\"><\/a>\n\t<\/div>\n<\/div>\n\n<div class=\"cff-post-text\" >\n\t<span class=\"cff-text\" data-color=\"\">\n\t\tUnsere Fl\u00f6ten \u2013 die Quasselfeen\ud83e\uddda\ud83c\udffb, die nie \u201efl\u00f6ten\u201c gehen! \ud83c\udfb6\ud83d\udca8<img class=\"cff-linebreak\" \/><img class=\"cff-linebreak\" \/>Schwierige Passagen? Kein Problem \u2013 sie meistern sie (irgendwie halt \ud83d\ude0f).\u2028Umgeschriebene Brassband-St\u00fccke f\u00fcr die Musikkapelle? <img class=\"cff-linebreak\" \/>Absolut verhasst. Zu schnell, zu viele Noten, zu wenig Gnade - der Puls rast, die Laune\u2026 na ja \ud83d\ude1c\u2028Und trotzdem: das Register mit den meisten Abzeichen in Bronze, Silber, Gold &amp; allem, was sonst noch gl\u00e4nzt!\ud83c\udfc5<img class=\"cff-linebreak\" \/><img class=\"cff-linebreak\" \/>(v.l.n.r)<img class=\"cff-linebreak\" \/>Hanna Messner, Elisabeth Hofer, Leonie Stockner, Michaela Reifer, Anna Hofer, Anna Reifer<img class=\"cff-linebreak\" \/><img class=\"cff-linebreak\" \/>\ud83d\udcf8 @alfred_tschager_photography <img class=\"cff-linebreak\" \/><img class=\"cff-linebreak\" \/><a href=\"https:\/\/facebook.com\/498428906882207\">#musikkapelle<\/a> <a href=\"https:\/\/facebook.com\/1067601019999787\">#mkpfeffersberg<\/a> <a href=\"https:\/\/facebook.com\/192708047545964\">#musikverbindet<\/a> <a href=\"https:\/\/facebook.com\/585301321482410\">#dreamteam<\/a> <a href=\"https:\/\/facebook.com\/864442503618645\">#holzbl\u00e4ser<\/a> <a href=\"https:\/\/facebook.com\/510816688993039\">#blechbl\u00e4ser<\/a> <a href=\"https:\/\/facebook.com\/952356481515312\">#registerpower<\/a> <a href=\"https:\/\/facebook.com\/25465486346450423\">#kapelleimeinsatz<\/a> #vsm <a href=\"https:\/\/facebook.com\/290242497772727\">#southtyrol<\/a> <a href=\"https:\/\/facebook.com\/25463518626579695\">#probenundspass<\/a> <a href=\"https:\/\/facebook.com\/274608679346270\">#musikfreunde<\/a> #musikmitherz\t\t\t<\/span>\n\t<span class=\"cff-expand\">... <a href=\"#\" style=\"color: #\"><span class=\"cff-more\">Vedi altro<\/span><span class=\"cff-less\">Vedi meno<\/span><\/a><\/span>\n\n<\/div>\n\n<p class=\"cff-media-link\">\n\t<a href=\"https:\/\/www.facebook.com\/890624763057062\/posts\/1167438882042314\" target=\"_blank\" style=\"color: #\">\n\t\t<span style=\"padding-right: 5px;\" class=\"fa fas fa-picture-o fa-image\"><\/span>Foto\t<\/a>\n<\/p>\n\t<div class=\"cff-post-links\">\n\t\t\t\t\t<a class=\"cff-viewpost-facebook\" href=\"https:\/\/www.facebook.com\/890624763057062\/posts\/1167438882042314\" title=\"Auf Facebook anzeigen\" target=\"_blank\" rel=\"nofollow noopener\" >Auf Facebook anzeigen<\/a>\n\t\t\t\t\t\t\t<div class=\"cff-share-container\">\n\t\t\t\t\t\t\t\t\t<span class=\"cff-dot\" >&middot;<\/span>\n\t\t\t\t\t\t\t\t<a class=\"cff-share-link\" href=\"https:\/\/www.facebook.com\/sharer\/sharer.php?u=https%3A%2F%2Fwww.facebook.com%2F890624763057062%2Fposts%2F1167438882042314\" title=\"Teilen\" >Teilen<\/a>\n\t\t\t\t<p class=\"cff-share-tooltip\">\n\t\t\t\t\t\t\t\t\t\t\t<a href=\"https:\/\/www.facebook.com\/sharer\/sharer.php?u=https%3A%2F%2Fwww.facebook.com%2F890624763057062%2Fposts%2F1167438882042314\" target=\"_blank\" rel=\"noopener noreferrer\" class=\"cff-facebook-icon\">\n\t\t\t\t\t\t\t<span class=\"fa fab fa-facebook-square\" aria-hidden=\"true\"><\/span>\n\t\t\t\t\t\t\t<span class=\"cff-screenreader\">Condividi su Facebook<\/span>\n\t\t\t\t\t\t<\/a>\n\t\t\t\t\t\t\t\t\t\t\t<a href=\"https:\/\/twitter.com\/intent\/tweet?text=https%3A%2F%2Fwww.facebook.com%2F890624763057062%2Fposts%2F1167438882042314\" target=\"_blank\" rel=\"noopener noreferrer\" class=\"cff-twitter-icon\">\n\t\t\t\t\t\t\t<span class=\"fa fab fa-twitter\" aria-hidden=\"true\"><\/span>\n\t\t\t\t\t\t\t<span class=\"cff-screenreader\">Condividi su Twitter<\/span>\n\t\t\t\t\t\t<\/a>\n\t\t\t\t\t\t\t\t\t\t\t<a href=\"https:\/\/www.linkedin.com\/shareArticle?mini=true&#038;url=https%3A%2F%2Fwww.facebook.com%2F890624763057062%2Fposts%2F1167438882042314&#038;title=%09%09%09Unsere%20Fl%C3%B6ten%20%E2%80%93%20die%20Quasselfeen%F0%9F%A7%9A%F0%9F%8F%BB%2C%20die%20nie%20%E2%80%9Efl%C3%B6ten%E2%80%9C%20gehen%21%20%F0%9F%8E%B6%F0%9F%92%A8Schwierige%20Passagen%3F%20Kein%20Problem%20%E2%80%93%20sie%20meistern%20sie%20%28irgendwie%20halt%20%F0%9F%98%8F%29.%E2%80%A8Umgeschriebene%20Brassband-St%C3%BCcke%20f%C3%BCr%20die%20Musikkapelle%3F%20Absolut%20verhasst.%20Zu%20schnell%2C%20zu%20viele%20Noten%2C%20zu%20wenig%20Gnade%20-%20der%20Puls%20rast%2C%20die%20Laune%E2%80%A6%20na%20ja%20%F0%9F%98%9C%E2%80%A8Und%20trotzdem%3A%20das%20Register%20mit%20den%20meisten%20Abzeichen%20in%20Bronze%2C%20Silber%2C%20Gold%20%26amp%3B%20allem%2C%20was%20sonst%20noch%20gl%C3%A4nzt%21%F0%9F%8F%85%28v.l.n.r%29Hanna%20Messner%2C%20Elisabeth%20Hofer%2C%20Leonie%20Stockner%2C%20Michaela%20Reifer%2C%20Anna%20Hofer%2C%20Anna%20Reifer%F0%9F%93%B8%20%40alfred_tschager_photography%20%23musikkapelle%20%23mkpfeffersberg%20%23musikverbindet%20%23dreamteam%20%23holzbl%C3%A4ser%20%23blechbl%C3%A4ser%20%23registerpower%20%23kapelleimeinsatz%20%23vsm%20%23southtyrol%20%23probenundspass%20%23musikfreunde%20%23musikmitherz%09%09%09%09\" target=\"_blank\" rel=\"noopener noreferrer\" class=\"cff-linkedin-icon\">\n\t\t\t\t\t\t\t<span class=\"fa fab fa-linkedin\" aria-hidden=\"true\"><\/span>\n\t\t\t\t\t\t\t<span class=\"cff-screenreader\">Condividi su LinkedIn<\/span>\n\t\t\t\t\t\t<\/a>\n\t\t\t\t\t\t\t\t\t\t\t<a href=\"mailto:?subject=Facebook&#038;body=https%3A%2F%2Fwww.facebook.com%2F890624763057062%2Fposts%2F1167438882042314%20-%20%0A%0A%09%0A%09%09Unsere%20Fl%C3%B6ten%20%E2%80%93%20die%20Quasselfeen%F0%9F%A7%9A%F0%9F%8F%BB%2C%20die%20nie%20%E2%80%9Efl%C3%B6ten%E2%80%9C%20gehen%21%20%F0%9F%8E%B6%F0%9F%92%A8Schwierige%20Passagen%3F%20Kein%20Problem%20%E2%80%93%20sie%20meistern%20sie%20%28irgendwie%20halt%20%F0%9F%98%8F%29.%E2%80%A8Umgeschriebene%20Brassband-St%C3%BCcke%20f%C3%BCr%20die%20Musikkapelle%3F%20Absolut%20verhasst.%20Zu%20schnell%2C%20zu%20viele%20Noten%2C%20zu%20wenig%20Gnade%20-%20der%20Puls%20rast%2C%20die%20Laune%E2%80%A6%20na%20ja%20%F0%9F%98%9C%E2%80%A8Und%20trotzdem%3A%20das%20Register%20mit%20den%20meisten%20Abzeichen%20in%20Bronze%2C%20Silber%2C%20Gold%20%26amp%3B%20allem%2C%20was%20sonst%20noch%20gl%C3%A4nzt%21%F0%9F%8F%85%28v.l.n.r%29Hanna%20Messner%2C%20Elisabeth%20Hofer%2C%20Leonie%20Stockner%2C%20Michaela%20Reifer%2C%20Anna%20Hofer%2C%20Anna%20Reifer%F0%9F%93%B8%20%40alfred_tschager_photography%20%23musikkapelle%20%23mkpfeffersberg%20%23musikverbindet%20%23dreamteam%20%23holzbl%C3%A4ser%20%23blechbl%C3%A4ser%20%23registerpower%20%23kapelleimeinsatz%20%23vsm%20%23southtyrol%20%23probenundspass%20%23musikfreunde%20%23musikmitherz%09%09%09%0A%09\" target=\"_blank\" rel=\"noopener noreferrer\" class=\"cff-email-icon\">\n\t\t\t\t\t\t\t<span class=\"fa fab fa-envelope\" aria-hidden=\"true\"><\/span>\n\t\t\t\t\t\t\t<span class=\"cff-screenreader\">Condividi via email<\/span>\n\t\t\t\t\t\t<\/a>\n\t\t\t\t\t\t\t\t\t<\/p>\n\t\t\t<\/div>\n\t\t\t<\/div>\n\t<\/div>\n\n\n\n<div id=\"cff_205531219466641_1162603302525872\" class=\"cff-item cff-photo-post cff-box author-musikkapelle-peter-mayr-pfeffersberg\"  style=\"border-radius:5px;\" >\n\t<div class=\"cff-author\">\n\t<div class=\"cff-author-text\">\n\t\t\t\t\t<div class=\"cff-page-name cff-author-date\" >\n\t\t\t\t<a href=\"https:\/\/facebook.com\/205531219466641\" target=\"_blank\" rel=\"nofollow noopener\" >Musikkapelle Peter Mayr Pfeffersberg<\/a>\n\t\t\t\t<span class=\"cff-story\"> <\/span>\n\t\t\t<\/div>\n\t\t\t\n<p class=\"cff-date\" > 4 months ago <\/p>\n\t\t\t<\/div>\n\t<div class=\"cff-author-img \" data-avatar=\"https:\/\/scontent-zrh1-1.xx.fbcdn.net\/v\/t39.30808-1\/277800339_325514729568071_2056318910839395881_n.jpg?stp=c341.0.1365.1365a_cp0_dst-jpg_s50x50_tt6&#038;_nc_cat=109&#038;ccb=1-7&#038;_nc_sid=f907e8&#038;_nc_ohc=po-lfdlOqXUQ7kNvwFRjtvo&#038;_nc_oc=Adr5Yxb2FIE24gglJVwKblRTEbzRUHQHZyoEkt733Pu9PokdEhMg4jiBUx88P7cdHzI&#038;_nc_zt=24&#038;_nc_ht=scontent-zrh1-1.xx&#038;edm=AKIiGfEEAAAA&#038;_nc_gid=Svytxv1HoKQSNI4dEpgQJQ&#038;_nc_tpa=Q5bMBQHONO9PllM0rH_kPQPijY_s8UReCBzINVQ4QMkNMSGskfF8RKuLLI-1KCfvO1BohPM-ems6ZVP4Kw&#038;oh=00_Af0NopK3zFInooHzq6446R7vcGaIMwInzegvT2b4lYYS0A&#038;oe=69EE94B6\">\n\t\t<a href=\"https:\/\/facebook.com\/205531219466641\" target=\"_blank\" rel=\"nofollow noopener\" ><img class=\"lazyload\" decoding=\"async\" src=\"data:image\/gif;base64,R0lGODlhAQABAAAAACH5BAEKAAEALAAAAAABAAEAAAICTAEAOw==\" data-orig-src=\"https:\/\/scontent-zrh1-1.xx.fbcdn.net\/v\/t39.30808-1\/277800339_325514729568071_2056318910839395881_n.jpg?stp=c341.0.1365.1365a_cp0_dst-jpg_s50x50_tt6&#038;_nc_cat=109&#038;ccb=1-7&#038;_nc_sid=f907e8&#038;_nc_ohc=po-lfdlOqXUQ7kNvwFRjtvo&#038;_nc_oc=Adr5Yxb2FIE24gglJVwKblRTEbzRUHQHZyoEkt733Pu9PokdEhMg4jiBUx88P7cdHzI&#038;_nc_zt=24&#038;_nc_ht=scontent-zrh1-1.xx&#038;edm=AKIiGfEEAAAA&#038;_nc_gid=Svytxv1HoKQSNI4dEpgQJQ&#038;_nc_tpa=Q5bMBQHONO9PllM0rH_kPQPijY_s8UReCBzINVQ4QMkNMSGskfF8RKuLLI-1KCfvO1BohPM-ems6ZVP4Kw&#038;oh=00_Af0NopK3zFInooHzq6446R7vcGaIMwInzegvT2b4lYYS0A&#038;oe=69EE94B6\" title=\"Musikkapelle Peter Mayr Pfeffersberg\" alt=\"Musikkapelle Peter Mayr Pfeffersberg\" width=40 height=40 onerror=\"this.style.display='none'\"><\/a>\n\t<\/div>\n<\/div>\n\n<div class=\"cff-post-text\" >\n\t<span class=\"cff-text\" data-color=\"\">\n\t\tUnser Ausschuss \u2013 das Herz hinter den Kulissen \ud83c\udfb6<img class=\"cff-linebreak\" \/><img class=\"cff-linebreak\" \/>Bevor bei der erste Ton erklingt, passiert im Hintergrund viel. Unser Ausschuss sorgt daf\u00fcr, dass Proben, Auftritte, Feste und das Vereinsleben rundlaufen \u2013 oft ganz still und selbstverst\u00e4ndlich.<img class=\"cff-linebreak\" \/><img class=\"cff-linebreak\" \/>Wir m\u00f6chten deshalb heute einmal Danke sagen an alle, die sich im Ausschuss engagieren:<img class=\"cff-linebreak\" \/><img class=\"cff-linebreak\" \/>\u2728 f\u00fcr euren unerm\u00fcdlichen Einsatz<img class=\"cff-linebreak\" \/>\u2728 f\u00fcr die Organisation und Planung<img class=\"cff-linebreak\" \/>\u2728 f\u00fcr eure Ideen und Entscheidungen<img class=\"cff-linebreak\" \/>\u2728 f\u00fcr die Betreuung unserer Jugend<img class=\"cff-linebreak\" \/>\u2728 f\u00fcr die Pflege von Instrumenten, Tracht und Probelokal<img class=\"cff-linebreak\" \/>\u2728 f\u00fcr die Verwaltung von Finanzen und Terminen<img class=\"cff-linebreak\" \/>\u2728 f\u00fcr die Vertretung unseres Vereins nach au\u00dfen<img class=\"cff-linebreak\" \/>\u2728 und f\u00fcr all die vielen Dinge, die man gar nicht immer sieht<img class=\"cff-linebreak\" \/><img class=\"cff-linebreak\" \/>Danke f\u00fcr euer Herzblut, eure Zeit und euren Zusammenhalt! \ud83d\udc9b\ud83c\udfba<img class=\"cff-linebreak\" \/><img class=\"cff-linebreak\" \/>obere Reihe (v.l.n.r): Sabine Reifer (Schriftf\u00fchrerin), Bernhard Reifer (Kapellmeister), Lorenz Hilpold (Zeugwart), Michael Reifer (Kassier), Markus Stockner (Obmann), Sebstian Hofer (Instrumentenwart), Marion Obexer (Notenarchivarin)<img class=\"cff-linebreak\" \/>untere Reihe (v.l.n.r): Mattia Kaltenhauser (Jugendleiter-Stellvertreter), Anna Hofer (Kapellmeister-Stellvertreterin), Katharina Hofer (Jugendleiterin), Elisa Stockner (Kassierin), Michaela Reifer (Marketing), Karin Obexer (Trachtenwartin), Klaus Schatzer (Obmann-Stellvertreter)<img class=\"cff-linebreak\" \/><img class=\"cff-linebreak\" \/>\ud83d\udcf8 @alfred_tschager_photography <img class=\"cff-linebreak\" \/><img class=\"cff-linebreak\" \/><a href=\"https:\/\/facebook.com\/498428906882207\">#musikkapelle<\/a> <a href=\"https:\/\/facebook.com\/1067601019999787\">#mkpfeffersberg<\/a> <a href=\"https:\/\/facebook.com\/192708047545964\">#musikverbindet<\/a> <a href=\"https:\/\/facebook.com\/585301321482410\">#dreamteam<\/a> <a href=\"https:\/\/facebook.com\/864442503618645\">#holzbl\u00e4ser<\/a> <a href=\"https:\/\/facebook.com\/510816688993039\">#blechbl\u00e4ser<\/a> <a href=\"https:\/\/facebook.com\/952356481515312\">#registerpower<\/a> <a href=\"https:\/\/facebook.com\/25465486346450423\">#kapelleimeinsatz<\/a> <a href=\"https:\/\/facebook.com\/146689445497061\">#VSM<\/a> <a href=\"https:\/\/facebook.com\/290242497772727\">#southtyrol<\/a> <a href=\"https:\/\/facebook.com\/25463518626579695\">#probenundspass<\/a> <a href=\"https:\/\/facebook.com\/274608679346270\">#musikfreunde<\/a> <a href=\"https:\/\/facebook.com\/632235386794652\">#MusikMitHerz<\/a> <a href=\"https:\/\/facebook.com\/34347733878159004\">#kapellenalltag<\/a>\t\t\t<\/span>\n\t<span class=\"cff-expand\">... <a href=\"#\" style=\"color: #\"><span class=\"cff-more\">Vedi altro<\/span><span class=\"cff-less\">Vedi meno<\/span><\/a><\/span>\n\n<\/div>\n\n<p class=\"cff-media-link\">\n\t<a href=\"https:\/\/www.facebook.com\/photo.php?fbid=1162603265859209&#038;set=a.325514679568076&#038;type=3\" target=\"_blank\" style=\"color: #\">\n\t\t<span style=\"padding-right: 5px;\" class=\"fa fas fa-picture-o fa-image\"><\/span>Foto\t<\/a>\n<\/p>\n\t<div class=\"cff-post-links\">\n\t\t\t\t\t<a class=\"cff-viewpost-facebook\" href=\"https:\/\/www.facebook.com\/photo.php?fbid=1162603265859209&#038;set=a.325514679568076&#038;type=3\" title=\"Auf Facebook anzeigen\" target=\"_blank\" rel=\"nofollow noopener\" >Auf Facebook anzeigen<\/a>\n\t\t\t\t\t\t\t<div class=\"cff-share-container\">\n\t\t\t\t\t\t\t\t\t<span class=\"cff-dot\" >&middot;<\/span>\n\t\t\t\t\t\t\t\t<a class=\"cff-share-link\" href=\"https:\/\/www.facebook.com\/sharer\/sharer.php?u=https%3A%2F%2Fwww.facebook.com%2Fphoto.php%3Ffbid%3D1162603265859209%26amp%3Bset%3Da.325514679568076%26amp%3Btype%3D3\" title=\"Teilen\" >Teilen<\/a>\n\t\t\t\t<p class=\"cff-share-tooltip\">\n\t\t\t\t\t\t\t\t\t\t\t<a href=\"https:\/\/www.facebook.com\/sharer\/sharer.php?u=https%3A%2F%2Fwww.facebook.com%2Fphoto.php%3Ffbid%3D1162603265859209%26amp%3Bset%3Da.325514679568076%26amp%3Btype%3D3\" target=\"_blank\" rel=\"noopener noreferrer\" class=\"cff-facebook-icon\">\n\t\t\t\t\t\t\t<span class=\"fa fab fa-facebook-square\" aria-hidden=\"true\"><\/span>\n\t\t\t\t\t\t\t<span class=\"cff-screenreader\">Condividi su Facebook<\/span>\n\t\t\t\t\t\t<\/a>\n\t\t\t\t\t\t\t\t\t\t\t<a href=\"https:\/\/twitter.com\/intent\/tweet?text=https%3A%2F%2Fwww.facebook.com%2Fphoto.php%3Ffbid%3D1162603265859209%26amp%3Bset%3Da.325514679568076%26amp%3Btype%3D3\" target=\"_blank\" rel=\"noopener noreferrer\" class=\"cff-twitter-icon\">\n\t\t\t\t\t\t\t<span class=\"fa fab fa-twitter\" aria-hidden=\"true\"><\/span>\n\t\t\t\t\t\t\t<span class=\"cff-screenreader\">Condividi su Twitter<\/span>\n\t\t\t\t\t\t<\/a>\n\t\t\t\t\t\t\t\t\t\t\t<a href=\"https:\/\/www.linkedin.com\/shareArticle?mini=true&#038;url=https%3A%2F%2Fwww.facebook.com%2Fphoto.php%3Ffbid%3D1162603265859209%26amp%3Bset%3Da.325514679568076%26amp%3Btype%3D3&#038;title=%09%09%09Unser%20Ausschuss%20%E2%80%93%20das%20Herz%20hinter%20den%20Kulissen%20%F0%9F%8E%B6Bevor%20bei%20der%20erste%20Ton%20erklingt%2C%20passiert%20im%20Hintergrund%20viel.%20Unser%20Ausschuss%20sorgt%20daf%C3%BCr%2C%20dass%20Proben%2C%20Auftritte%2C%20Feste%20und%20das%20Vereinsleben%20rundlaufen%20%E2%80%93%20oft%20ganz%20still%20und%20selbstverst%C3%A4ndlich.Wir%20m%C3%B6chten%20deshalb%20heute%20einmal%20Danke%20sagen%20an%20alle%2C%20die%20sich%20im%20Ausschuss%20engagieren%3A%E2%9C%A8%20f%C3%BCr%20euren%20unerm%C3%BCdlichen%20Einsatz%E2%9C%A8%20f%C3%BCr%20die%20Organisation%20und%20Planung%E2%9C%A8%20f%C3%BCr%20eure%20Ideen%20und%20Entscheidungen%E2%9C%A8%20f%C3%BCr%20die%20Betreuung%20unserer%20Jugend%E2%9C%A8%20f%C3%BCr%20die%20Pflege%20von%20Instrumenten%2C%20Tracht%20und%20Probelokal%E2%9C%A8%20f%C3%BCr%20die%20Verwaltung%20von%20Finanzen%20und%20Terminen%E2%9C%A8%20f%C3%BCr%20die%20Vertretung%20unseres%20Vereins%20nach%20au%C3%9Fen%E2%9C%A8%20und%20f%C3%BCr%20all%20die%20vielen%20Dinge%2C%20die%20man%20gar%20nicht%20immer%20siehtDanke%20f%C3%BCr%20euer%20Herzblut%2C%20eure%20Zeit%20und%20euren%20Zusammenhalt%21%20%F0%9F%92%9B%F0%9F%8E%BAobere%20Reihe%20%28v.l.n.r%29%3A%20Sabine%20Reifer%20%28Schriftf%C3%BChrerin%29%2C%20Bernhard%20Reifer%20%28Kapellmeister%29%2C%20Lorenz%20Hilpold%20%28Zeugwart%29%2C%20Michael%20Reifer%20%28Kassier%29%2C%20Markus%20Stockner%20%28Obmann%29%2C%20Sebstian%20Hofer%20%28Instrumentenwart%29%2C%20Marion%20Obexer%20%28Notenarchivarin%29untere%20Reihe%20%28v.l.n.r%29%3A%20Mattia%20Kaltenhauser%20%28Jugendleiter-Stellvertreter%29%2C%20Anna%20Hofer%20%28Kapellmeister-Stellvertreterin%29%2C%20Katharina%20Hofer%20%28Jugendleiterin%29%2C%20Elisa%20Stockner%20%28Kassierin%29%2C%20Michaela%20Reifer%20%28Marketing%29%2C%20Karin%20Obexer%20%28Trachtenwartin%29%2C%20Klaus%20Schatzer%20%28Obmann-Stellvertreter%29%F0%9F%93%B8%20%40alfred_tschager_photography%20%23musikkapelle%20%23mkpfeffersberg%20%23musikverbindet%20%23dreamteam%20%23holzbl%C3%A4ser%20%23blechbl%C3%A4ser%20%23registerpower%20%23kapelleimeinsatz%20%23VSM%20%23southtyrol%20%23probenundspass%20%23musikfreunde%20%23MusikMitHerz%20%23kapellenalltag%09%09%09%09\" target=\"_blank\" rel=\"noopener noreferrer\" class=\"cff-linkedin-icon\">\n\t\t\t\t\t\t\t<span class=\"fa fab fa-linkedin\" aria-hidden=\"true\"><\/span>\n\t\t\t\t\t\t\t<span class=\"cff-screenreader\">Condividi su LinkedIn<\/span>\n\t\t\t\t\t\t<\/a>\n\t\t\t\t\t\t\t\t\t\t\t<a href=\"mailto:?subject=Facebook&#038;body=https%3A%2F%2Fwww.facebook.com%2Fphoto.php%3Ffbid%3D1162603265859209%26amp%3Bset%3Da.325514679568076%26amp%3Btype%3D3%20-%20%0A%0A%09%0A%09%09Unser%20Ausschuss%20%E2%80%93%20das%20Herz%20hinter%20den%20Kulissen%20%F0%9F%8E%B6Bevor%20bei%20der%20erste%20Ton%20erklingt%2C%20passiert%20im%20Hintergrund%20viel.%20Unser%20Ausschuss%20sorgt%20daf%C3%BCr%2C%20dass%20Proben%2C%20Auftritte%2C%20Feste%20und%20das%20Vereinsleben%20rundlaufen%20%E2%80%93%20oft%20ganz%20still%20und%20selbstverst%C3%A4ndlich.Wir%20m%C3%B6chten%20deshalb%20heute%20einmal%20Danke%20sagen%20an%20alle%2C%20die%20sich%20im%20Ausschuss%20engagieren%3A%E2%9C%A8%20f%C3%BCr%20euren%20unerm%C3%BCdlichen%20Einsatz%E2%9C%A8%20f%C3%BCr%20die%20Organisation%20und%20Planung%E2%9C%A8%20f%C3%BCr%20eure%20Ideen%20und%20Entscheidungen%E2%9C%A8%20f%C3%BCr%20die%20Betreuung%20unserer%20Jugend%E2%9C%A8%20f%C3%BCr%20die%20Pflege%20von%20Instrumenten%2C%20Tracht%20und%20Probelokal%E2%9C%A8%20f%C3%BCr%20die%20Verwaltung%20von%20Finanzen%20und%20Terminen%E2%9C%A8%20f%C3%BCr%20die%20Vertretung%20unseres%20Vereins%20nach%20au%C3%9Fen%E2%9C%A8%20und%20f%C3%BCr%20all%20die%20vielen%20Dinge%2C%20die%20man%20gar%20nicht%20immer%20siehtDanke%20f%C3%BCr%20euer%20Herzblut%2C%20eure%20Zeit%20und%20euren%20Zusammenhalt%21%20%F0%9F%92%9B%F0%9F%8E%BAobere%20Reihe%20%28v.l.n.r%29%3A%20Sabine%20Reifer%20%28Schriftf%C3%BChrerin%29%2C%20Bernhard%20Reifer%20%28Kapellmeister%29%2C%20Lorenz%20Hilpold%20%28Zeugwart%29%2C%20Michael%20Reifer%20%28Kassier%29%2C%20Markus%20Stockner%20%28Obmann%29%2C%20Sebstian%20Hofer%20%28Instrumentenwart%29%2C%20Marion%20Obexer%20%28Notenarchivarin%29untere%20Reihe%20%28v.l.n.r%29%3A%20Mattia%20Kaltenhauser%20%28Jugendleiter-Stellvertreter%29%2C%20Anna%20Hofer%20%28Kapellmeister-Stellvertreterin%29%2C%20Katharina%20Hofer%20%28Jugendleiterin%29%2C%20Elisa%20Stockner%20%28Kassierin%29%2C%20Michaela%20Reifer%20%28Marketing%29%2C%20Karin%20Obexer%20%28Trachtenwartin%29%2C%20Klaus%20Schatzer%20%28Obmann-Stellvertreter%29%F0%9F%93%B8%20%40alfred_tschager_photography%20%23musikkapelle%20%23mkpfeffersberg%20%23musikverbindet%20%23dreamteam%20%23holzbl%C3%A4ser%20%23blechbl%C3%A4ser%20%23registerpower%20%23kapelleimeinsatz%20%23VSM%20%23southtyrol%20%23probenundspass%20%23musikfreunde%20%23MusikMitHerz%20%23kapellenalltag%09%09%09%0A%09\" target=\"_blank\" rel=\"noopener noreferrer\" class=\"cff-email-icon\">\n\t\t\t\t\t\t\t<span class=\"fa fab fa-envelope\" aria-hidden=\"true\"><\/span>\n\t\t\t\t\t\t\t<span class=\"cff-screenreader\">Condividi via email<\/span>\n\t\t\t\t\t\t<\/a>\n\t\t\t\t\t\t\t\t\t<\/p>\n\t\t\t<\/div>\n\t\t\t<\/div>\n\t<\/div>\n\n\n\n<\/div><input class=\"cff-pag-url\" type=\"hidden\" data-locatornonce=\"8e06910f63\" data-cff-shortcode=\"{&quot;feed&quot;: &quot;1&quot;}\" data-post-id=\"2242\" data-feed-id=\"205531219466641\"><\/div><\/div><div class=\"cff-clear\"><\/div><\/div><style type=\"text\/css\">\n#cff.cff-palette-1  .cff-item,\n#cff.cff-palette-1  .cff-item.cff-box,\n#cff.cff-palette-1  .cff-item.cff-box:first-child,\n#cff.cff-palette-1  .cff-album-item {\n  background-color: #F2E8D6;\n}\n#cff.cff-palette-1  .cff-comment .cff-comment-text p,\n#cff.cff-palette-1  .cff-album-info p,\n#cff.cff-palette-1  .cff-story,\n#cff.cff-palette-1  .cff-text {\n  color: #C5913E;\n}\n#cff.cff-palette-1  .cff-comment-date,\n#cff.cff-palette-1  .cff-text-link .cff-post-desc,\n#cff.cff-palette-1  .cff-link-caption,\n#cff.cff-palette-1  .cff-date {\n  color: #1A171B;\n}\n#cff.cff-palette-1  a,\n#cff.cff-palette-1  .cff-post-links a,\n#cff.cff-palette-1  a {\n  color: #C5913E;\n}\n<\/style>\n<\/div><\/div><\/div><\/div><\/div><\/p>\n","protected":false},"excerpt":{"rendered":"","protected":false},"author":1,"featured_media":0,"parent":0,"menu_order":0,"comment_status":"closed","ping_status":"closed","template":"100-width.php","meta":{"iawp_total_views":5,"footnotes":""},"class_list":["post-2242","page","type-page","status-publish","hentry"],"yoast_head":"<!-- This site is optimized with the Yoast SEO plugin v26.9 - https:\/\/yoast.com\/product\/yoast-seo-wordpress\/ -->\n<title>Ultime notizie \u266b Musikkapelle Peter Mayr Pfeffersberg<\/title>\n<meta name=\"description\" content=\"Le ultime novit\u00e0 del gruppo Peter Mayr Pfeffersberg sulla nostra bacheca social.\" \/>\n<meta name=\"robots\" content=\"index, follow, max-snippet:-1, max-image-preview:large, max-video-preview:-1\" \/>\n<link rel=\"canonical\" href=\"https:\/\/mkpfeffersberg.it\/it\/ultime-notizie\/\" \/>\n<meta property=\"og:locale\" content=\"it_IT\" \/>\n<meta property=\"og:type\" content=\"article\" \/>\n<meta property=\"og:title\" content=\"Ultime notizie \u266b Musikkapelle Peter Mayr Pfeffersberg\" \/>\n<meta property=\"og:description\" content=\"Le ultime novit\u00e0 del gruppo Peter Mayr Pfeffersberg sulla nostra bacheca social.\" \/>\n<meta property=\"og:url\" content=\"https:\/\/mkpfeffersberg.it\/it\/ultime-notizie\/\" \/>\n<meta property=\"og:site_name\" content=\"Musikkapelle Peter Mayr Pfeffersberg\" \/>\n<meta property=\"article:publisher\" content=\"https:\/\/www.facebook.com\/MusikkapellePeterMayrPfeffersberg\/\" \/>\n<meta property=\"article:modified_time\" content=\"2025-02-12T10:08:05+00:00\" \/>\n<meta name=\"twitter:card\" content=\"summary_large_image\" \/>\n<meta name=\"twitter:label1\" content=\"Tempo di lettura stimato\" \/>\n\t<meta name=\"twitter:data1\" content=\"10 minuti\" \/>\n<script type=\"application\/ld+json\" class=\"yoast-schema-graph\">{\"@context\":\"https:\/\/schema.org\",\"@graph\":[{\"@type\":\"WebPage\",\"@id\":\"https:\/\/mkpfeffersberg.it\/it\/ultime-notizie\/\",\"url\":\"https:\/\/mkpfeffersberg.it\/it\/ultime-notizie\/\",\"name\":\"Ultime notizie \u266b Musikkapelle Peter Mayr Pfeffersberg\",\"isPartOf\":{\"@id\":\"https:\/\/mkpfeffersberg.it\/it\/#website\"},\"datePublished\":\"2024-12-16T14:54:29+00:00\",\"dateModified\":\"2025-02-12T10:08:05+00:00\",\"description\":\"Le ultime novit\u00e0 del gruppo Peter Mayr Pfeffersberg sulla nostra bacheca social.\",\"breadcrumb\":{\"@id\":\"https:\/\/mkpfeffersberg.it\/it\/ultime-notizie\/#breadcrumb\"},\"inLanguage\":\"it-IT\",\"potentialAction\":[{\"@type\":\"ReadAction\",\"target\":[\"https:\/\/mkpfeffersberg.it\/it\/ultime-notizie\/\"]}]},{\"@type\":\"BreadcrumbList\",\"@id\":\"https:\/\/mkpfeffersberg.it\/it\/ultime-notizie\/#breadcrumb\",\"itemListElement\":[{\"@type\":\"ListItem\",\"position\":1,\"name\":\"Startseite\",\"item\":\"https:\/\/mkpfeffersberg.it\/it\/banda-musicale-peter-mayr-pfeffersberg\/\"},{\"@type\":\"ListItem\",\"position\":2,\"name\":\"Ultime notizie\"}]},{\"@type\":\"WebSite\",\"@id\":\"https:\/\/mkpfeffersberg.it\/it\/#website\",\"url\":\"https:\/\/mkpfeffersberg.it\/it\/\",\"name\":\"Musikkapelle Peter Mayr Pfeffersberg\",\"description\":\"\",\"publisher\":{\"@id\":\"https:\/\/mkpfeffersberg.it\/it\/#organization\"},\"potentialAction\":[{\"@type\":\"SearchAction\",\"target\":{\"@type\":\"EntryPoint\",\"urlTemplate\":\"https:\/\/mkpfeffersberg.it\/it\/?s={search_term_string}\"},\"query-input\":{\"@type\":\"PropertyValueSpecification\",\"valueRequired\":true,\"valueName\":\"search_term_string\"}}],\"inLanguage\":\"it-IT\"},{\"@type\":\"Organization\",\"@id\":\"https:\/\/mkpfeffersberg.it\/it\/#organization\",\"name\":\"Musikkapelle Peter Mayr Pfeffersberg\",\"url\":\"https:\/\/mkpfeffersberg.it\/it\/\",\"logo\":{\"@type\":\"ImageObject\",\"inLanguage\":\"it-IT\",\"@id\":\"https:\/\/mkpfeffersberg.it\/it\/#\/schema\/logo\/image\/\",\"url\":\"https:\/\/mkpfeffersberg.it\/wp-content\/uploads\/2024\/10\/Logo-MK-Pfeffersberg-small.png\",\"contentUrl\":\"https:\/\/mkpfeffersberg.it\/wp-content\/uploads\/2024\/10\/Logo-MK-Pfeffersberg-small.png\",\"width\":400,\"height\":296,\"caption\":\"Musikkapelle Peter Mayr Pfeffersberg\"},\"image\":{\"@id\":\"https:\/\/mkpfeffersberg.it\/it\/#\/schema\/logo\/image\/\"},\"sameAs\":[\"https:\/\/www.facebook.com\/MusikkapellePeterMayrPfeffersberg\/\",\"https:\/\/www.youtube.com\/playlist?list=PLPSQzZKdN2pOJah6TlRlTmyuWMPToh-Hs\",\"https:\/\/www.instagram.com\/mkpfeffersberg\/\"]}]}<\/script>\n<!-- \/ Yoast SEO plugin. -->","yoast_head_json":{"title":"Ultime notizie \u266b Musikkapelle Peter Mayr Pfeffersberg","description":"Le ultime novit\u00e0 del gruppo Peter Mayr Pfeffersberg sulla nostra bacheca social.","robots":{"index":"index","follow":"follow","max-snippet":"max-snippet:-1","max-image-preview":"max-image-preview:large","max-video-preview":"max-video-preview:-1"},"canonical":"https:\/\/mkpfeffersberg.it\/it\/ultime-notizie\/","og_locale":"it_IT","og_type":"article","og_title":"Ultime notizie \u266b Musikkapelle Peter Mayr Pfeffersberg","og_description":"Le ultime novit\u00e0 del gruppo Peter Mayr Pfeffersberg sulla nostra bacheca social.","og_url":"https:\/\/mkpfeffersberg.it\/it\/ultime-notizie\/","og_site_name":"Musikkapelle Peter Mayr Pfeffersberg","article_publisher":"https:\/\/www.facebook.com\/MusikkapellePeterMayrPfeffersberg\/","article_modified_time":"2025-02-12T10:08:05+00:00","twitter_card":"summary_large_image","twitter_misc":{"Tempo di lettura stimato":"10 minuti"},"schema":{"@context":"https:\/\/schema.org","@graph":[{"@type":"WebPage","@id":"https:\/\/mkpfeffersberg.it\/it\/ultime-notizie\/","url":"https:\/\/mkpfeffersberg.it\/it\/ultime-notizie\/","name":"Ultime notizie \u266b Musikkapelle Peter Mayr Pfeffersberg","isPartOf":{"@id":"https:\/\/mkpfeffersberg.it\/it\/#website"},"datePublished":"2024-12-16T14:54:29+00:00","dateModified":"2025-02-12T10:08:05+00:00","description":"Le ultime novit\u00e0 del gruppo Peter Mayr Pfeffersberg sulla nostra bacheca social.","breadcrumb":{"@id":"https:\/\/mkpfeffersberg.it\/it\/ultime-notizie\/#breadcrumb"},"inLanguage":"it-IT","potentialAction":[{"@type":"ReadAction","target":["https:\/\/mkpfeffersberg.it\/it\/ultime-notizie\/"]}]},{"@type":"BreadcrumbList","@id":"https:\/\/mkpfeffersberg.it\/it\/ultime-notizie\/#breadcrumb","itemListElement":[{"@type":"ListItem","position":1,"name":"Startseite","item":"https:\/\/mkpfeffersberg.it\/it\/banda-musicale-peter-mayr-pfeffersberg\/"},{"@type":"ListItem","position":2,"name":"Ultime notizie"}]},{"@type":"WebSite","@id":"https:\/\/mkpfeffersberg.it\/it\/#website","url":"https:\/\/mkpfeffersberg.it\/it\/","name":"Musikkapelle Peter Mayr Pfeffersberg","description":"","publisher":{"@id":"https:\/\/mkpfeffersberg.it\/it\/#organization"},"potentialAction":[{"@type":"SearchAction","target":{"@type":"EntryPoint","urlTemplate":"https:\/\/mkpfeffersberg.it\/it\/?s={search_term_string}"},"query-input":{"@type":"PropertyValueSpecification","valueRequired":true,"valueName":"search_term_string"}}],"inLanguage":"it-IT"},{"@type":"Organization","@id":"https:\/\/mkpfeffersberg.it\/it\/#organization","name":"Musikkapelle Peter Mayr Pfeffersberg","url":"https:\/\/mkpfeffersberg.it\/it\/","logo":{"@type":"ImageObject","inLanguage":"it-IT","@id":"https:\/\/mkpfeffersberg.it\/it\/#\/schema\/logo\/image\/","url":"https:\/\/mkpfeffersberg.it\/wp-content\/uploads\/2024\/10\/Logo-MK-Pfeffersberg-small.png","contentUrl":"https:\/\/mkpfeffersberg.it\/wp-content\/uploads\/2024\/10\/Logo-MK-Pfeffersberg-small.png","width":400,"height":296,"caption":"Musikkapelle Peter Mayr Pfeffersberg"},"image":{"@id":"https:\/\/mkpfeffersberg.it\/it\/#\/schema\/logo\/image\/"},"sameAs":["https:\/\/www.facebook.com\/MusikkapellePeterMayrPfeffersberg\/","https:\/\/www.youtube.com\/playlist?list=PLPSQzZKdN2pOJah6TlRlTmyuWMPToh-Hs","https:\/\/www.instagram.com\/mkpfeffersberg\/"]}]}},"_links":{"self":[{"href":"https:\/\/mkpfeffersberg.it\/it\/wp-json\/wp\/v2\/pages\/2242","targetHints":{"allow":["GET"]}}],"collection":[{"href":"https:\/\/mkpfeffersberg.it\/it\/wp-json\/wp\/v2\/pages"}],"about":[{"href":"https:\/\/mkpfeffersberg.it\/it\/wp-json\/wp\/v2\/types\/page"}],"author":[{"embeddable":true,"href":"https:\/\/mkpfeffersberg.it\/it\/wp-json\/wp\/v2\/users\/1"}],"replies":[{"embeddable":true,"href":"https:\/\/mkpfeffersberg.it\/it\/wp-json\/wp\/v2\/comments?post=2242"}],"version-history":[{"count":0,"href":"https:\/\/mkpfeffersberg.it\/it\/wp-json\/wp\/v2\/pages\/2242\/revisions"}],"wp:attachment":[{"href":"https:\/\/mkpfeffersberg.it\/it\/wp-json\/wp\/v2\/media?parent=2242"}],"curies":[{"name":"wp","href":"https:\/\/api.w.org\/{rel}","templated":true}]}}